{"id":20700,"date":"2024-02-02T14:04:13","date_gmt":"2024-02-02T17:04:13","guid":{"rendered":"https:\/\/www.mednet.com.ar\/?post_type=lp_course&#038;p=20700"},"modified":"2026-04-08T19:12:20","modified_gmt":"2026-04-08T22:12:20","slug":"actualizacion-en-cuidados-criticos-para-pediatras-2","status":"publish","type":"lp_course","link":"https:\/\/www.mednet.com.ar\/en\/cursos\/actualizacion-en-cuidados-criticos-para-pediatras-2\/","title":{"rendered":"Actualizaci\u00f3n en cuidados cr\u00edticos para pediatras"},"content":{"rendered":"\t\t<div data-elementor-type=\"wp-post\" data-elementor-id=\"20700\" class=\"elementor elementor-20700\">\n\t\t\t\t<div class=\"elementor-element elementor-element-18b05940 e-flex e-con-boxed e-con e-parent\" data-id=\"18b05940\" data-element_type=\"container\" data-e-type=\"container\">\n\t\t\t\t\t<div class=\"e-con-inner\">\n\t\t\t\t<div class=\"elementor-element elementor-element-104b8e3 elementor-widget elementor-widget-edublink-accordion\" data-id=\"104b8e3\" data-element_type=\"widget\" data-e-type=\"widget\" data-widget_type=\"edublink-accordion.default\">\n\t\t\t\t<div class=\"elementor-widget-container\">\n\t\t\t\t\t        <div class=\"eb-accordion header-default border-default style-default\">\n                            <div class=\"eb-accordion-item default-active elementor-repeater-item-f1a3179\">\n                    <h5                    class=\"eb-accordion-header default-active\">\n                        M\u00d3DULO 1                    <\/h5>                    <div class=\"eb-accordion-content\">\n                        <div class=\"eb-accordion-body default-active\">\n                            <div id=\"yui_3_18_1_1_1706894521213_23\" class=\"panel-heading\"><h5 id=\"yui_3_18_1_1_1706894521213_22\" class=\"panel-title\"><span style=\"color: #000000\">Resucitaci\u00f3n cardiopulmonar pedi\u00e1trica (RCP)<\/span><\/h5><\/div><ul class=\"edublink-ul-style-check\"><li><span style=\"color: #000000\">RCP b\u00e1sico. <em>Dra.<\/em> <em>Mariana Cyunel<\/em><\/span><\/li><li><span style=\"color: #000000\">RCP avanzado. <em>Dra.<\/em> <em>Mariana Cyunel<\/em><\/span><\/li><\/ul>                        <\/div>\n                    <\/div>\n                <\/div>\n                            <div class=\"eb-accordion-item elementor-repeater-item-bf7cf4b\">\n                    <h5                    class=\"eb-accordion-header\">\n                        M\u00d3DULO 2                    <\/h5>                    <div class=\"eb-accordion-content\">\n                        <div class=\"eb-accordion-body\">\n                            <div id=\"yui_3_18_1_1_1707078981549_23\" class=\"panel-heading\"><h5 id=\"yui_3_18_1_1_1707078981549_22\" class=\"panel-title\">Insuficiencia respiratoria y ventilaci\u00f3n mec\u00e1nica en Pediatr\u00eda<\/h5><\/div><ul class=\"edublink-ul-style-check\"><li><span id=\"page3R_mcid3\"><span dir=\"ltr\" role=\"presentation\">Insuficiencia respiratoria. <em>Dr.<\/em> <em>Ezequiel Monteverde\u00a0<\/em><\/span><\/span><span id=\"page3R_mcid3\"><\/span><\/li><li><span id=\"page3R_mcid3\"><span dir=\"ltr\" role=\"presentation\">Oxigenoterapia y manejo de la v\u00eda a\u00e9rea pedi\u00e1trica. <em>Dra.<\/em> <em>Rossana Poterala\u00a0<\/em><\/span><\/span><span id=\"page3R_mcid3\"><\/span><span id=\"page3R_mcid3\"><\/span><\/li><li><span id=\"page3R_mcid3\"><span dir=\"ltr\" role=\"presentation\">C\u00e1nula nasal de alto flujo y VNI en pediatr\u00eda. <i>Lic.<\/i>\u00a0<em>Alejandra Retta<\/em><\/span><\/span><\/li><li><span id=\"page3R_mcid3\"><\/span><span id=\"page3R_mcid3\"><span dir=\"ltr\" role=\"presentation\">Bronquiolitis\u00a0 y\u00a0 crisis\u00a0 asm\u00e1tica\u00a0 severa.\u00a0 Conceptos\u00a0 b\u00e1sicos\u00a0 sobre\u00a0 ventilaci\u00f3n\u00a0 mec\u00e1nica\u00a0 <\/span><\/span><span id=\"page3R_mcid3\"><span dir=\"ltr\" role=\"presentation\">invasiva. <em>Dr.<\/em> <em>Alejandro Gattari\u00a0<\/em><\/span><\/span><span id=\"page3R_mcid3\"><\/span><\/li><li><span id=\"page3R_mcid3\"><span dir=\"ltr\" role=\"presentation\">Fallo respiratorio agudo hipox\u00e9mico. Conceptos de ventilaci\u00f3n mec\u00e1nica invasiva. <em>Dr.<\/em> <em>Ezequiel<\/em>\u00a0\u00a0<\/span><\/span><em><span id=\"page3R_mcid3\"><span dir=\"ltr\" role=\"presentation\">Monteverde<\/span><\/span><\/em><\/li><\/ul>                        <\/div>\n                    <\/div>\n                <\/div>\n                            <div class=\"eb-accordion-item elementor-repeater-item-975c9db\">\n                    <h5                    class=\"eb-accordion-header\">\n                        M\u00d3DULO 3                    <\/h5>                    <div class=\"eb-accordion-content\">\n                        <div class=\"eb-accordion-body\">\n                            <div id=\"yui_3_18_1_1_1707078981549_34\" class=\"panel-heading\"><h5 id=\"yui_3_18_1_1_1707078981549_33\" class=\"panel-title\">Sepsis, Shock y Disfunci\u00f3n Org\u00e1nica M\u00faltiple<\/h5><\/div><ul class=\"edublink-ul-style-check\"><li><span id=\"page3R_mcid3\"><span dir=\"ltr\" role=\"presentation\">Generalidades de shock. <em>Dr. Ezequiel Monteverde\u00a0<\/em><\/span><\/span><span id=\"page3R_mcid3\"><\/span><\/li><li><span id=\"page3R_mcid3\"><span dir=\"ltr\" role=\"presentation\">Sepsis y shock s\u00e9ptico. <em>Dr. Alejandro Gattari<\/em><\/span><\/span><br \/><span id=\"page3R_mcid3\"><\/span><span id=\"page3R_mcid3\"><\/span><\/li><li><span id=\"page3R_mcid3\"><span dir=\"ltr\" role=\"presentation\">Monitoreo hemodin\u00e1mico. <em>Dra. Gladys Palacio<\/em>\u00a0\u00a0<\/span><\/span><span id=\"page3R_mcid3\"><\/span><\/li><li><span id=\"page3R_mcid3\"><span dir=\"ltr\" role=\"presentation\">Clase 4: Soporte hemodin\u00e1mico en el paciente con shock. <em>Dra. Gladys Palacio<\/em><\/span><\/span><\/li><\/ul>                        <\/div>\n                    <\/div>\n                <\/div>\n                            <div class=\"eb-accordion-item elementor-repeater-item-ad0ddea\">\n                    <h5                    class=\"eb-accordion-header\">\n                        M\u00d3DULO 4                    <\/h5>                    <div class=\"eb-accordion-content\">\n                        <div class=\"eb-accordion-body\">\n                            <div id=\"yui_3_18_1_1_1707078981549_34\" class=\"panel-heading\"><h5 id=\"yui_3_18_1_1_1707078981549_33\" class=\"panel-title\">Medio interno<\/h5><\/div><ul class=\"edublink-ul-style-check\"><li>Alteraciones del estado \u00e1cido base. <em>Dr. Ezequiel Monteverde\u00a0<\/em><\/li><li>Disnatremias. <em>Dr. Ezequiel Monteverde\u00a0\u00a0<\/em><\/li><li>Alteraciones del K, Ca y Mg. <em>Dra.<\/em> <em>Rossana Poterala\u00a0\u00a0<\/em><\/li><li>Cetoacidosis diab\u00e9tica. <em>Dr. Alejandro Gattari<\/em><\/li><\/ul>                        <\/div>\n                    <\/div>\n                <\/div>\n                            <div class=\"eb-accordion-item elementor-repeater-item-9dbab4f\">\n                    <h5                    class=\"eb-accordion-header\">\n                        M\u00d3DULO 5                    <\/h5>                    <div class=\"eb-accordion-content\">\n                        <div class=\"eb-accordion-body\">\n                            <div id=\"yui_3_18_1_1_1707078981549_34\" class=\"panel-heading\"><h5 id=\"yui_3_18_1_1_1707078981549_33\" class=\"panel-title\">Nefrol\u00f3gico<\/h5><\/div><ul class=\"edublink-ul-style-check\"><li id=\"yui_3_18_1_1_1707078981549_40\">Insuficiencia renal aguda. <em id=\"yui_3_18_1_1_1707078981549_39\">Dra. Rossana Poterala<\/em><\/li><li id=\"yui_3_18_1_1_1707078981549_44\">M\u00e9todos dial\u00edticos en la emergencia. <em id=\"yui_3_18_1_1_1707078981549_43\">Dr. Alejandro Gattari<\/em><\/li><\/ul>                        <\/div>\n                    <\/div>\n                <\/div>\n                            <div class=\"eb-accordion-item elementor-repeater-item-1298f31\">\n                    <h5                    class=\"eb-accordion-header\">\n                        M\u00d3DULO 6                    <\/h5>                    <div class=\"eb-accordion-content\">\n                        <div class=\"eb-accordion-body\">\n                            <div id=\"yui_3_18_1_1_1707078981549_34\" class=\"panel-heading\"><h5 id=\"yui_3_18_1_1_1707078981549_49\" class=\"panel-title\">Paciente neurocr\u00edtico<\/h5><\/div><ul class=\"edublink-ul-style-check\"><li>Status Convulsivo. <em>Dr. Alejandro Gattari\u00a0\u00a0<\/em><\/li><li>TEC. <em>Dr. Pablo Neira\u00a0\u00a0<\/em><\/li><li>Monitoreo en TEC. <em>Dr. Pablo Neira\u00a0\u00a0<\/em><\/li><li>Alteraci\u00f3n de la conciencia y coma. <em>Dr. Alejandro Gattari\u00a0\u00a0<\/em><\/li><li id=\"yui_3_18_1_1_1707078981549_45\">Manejo del paciente posquir\u00fargico de neurocirug\u00eda. <em>Dr. Ezequiel Monteverde<\/em><\/li><\/ul>                        <\/div>\n                    <\/div>\n                <\/div>\n                            <div class=\"eb-accordion-item elementor-repeater-item-01fca40\">\n                    <h5                    class=\"eb-accordion-header\">\n                        M\u00d3DULO 7                    <\/h5>                    <div class=\"eb-accordion-content\">\n                        <div class=\"eb-accordion-body\">\n                            <div id=\"yui_3_18_1_1_1707078981549_34\" class=\"panel-heading\"><h5 id=\"yui_3_18_1_1_1707078981549_33\" class=\"panel-title\">Cardiovascular<\/h5><\/div><ul class=\"edublink-ul-style-check\"><li>Arritmias: taquiarritmias y bradiarritmias. <em>Dra. Jessica Claus\u00a0<\/em><\/li><li>Insuficiencia card\u00edaca y s\u00edndrome de bajo gasto card\u00edaco. <em>Dr. Ezequiel Mart\u00ednez del Valle\u00a0\u00a0<\/em><\/li><li>Principio de uso de drogas vasoactivas. <em>Dra. Andrea Francavilla<\/em><\/li><li>Crisis hipertensiva. <em>Dra. Andrea Francavilla<\/em><\/li><\/ul>                        <\/div>\n                    <\/div>\n                <\/div>\n                            <div class=\"eb-accordion-item elementor-repeater-item-52f0364\">\n                    <h5                    class=\"eb-accordion-header\">\n                        M\u00d3DULO 8                    <\/h5>                    <div class=\"eb-accordion-content\">\n                        <div class=\"eb-accordion-body\">\n                            <div id=\"yui_3_18_1_1_1707078981549_34\" class=\"panel-heading\"><h5 id=\"yui_3_18_1_1_1707078981549_33\" class=\"panel-title\">Toxicolog\u00eda<\/h5><\/div><ul class=\"edublink-ul-style-check\"><li>Generalidades de intoxicaciones. <em>Dra. Patricia Cardoso<\/em><\/li><li>Intoxicaci\u00f3n por mon\u00f3xido. <em>Dra. Patricia Cardoso<\/em><\/li><li>Intoxicaci\u00f3n por humo. <em>Dr. Pablo Neira<\/em><\/li><\/ul>                        <\/div>\n                    <\/div>\n                <\/div>\n                            <div class=\"eb-accordion-item elementor-repeater-item-578d401\">\n                    <h5                    class=\"eb-accordion-header\">\n                        M\u00d3DULO 9                    <\/h5>                    <div class=\"eb-accordion-content\">\n                        <div class=\"eb-accordion-body\">\n                            <div id=\"yui_3_18_1_1_1707078981549_34\" class=\"panel-heading\"><h5 id=\"yui_3_18_1_1_1707078981549_33\" class=\"panel-title\">Trauma<\/h5><\/div><ul class=\"edublink-ul-style-check\"><li>Atenci\u00f3n inicial prehospitalaria del trauma. <em>Dr. Pablo Neira\u00a0<\/em><\/li><li>Atenci\u00f3n inicial Hospitalaria del trauma. <em>Dr. Pablo Neira\u00a0\u00a0<\/em><\/li><li>Atenci\u00f3n inicial del quemado. <em>Dra. Andrea Francavilla<\/em><\/li><\/ul>                        <\/div>\n                    <\/div>\n                <\/div>\n                            <div class=\"eb-accordion-item elementor-repeater-item-79c1485\">\n                    <h5                    class=\"eb-accordion-header\">\n                        BLOQUE FINAL                    <\/h5>                    <div class=\"eb-accordion-content\">\n                        <div class=\"eb-accordion-body\">\n                            <ul class=\"edublink-ul-style-check\"><li><span id=\"page3R_mcid3\"><span dir=\"ltr\" role=\"presentation\">Examen final m\u00faltiple choice<\/span><\/span><\/li><li><span id=\"page3R_mcid3\"><span dir=\"ltr\" role=\"presentation\">Encuesta de satisfacci\u00f3n<\/span><\/span><\/li><li><span id=\"page3R_mcid3\"><span dir=\"ltr\" role=\"presentation\">Descarga de certificados<\/span><\/span><span id=\"page3R_mcid3\"><\/span><\/li><\/ul>                        <\/div>\n                    <\/div>\n                <\/div>\n                    <\/div>\n        \t\t\t\t<\/div>\n\t\t\t\t<\/div>\n\t\t\t\t<div class=\"elementor-element elementor-element-265bfb5 elementor-widget elementor-widget-text-editor\" data-id=\"265bfb5\" data-element_type=\"widget\" data-e-type=\"widget\" data-widget_type=\"text-editor.default\">\n\t\t\t\t<div class=\"elementor-widget-container\">\n\t\t\t\t\t\t\t\t\t<p class=\"CC_UTI\" style=\"text-align: center;\"><a id=\"CC_UTI\" class=\"lp-button button edublink-button-item edublink-button-style-custom edublink-button-size-large edublink-button-icon-position-after\" style=\"width: 225px; font-size: 16px; text-transform: none; color: #181818;\" href=\"https:\/\/www.utiped.com.ar\/registro\/?utm_source=web_mednet&amp;utm_medium=boton_inscribirme&amp;utm_campaign=cuidados_criticos&amp;utm_id=968\">Inscribirme<i class=\"icon-4\"><\/i><\/a><\/p>\t\t\t\t\t\t\t\t<\/div>\n\t\t\t\t<\/div>\n\t\t\t\t\t<\/div>\n\t\t\t\t<\/div>\n\t\t<div class=\"elementor-element elementor-element-280d7dd e-flex e-con-boxed e-con e-parent\" data-id=\"280d7dd\" data-element_type=\"container\" data-e-type=\"container\">\n\t\t\t\t\t<div class=\"e-con-inner\">\n\t\t\t\t<div class=\"elementor-element elementor-element-d24a04c elementor-widget elementor-widget-html\" data-id=\"d24a04c\" data-element_type=\"widget\" data-e-type=\"widget\" data-widget_type=\"html.default\">\n\t\t\t\t<div class=\"elementor-widget-container\">\n\t\t\t\t\t<script type=\"text\/javascript\">\n    jQuery(document).ready(function($) {\n        \/\/ Selecciona los elementos espec\u00edficos dentro de las clases\n        var courseValueElements = $('.edublink-course-details-features-item.mdn_ars .edublink-course-feature-item-value, .edublink-course-details-features-item.mdn_usd .edublink-course-feature-item-value');\n\n        \/\/ Funci\u00f3n para formatear el n\u00famero con separador de miles\n        function numberWithDots(number) {\n            return number.toString().replace(\/\\B(?=(\\d{3})+(?!\\d))\/g, \".\");\n        }\n\n        \/\/ Itera sobre cada elemento seleccionado\n        courseValueElements.each(function() {\n            \/\/ Obtiene el texto del elemento actual\n            var courseValueText = $(this).text();\n\n            \/\/ Verifica si el car\u00e1cter \"|\" est\u00e1 presente\n            if (courseValueText.includes('|')) {\n                \/\/ Divide el texto usando el car\u00e1cter \"|\"\n                var values = courseValueText.split('|');\n\n                \/\/ Elimina espacios en blanco alrededor de los valores\n                var valueBefore = numberWithDots(values[0].trim());\n                var valueAfter = numberWithDots(values[1].trim());\n\n                \/\/ Realiza el c\u00e1lculo adicional\n                var result = Math.round((1 - (parseFloat(valueAfter.replace(\/\\.\/g, '')) \/ parseFloat(valueBefore.replace(\/\\.\/g, '')))) * 100);\n\n                \/\/ Crea un nuevo contenido con el formato deseado\n                var formattedContent = '<del>' + valueBefore + '<\/del> <strong style=\"color: #007DFF;\">' + valueAfter + '<\/strong> <strong style=\"color: #007DFF;\">(' + result + '% off)<\/strong>';\n\n                \/\/ Reemplaza el contenido del elemento con el nuevo formato\n                $(this).html(formattedContent);\n            } else {\n                \/\/ No hace nada si el car\u00e1cter \"|\" no est\u00e1 presente\n            }\n        });\n    });\n<\/script>\n\t\t\t\t<\/div>\n\t\t\t\t<\/div>\n\t\t\t\t<div class=\"elementor-element elementor-element-f18dfe2 elementor-widget elementor-widget-html\" data-id=\"f18dfe2\" data-element_type=\"widget\" data-e-type=\"widget\" data-widget_type=\"html.default\">\n\t\t\t\t<div class=\"elementor-widget-container\">\n\t\t\t\t\t<script type=\"text\/javascript\">\n    jQuery(document).ready(function($) {\n        \/\/ Obt\u00e9n la URL actual de la p\u00e1gina\n        var currentUrl = window.location.href;\n\n        \/\/ Construye la URL de WhatsApp con el texto personalizado\n        var whatsappUrl = 'whatsapp:\/\/send?text=Mir\u00e1 el curso que acabo de ver en Mednet: ' + currentUrl;\n\n        \/\/ Crea el bot\u00f3n de compartir en WhatsApp con estilos personalizados\n        var whatsappButton = '<li class=\"edublink-social-share-each-icon whatsapp\">' +\n                                '<a class=\"edublink-social-share-link\" href=\"' + whatsappUrl + '\" target=\"_blank\" title=\"Share on WhatsApp\">' +\n                                    '<i class=\"ri ri-whatsapp-line\" style=\"font-size: 24px; font-weight: bold;\"><\/i>' +\n                                '<\/a>' +\n                            '<\/li>';\n\n        \/\/ Agrega el bot\u00f3n al contenedor de botones de compartir\n        $('.edublink-social-share-icons-wrapper').append(whatsappButton);\n\n        \/\/ Agrega estilos para cambiar de color al hacer hover\n        $('.edublink-social-share-link').hover(\n            function() {\n                \/\/ Al hacer hover\n                $(this).find('i').css('color', '#ffffff'); \/\/ Cambia a blanco\n            },\n            function() {\n                \/\/ Al dejar de hacer hover\n                $(this).find('i').css('color', ''); \/\/ Vuelve al color normal (puedes ajustar esto seg\u00fan el color original)\n            }\n        );\n    });\n<\/script>\n\t\t\t\t<\/div>\n\t\t\t\t<\/div>\n\t\t\t\t<div class=\"elementor-element elementor-element-48c6326 elementor-widget elementor-widget-html\" data-id=\"48c6326\" data-element_type=\"widget\" data-e-type=\"widget\" data-widget_type=\"html.default\">\n\t\t\t\t<div class=\"elementor-widget-container\">\n\t\t\t\t\t<script type=\"text\/javascript\">\n    jQuery(document).ready(function($) {\n        \/\/ Obt\u00e9n el t\u00edtulo del curso\n        var courseTitle = $('.edublink-course-title h1.entry-title').text();\n\n        \/\/ Obt\u00e9n la URL actual de la p\u00e1gina\n        var currentUrl = window.location.href;\n\n        \/\/ Construye el enlace de correo electr\u00f3nico con el asunto y cuerpo personalizados\n        var mailtoLink = 'mailto:?subject=' + encodeURIComponent(courseTitle) + '&body=Mir\u00e1 el curso que acabo de ver en Mednet: ' + encodeURIComponent(currentUrl);\n\n        \/\/ Crea el bot\u00f3n de compartir por correo electr\u00f3nico con estilos personalizados\n        var mailButton = '<li class=\"edublink-social-share-each-icon mail\">' +\n                            '<a class=\"edublink-social-share-link\" href=\"' + mailtoLink + '\" title=\"Share via Email\">' +\n                                '<i class=\"ri-mail-line\" style=\"font-size: 22px; font-weight: bold;\"><\/i>' +\n                            '<\/a>' +\n                        '<\/li>';\n\n        \/\/ Agrega el bot\u00f3n al contenedor de botones de compartir\n        $('.edublink-social-share-icons-wrapper').append(mailButton);\n\n        \/\/ Agrega estilos para cambiar de color al hacer hover\n        $('.edublink-social-share-link').hover(\n            function() {\n                \/\/ Al hacer hover\n                $(this).find('i').css('color', '#ffffff'); \/\/ Cambia a blanco\n            },\n            function() {\n                \/\/ Al dejar de hacer hover\n                $(this).find('i').css('color', ''); \/\/ Vuelve al color normal (puedes ajustar esto seg\u00fan el color original)\n            }\n        );\n    });\n<\/script>\n\t\t\t\t<\/div>\n\t\t\t\t<\/div>\n\t\t\t\t\t<\/div>\n\t\t\t\t<\/div>\n\t\t<div class=\"elementor-element elementor-element-a0e2f6e e-flex e-con-boxed e-con e-parent\" data-id=\"a0e2f6e\" data-element_type=\"container\" data-e-type=\"container\">\n\t\t\t\t\t<div class=\"e-con-inner\">\n\t\t\t\t<div class=\"elementor-element elementor-element-02f4afa elementor-hidden-tablet elementor-hidden-mobile elementor-widget elementor-widget-image\" data-id=\"02f4afa\" data-element_type=\"widget\" data-e-type=\"widget\" data-widget_type=\"image.default\">\n\t\t\t\t<div class=\"elementor-widget-container\">\n\t\t\t\t\t\t\t\t\t\t\t\t\t\t\t\t<a href=\"https:\/\/api.whatsapp.com\/send?phone=5491128464954&#038;text=%C2%A1Hola!%20Quer\u00eda%20consultar%20por%20el%20descuento%20grupal%20para%20el%20Curso%20de%20Cuidados%20Cr\u00edticos\">\n\t\t\t\t\t\t\t<img fetchpriority=\"high\" decoding=\"async\" width=\"2048\" height=\"512\" src=\"https:\/\/www.mednet.com.ar\/wp-content\/uploads\/2026\/02\/becas_grupales-2048x512.jpg\" class=\"attachment-2048x2048 size-2048x2048 wp-image-33569\" alt=\"\" srcset=\"https:\/\/www.mednet.com.ar\/wp-content\/uploads\/2026\/02\/becas_grupales-2048x512.jpg 2048w, https:\/\/www.mednet.com.ar\/wp-content\/uploads\/2026\/02\/becas_grupales-300x75.jpg 300w, https:\/\/www.mednet.com.ar\/wp-content\/uploads\/2026\/02\/becas_grupales-1024x256.jpg 1024w, https:\/\/www.mednet.com.ar\/wp-content\/uploads\/2026\/02\/becas_grupales-768x192.jpg 768w, https:\/\/www.mednet.com.ar\/wp-content\/uploads\/2026\/02\/becas_grupales-1536x384.jpg 1536w, https:\/\/www.mednet.com.ar\/wp-content\/uploads\/2026\/02\/becas_grupales-18x5.jpg 18w\" sizes=\"(max-width: 2048px) 100vw, 2048px\" \/>\t\t\t\t\t\t\t\t<\/a>\n\t\t\t\t\t\t\t\t\t\t\t\t\t\t\t<\/div>\n\t\t\t\t<\/div>\n\t\t\t\t<div class=\"elementor-element elementor-element-d4a1a06 elementor-hidden-desktop elementor-widget elementor-widget-image\" data-id=\"d4a1a06\" data-element_type=\"widget\" data-e-type=\"widget\" data-widget_type=\"image.default\">\n\t\t\t\t<div class=\"elementor-widget-container\">\n\t\t\t\t\t\t\t\t\t\t\t\t\t\t\t\t<a href=\"https:\/\/api.whatsapp.com\/send?phone=5491128464954&#038;text=%C2%A1Hola!%20Quer\u00eda%20consultar%20por%20el%20descuento%20grupal%20para%20el%20Curso%20de%20Cuidados%20Cr\u00edticos\">\n\t\t\t\t\t\t\t<img decoding=\"async\" width=\"300\" height=\"300\" src=\"https:\/\/www.mednet.com.ar\/wp-content\/uploads\/2026\/02\/Piezas-Beca-BannerRRSS_OP2-1080x1080-1-300x300.jpg\" class=\"attachment-medium size-medium wp-image-33565\" alt=\"\" srcset=\"https:\/\/www.mednet.com.ar\/wp-content\/uploads\/2026\/02\/Piezas-Beca-BannerRRSS_OP2-1080x1080-1-300x300.jpg 300w, https:\/\/www.mednet.com.ar\/wp-content\/uploads\/2026\/02\/Piezas-Beca-BannerRRSS_OP2-1080x1080-1-1024x1024.jpg 1024w, https:\/\/www.mednet.com.ar\/wp-content\/uploads\/2026\/02\/Piezas-Beca-BannerRRSS_OP2-1080x1080-1-150x150.jpg 150w, https:\/\/www.mednet.com.ar\/wp-content\/uploads\/2026\/02\/Piezas-Beca-BannerRRSS_OP2-1080x1080-1-768x768.jpg 768w, https:\/\/www.mednet.com.ar\/wp-content\/uploads\/2026\/02\/Piezas-Beca-BannerRRSS_OP2-1080x1080-1-1536x1536.jpg 1536w, https:\/\/www.mednet.com.ar\/wp-content\/uploads\/2026\/02\/Piezas-Beca-BannerRRSS_OP2-1080x1080-1-2048x2048.jpg 2048w, https:\/\/www.mednet.com.ar\/wp-content\/uploads\/2026\/02\/Piezas-Beca-BannerRRSS_OP2-1080x1080-1-12x12.jpg 12w, https:\/\/www.mednet.com.ar\/wp-content\/uploads\/2026\/02\/Piezas-Beca-BannerRRSS_OP2-1080x1080-1-750x750.jpg 750w\" sizes=\"(max-width: 300px) 100vw, 300px\" \/>\t\t\t\t\t\t\t\t<\/a>\n\t\t\t\t\t\t\t\t\t\t\t\t\t\t\t<\/div>\n\t\t\t\t<\/div>\n\t\t\t\t\t<\/div>\n\t\t\t\t<\/div>\n\t\t<div class=\"elementor-element elementor-element-b81535b e-flex e-con-boxed e-con e-parent\" data-id=\"b81535b\" data-element_type=\"container\" data-e-type=\"container\">\n\t\t\t\t\t<div class=\"e-con-inner\">\n\t\t<div class=\"elementor-element elementor-element-145ebe1 e-con-full e-flex e-con e-child\" data-id=\"145ebe1\" data-element_type=\"container\" data-e-type=\"container\">\n\t\t\t\t<div class=\"elementor-element elementor-element-91352e1 elementor-widget elementor-widget-edublink-site-logo\" data-id=\"91352e1\" data-element_type=\"widget\" data-e-type=\"widget\" data-widget_type=\"edublink-site-logo.default\">\n\t\t\t\t<div class=\"elementor-widget-container\">\n\t\t\t\t\t<div class=\"edublink-site-logo-widget-container\"><span class=\"edublink-site-main-logo edublink-site-main-logo-type\"><a href=\"https:\/\/www.mednet.com.ar\" data-elementor-open-lightbox=\"\" class=\"elementor-clickable\"><img decoding=\"async\" alt=\"Logo-HNRG-celeste\" src=\"https:\/\/www.mednet.com.ar\/wp-content\/uploads\/2024\/02\/Logo-HNRG-celeste-150x150.png\"><\/a><\/span><\/div>\t\t\t\t<\/div>\n\t\t\t\t<\/div>\n\t\t\t\t<\/div>\n\t\t<div class=\"elementor-element elementor-element-b8d0042 e-con-full e-flex e-con e-child\" data-id=\"b8d0042\" data-element_type=\"container\" data-e-type=\"container\">\n\t\t\t\t<div class=\"elementor-element elementor-element-081556b elementor-widget elementor-widget-text-editor\" data-id=\"081556b\" data-element_type=\"widget\" data-e-type=\"widget\" data-widget_type=\"text-editor.default\">\n\t\t\t\t<div class=\"elementor-widget-container\">\n\t\t\t\t\t\t\t\t\t<p style=\"text-align: left;\">Un curso dictado por profesionales del <strong>Hospital de Ni\u00f1os Dr. Ricardo Guti\u00e9rrez (HNRG)<\/strong><\/p>\t\t\t\t\t\t\t\t<\/div>\n\t\t\t\t<\/div>\n\t\t\t\t<\/div>\n\t\t\t\t\t<\/div>\n\t\t\t\t<\/div>\n\t\t\t\t<\/div>\n\t\t","protected":false},"excerpt":{"rendered":"<p>Un curso destinado a pediatras y emergent\u00f3logos que se desempe\u00f1en en \u00e1reas de emergencias pedi\u00e1tricas y de adultos, intensivistas pedi\u00e1tricos, residentes de pediatr\u00eda, residentes de Terapia Intensiva Pedi\u00e1trica.<\/p>","protected":false},"author":1,"featured_media":31326,"comment_status":"closed","ping_status":"closed","template":"","course_category":[82],"course_tag":[73,75,76,77,98,79,80,81,97],"class_list":["post-20700","lp_course","type-lp_course","status-publish","has-post-thumbnail","hentry","course_category-medicina-interna-y-cuidados-intensivos","course_tag-capacitacion-online","course_tag-curso-medicina","course_tag-cursos","course_tag-cursos-online","course_tag-medicina-interna-y-cuidados-intensivos","course_tag-medicina-online","course_tag-mednet","course_tag-mednet-cursos","course_tag-pediatria","course"],"yoast_head":"<!-- This site is optimized with the Yoast SEO plugin v27.5 - https:\/\/yoast.com\/product\/yoast-seo-wordpress\/ -->\n<title>Actualizaci\u00f3n en cuidados cr\u00edticos para pediatras - Mednet<\/title>\n<meta name=\"description\" content=\"Destinado a: pediatras y emergent\u00f3logos que se desempe\u00f1en en \u00e1reas de emergencias pedi\u00e1tricas y de adultos, intensivistas pedi\u00e1tricos...\" \/>\n<meta name=\"robots\" content=\"index, follow, max-snippet:-1, max-image-preview:large, max-video-preview:-1\" \/>\n<link rel=\"canonical\" href=\"https:\/\/www.mednet.com.ar\/en\/cursos\/actualizacion-en-cuidados-criticos-para-pediatras-2\/\" \/>\n<meta property=\"og:locale\" content=\"en_US\" \/>\n<meta property=\"og:type\" content=\"article\" \/>\n<meta property=\"og:title\" content=\"Actualizaci\u00f3n en cuidados cr\u00edticos para pediatras - Mednet\" \/>\n<meta property=\"og:description\" content=\"Destinado a: pediatras y emergent\u00f3logos que se desempe\u00f1en en \u00e1reas de emergencias pedi\u00e1tricas y de adultos, intensivistas pedi\u00e1tricos...\" \/>\n<meta property=\"og:url\" content=\"https:\/\/www.mednet.com.ar\/en\/cursos\/actualizacion-en-cuidados-criticos-para-pediatras-2\/\" \/>\n<meta property=\"og:site_name\" content=\"Mednet\" \/>\n<meta property=\"article:publisher\" content=\"https:\/\/www.facebook.com\/MedNetla\/\" \/>\n<meta property=\"article:modified_time\" content=\"2026-04-08T22:12:20+00:00\" \/>\n<meta property=\"og:image\" content=\"https:\/\/www.mednet.com.ar\/wp-content\/uploads\/2024\/02\/cuidadoscriticos-1.webp\" \/>\n\t<meta property=\"og:image:width\" content=\"1200\" \/>\n\t<meta property=\"og:image:height\" content=\"800\" \/>\n\t<meta property=\"og:image:type\" content=\"image\/webp\" \/>\n<meta name=\"twitter:card\" content=\"summary_large_image\" \/>\n<meta name=\"twitter:label1\" content=\"Est. reading time\" \/>\n\t<meta name=\"twitter:data1\" content=\"3 minutes\" \/>\n<script type=\"application\/ld+json\" class=\"yoast-schema-graph\">{\"@context\":\"https:\\\/\\\/schema.org\",\"@graph\":[{\"@type\":\"WebPage\",\"@id\":\"https:\\\/\\\/www.mednet.com.ar\\\/cursos\\\/actualizacion-en-cuidados-criticos-para-pediatras-2\\\/\",\"url\":\"https:\\\/\\\/www.mednet.com.ar\\\/cursos\\\/actualizacion-en-cuidados-criticos-para-pediatras-2\\\/\",\"name\":\"Actualizaci\u00f3n en cuidados cr\u00edticos para pediatras - Mednet\",\"isPartOf\":{\"@id\":\"https:\\\/\\\/www.mednet.com.ar\\\/#website\"},\"primaryImageOfPage\":{\"@id\":\"https:\\\/\\\/www.mednet.com.ar\\\/cursos\\\/actualizacion-en-cuidados-criticos-para-pediatras-2\\\/#primaryimage\"},\"image\":{\"@id\":\"https:\\\/\\\/www.mednet.com.ar\\\/cursos\\\/actualizacion-en-cuidados-criticos-para-pediatras-2\\\/#primaryimage\"},\"thumbnailUrl\":\"https:\\\/\\\/www.mednet.com.ar\\\/wp-content\\\/uploads\\\/2024\\\/02\\\/cuidadoscriticos-1.webp\",\"datePublished\":\"2024-02-02T17:04:13+00:00\",\"dateModified\":\"2026-04-08T22:12:20+00:00\",\"description\":\"Destinado a: pediatras y emergent\u00f3logos que se desempe\u00f1en en \u00e1reas de emergencias pedi\u00e1tricas y de adultos, intensivistas pedi\u00e1tricos...\",\"breadcrumb\":{\"@id\":\"https:\\\/\\\/www.mednet.com.ar\\\/cursos\\\/actualizacion-en-cuidados-criticos-para-pediatras-2\\\/#breadcrumb\"},\"inLanguage\":\"en-US\",\"potentialAction\":[{\"@type\":\"ReadAction\",\"target\":[\"https:\\\/\\\/www.mednet.com.ar\\\/cursos\\\/actualizacion-en-cuidados-criticos-para-pediatras-2\\\/\"]}]},{\"@type\":\"ImageObject\",\"inLanguage\":\"en-US\",\"@id\":\"https:\\\/\\\/www.mednet.com.ar\\\/cursos\\\/actualizacion-en-cuidados-criticos-para-pediatras-2\\\/#primaryimage\",\"url\":\"https:\\\/\\\/www.mednet.com.ar\\\/wp-content\\\/uploads\\\/2024\\\/02\\\/cuidadoscriticos-1.webp\",\"contentUrl\":\"https:\\\/\\\/www.mednet.com.ar\\\/wp-content\\\/uploads\\\/2024\\\/02\\\/cuidadoscriticos-1.webp\",\"width\":1200,\"height\":800},{\"@type\":\"BreadcrumbList\",\"@id\":\"https:\\\/\\\/www.mednet.com.ar\\\/cursos\\\/actualizacion-en-cuidados-criticos-para-pediatras-2\\\/#breadcrumb\",\"itemListElement\":[{\"@type\":\"ListItem\",\"position\":1,\"name\":\"Portada\",\"item\":\"https:\\\/\\\/www.mednet.com.ar\\\/\"},{\"@type\":\"ListItem\",\"position\":2,\"name\":\"Courses\",\"item\":\"https:\\\/\\\/www.mednet.com.ar\\\/cursos-2\\\/\"},{\"@type\":\"ListItem\",\"position\":3,\"name\":\"Actualizaci\u00f3n en cuidados cr\u00edticos para pediatras\"}]},{\"@type\":\"WebSite\",\"@id\":\"https:\\\/\\\/www.mednet.com.ar\\\/#website\",\"url\":\"https:\\\/\\\/www.mednet.com.ar\\\/\",\"name\":\"Mednet\",\"description\":\"Capacitaciones Online\",\"publisher\":{\"@id\":\"https:\\\/\\\/www.mednet.com.ar\\\/#organization\"},\"potentialAction\":[{\"@type\":\"SearchAction\",\"target\":{\"@type\":\"EntryPoint\",\"urlTemplate\":\"https:\\\/\\\/www.mednet.com.ar\\\/?s={search_term_string}\"},\"query-input\":{\"@type\":\"PropertyValueSpecification\",\"valueRequired\":true,\"valueName\":\"search_term_string\"}}],\"inLanguage\":\"en-US\"},{\"@type\":\"Organization\",\"@id\":\"https:\\\/\\\/www.mednet.com.ar\\\/#organization\",\"name\":\"Mednet\",\"url\":\"https:\\\/\\\/www.mednet.com.ar\\\/\",\"logo\":{\"@type\":\"ImageObject\",\"inLanguage\":\"en-US\",\"@id\":\"https:\\\/\\\/www.mednet.com.ar\\\/#\\\/schema\\\/logo\\\/image\\\/\",\"url\":\"https:\\\/\\\/www.mednet.com.ar\\\/wp-content\\\/uploads\\\/2025\\\/02\\\/cropped-logo-mednet-capacitaciones-online-rb.png\",\"contentUrl\":\"https:\\\/\\\/www.mednet.com.ar\\\/wp-content\\\/uploads\\\/2025\\\/02\\\/cropped-logo-mednet-capacitaciones-online-rb.png\",\"width\":376,\"height\":150,\"caption\":\"Mednet\"},\"image\":{\"@id\":\"https:\\\/\\\/www.mednet.com.ar\\\/#\\\/schema\\\/logo\\\/image\\\/\"},\"sameAs\":[\"https:\\\/\\\/www.facebook.com\\\/MedNetla\\\/\",\"https:\\\/\\\/www.instagram.com\\\/mednetla\\\/\",\"https:\\\/\\\/ar.linkedin.com\\\/company\\\/mednet-capacitaciones-online\"]}]}<\/script>\n<!-- \/ Yoast SEO plugin. -->","yoast_head_json":{"title":"Actualizaci\u00f3n en cuidados cr\u00edticos para pediatras - Mednet","description":"Destinado a: pediatras y emergent\u00f3logos que se desempe\u00f1en en \u00e1reas de emergencias pedi\u00e1tricas y de adultos, intensivistas pedi\u00e1tricos...","robots":{"index":"index","follow":"follow","max-snippet":"max-snippet:-1","max-image-preview":"max-image-preview:large","max-video-preview":"max-video-preview:-1"},"canonical":"https:\/\/www.mednet.com.ar\/en\/cursos\/actualizacion-en-cuidados-criticos-para-pediatras-2\/","og_locale":"en_US","og_type":"article","og_title":"Actualizaci\u00f3n en cuidados cr\u00edticos para pediatras - Mednet","og_description":"Destinado a: pediatras y emergent\u00f3logos que se desempe\u00f1en en \u00e1reas de emergencias pedi\u00e1tricas y de adultos, intensivistas pedi\u00e1tricos...","og_url":"https:\/\/www.mednet.com.ar\/en\/cursos\/actualizacion-en-cuidados-criticos-para-pediatras-2\/","og_site_name":"Mednet","article_publisher":"https:\/\/www.facebook.com\/MedNetla\/","article_modified_time":"2026-04-08T22:12:20+00:00","og_image":[{"width":1200,"height":800,"url":"https:\/\/www.mednet.com.ar\/wp-content\/uploads\/2024\/02\/cuidadoscriticos-1.webp","type":"image\/webp"}],"twitter_card":"summary_large_image","twitter_misc":{"Est. reading time":"3 minutes"},"schema":{"@context":"https:\/\/schema.org","@graph":[{"@type":"WebPage","@id":"https:\/\/www.mednet.com.ar\/cursos\/actualizacion-en-cuidados-criticos-para-pediatras-2\/","url":"https:\/\/www.mednet.com.ar\/cursos\/actualizacion-en-cuidados-criticos-para-pediatras-2\/","name":"Actualizaci\u00f3n en cuidados cr\u00edticos para pediatras - Mednet","isPartOf":{"@id":"https:\/\/www.mednet.com.ar\/#website"},"primaryImageOfPage":{"@id":"https:\/\/www.mednet.com.ar\/cursos\/actualizacion-en-cuidados-criticos-para-pediatras-2\/#primaryimage"},"image":{"@id":"https:\/\/www.mednet.com.ar\/cursos\/actualizacion-en-cuidados-criticos-para-pediatras-2\/#primaryimage"},"thumbnailUrl":"https:\/\/www.mednet.com.ar\/wp-content\/uploads\/2024\/02\/cuidadoscriticos-1.webp","datePublished":"2024-02-02T17:04:13+00:00","dateModified":"2026-04-08T22:12:20+00:00","description":"Destinado a: pediatras y emergent\u00f3logos que se desempe\u00f1en en \u00e1reas de emergencias pedi\u00e1tricas y de adultos, intensivistas pedi\u00e1tricos...","breadcrumb":{"@id":"https:\/\/www.mednet.com.ar\/cursos\/actualizacion-en-cuidados-criticos-para-pediatras-2\/#breadcrumb"},"inLanguage":"en-US","potentialAction":[{"@type":"ReadAction","target":["https:\/\/www.mednet.com.ar\/cursos\/actualizacion-en-cuidados-criticos-para-pediatras-2\/"]}]},{"@type":"ImageObject","inLanguage":"en-US","@id":"https:\/\/www.mednet.com.ar\/cursos\/actualizacion-en-cuidados-criticos-para-pediatras-2\/#primaryimage","url":"https:\/\/www.mednet.com.ar\/wp-content\/uploads\/2024\/02\/cuidadoscriticos-1.webp","contentUrl":"https:\/\/www.mednet.com.ar\/wp-content\/uploads\/2024\/02\/cuidadoscriticos-1.webp","width":1200,"height":800},{"@type":"BreadcrumbList","@id":"https:\/\/www.mednet.com.ar\/cursos\/actualizacion-en-cuidados-criticos-para-pediatras-2\/#breadcrumb","itemListElement":[{"@type":"ListItem","position":1,"name":"Portada","item":"https:\/\/www.mednet.com.ar\/"},{"@type":"ListItem","position":2,"name":"Courses","item":"https:\/\/www.mednet.com.ar\/cursos-2\/"},{"@type":"ListItem","position":3,"name":"Actualizaci\u00f3n en cuidados cr\u00edticos para pediatras"}]},{"@type":"WebSite","@id":"https:\/\/www.mednet.com.ar\/#website","url":"https:\/\/www.mednet.com.ar\/","name":"Mednet","description":"Capacitaciones Online","publisher":{"@id":"https:\/\/www.mednet.com.ar\/#organization"},"potentialAction":[{"@type":"SearchAction","target":{"@type":"EntryPoint","urlTemplate":"https:\/\/www.mednet.com.ar\/?s={search_term_string}"},"query-input":{"@type":"PropertyValueSpecification","valueRequired":true,"valueName":"search_term_string"}}],"inLanguage":"en-US"},{"@type":"Organization","@id":"https:\/\/www.mednet.com.ar\/#organization","name":"Mednet","url":"https:\/\/www.mednet.com.ar\/","logo":{"@type":"ImageObject","inLanguage":"en-US","@id":"https:\/\/www.mednet.com.ar\/#\/schema\/logo\/image\/","url":"https:\/\/www.mednet.com.ar\/wp-content\/uploads\/2025\/02\/cropped-logo-mednet-capacitaciones-online-rb.png","contentUrl":"https:\/\/www.mednet.com.ar\/wp-content\/uploads\/2025\/02\/cropped-logo-mednet-capacitaciones-online-rb.png","width":376,"height":150,"caption":"Mednet"},"image":{"@id":"https:\/\/www.mednet.com.ar\/#\/schema\/logo\/image\/"},"sameAs":["https:\/\/www.facebook.com\/MedNetla\/","https:\/\/www.instagram.com\/mednetla\/","https:\/\/ar.linkedin.com\/company\/mednet-capacitaciones-online"]}]}},"_links":{"self":[{"href":"https:\/\/www.mednet.com.ar\/en\/wp-json\/wp\/v2\/lp_course\/20700","targetHints":{"allow":["GET"]}}],"collection":[{"href":"https:\/\/www.mednet.com.ar\/en\/wp-json\/wp\/v2\/lp_course"}],"about":[{"href":"https:\/\/www.mednet.com.ar\/en\/wp-json\/wp\/v2\/types\/lp_course"}],"author":[{"embeddable":true,"href":"https:\/\/www.mednet.com.ar\/en\/wp-json\/wp\/v2\/users\/1"}],"replies":[{"embeddable":true,"href":"https:\/\/www.mednet.com.ar\/en\/wp-json\/wp\/v2\/comments?post=20700"}],"version-history":[{"count":174,"href":"https:\/\/www.mednet.com.ar\/en\/wp-json\/wp\/v2\/lp_course\/20700\/revisions"}],"predecessor-version":[{"id":33754,"href":"https:\/\/www.mednet.com.ar\/en\/wp-json\/wp\/v2\/lp_course\/20700\/revisions\/33754"}],"wp:featuredmedia":[{"embeddable":true,"href":"https:\/\/www.mednet.com.ar\/en\/wp-json\/wp\/v2\/media\/31326"}],"wp:attachment":[{"href":"https:\/\/www.mednet.com.ar\/en\/wp-json\/wp\/v2\/media?parent=20700"}],"wp:term":[{"taxonomy":"course_category","embeddable":true,"href":"https:\/\/www.mednet.com.ar\/en\/wp-json\/wp\/v2\/course_category?post=20700"},{"taxonomy":"course_tag","embeddable":true,"href":"https:\/\/www.mednet.com.ar\/en\/wp-json\/wp\/v2\/course_tag?post=20700"}],"curies":[{"name":"wp","href":"https:\/\/api.w.org\/{rel}","templated":true}]}}