{"id":21356,"date":"2024-02-08T13:27:53","date_gmt":"2024-02-08T16:27:53","guid":{"rendered":"https:\/\/www.mednet.com.ar\/?post_type=lp_course&#038;p=21356"},"modified":"2025-07-10T10:32:27","modified_gmt":"2025-07-10T13:32:27","slug":"el-vacunatorio-en-el-dia-a-dia","status":"publish","type":"lp_course","link":"https:\/\/www.mednet.com.ar\/en\/cursos\/el-vacunatorio-en-el-dia-a-dia\/","title":{"rendered":"XV Curso &#8220;El vacunatorio en el d\u00eda a d\u00eda&#8221;"},"content":{"rendered":"\t\t<div data-elementor-type=\"wp-post\" data-elementor-id=\"21356\" class=\"elementor elementor-21356\">\n\t\t\t\t<div class=\"elementor-element elementor-element-18b05940 e-flex e-con-boxed e-con e-parent\" data-id=\"18b05940\" data-element_type=\"container\" data-e-type=\"container\">\n\t\t\t\t\t<div class=\"e-con-inner\">\n\t\t\t\t<div class=\"elementor-element elementor-element-701f708 elementor-widget elementor-widget-text-editor\" data-id=\"701f708\" data-element_type=\"widget\" data-e-type=\"widget\" data-widget_type=\"text-editor.default\">\n\t\t\t\t<div class=\"elementor-widget-container\">\n\t\t\t\t\t\t\t\t\t<h5><strong>Capacitaci\u00f3n intensiva para vacunadores y vacunadoras- Nivel local<\/strong><\/h5><h3>Objetivos<\/h3><div id=\"yui_3_18_1_1_1707401479222_24\" class=\"panel panel-default\"><div id=\"yui_3_18_1_1_1707401479222_23\" class=\"panel-body\"><div id=\"yui_3_18_1_1_1707402806005_25\" class=\"panel panel-default\"><div id=\"yui_3_18_1_1_1707402806005_24\" class=\"panel-body\"><div id=\"yui_3_18_1_1_1707405675300_42\" class=\"span6\"><p>Se trata de un curso destinado a capacitar en la actividad del d\u00eda a d\u00eda en el\u00a0Vacunatorio. Esta \u00faltima\u00a0ha experimentado en los \u00faltimos a\u00f1os profundos\u00a0y muy importantes cambios, como la incorporaci\u00f3n de nuevas vacunas y estrategias de prevenci\u00f3n; cambios en los Calendarios; la realizaci\u00f3n de campa\u00f1as; la incorporaci\u00f3n de grupos de riesgo y situaciones especiales. Lo cual vuelve imperativo poner al alcance de los efectores un medio adecuado de\u00a0capacitaci\u00f3n que sea \u00e1gil y accesible y que permita actualizarlos en forma\u00a0intensiva y con rigurosidad cient\u00edfica.<br \/><br \/><strong>Inscripciones abiertas hasta el 4 de abril de 2024<\/strong><\/p><\/div><\/div><\/div><\/div><\/div>\t\t\t\t\t\t\t\t<\/div>\n\t\t\t\t<\/div>\n\t\t\t\t<div class=\"elementor-element elementor-element-104b8e3 elementor-widget elementor-widget-edublink-accordion\" data-id=\"104b8e3\" data-element_type=\"widget\" data-e-type=\"widget\" data-widget_type=\"edublink-accordion.default\">\n\t\t\t\t<div class=\"elementor-widget-container\">\n\t\t\t\t\t        <div class=\"eb-accordion header-default border-default style-default\">\n                            <div class=\"eb-accordion-item default-active elementor-repeater-item-6857f97\">\n                    <h5                    class=\"eb-accordion-header default-active\">\n                        M\u00d3DULO 1                    <\/h5>                    <div class=\"eb-accordion-content\">\n                        <div class=\"eb-accordion-body default-active\">\n                            <div id=\"yui_3_18_1_1_1706894521213_23\" class=\"panel-heading\"><div id=\"yui_3_18_1_1_1707094742010_25\" class=\"panel panel-primary\"><div id=\"yui_3_18_1_1_1707094742010_24\" class=\"panel-body\"><div id=\"yui_3_18_1_1_1707398903780_24\" class=\"panel panel-primary\"><div id=\"yui_3_18_1_1_1707398903780_23\" class=\"panel-body\"><div id=\"yui_3_18_1_1_1707401976673_36\" class=\"panel panel-primary\"><div id=\"yui_3_18_1_1_1707401976673_35\"><h5>Generalidades<\/h5><h5>Bases inmunol\u00f3gicas de las vacunas<\/h5><h5 id=\"yui_3_18_1_1_1707406021806_23\">Seguridad en vacunas<\/h5><\/div><\/div><div class=\"panel panel-primary\"><div class=\"panel-heading\"><ul class=\"edublink-ul-style-check\"><li><p id=\"yui_3_18_1_1_1707404635585_32\"><span id=\"yui_3_18_1_1_1707404635585_31\"><em id=\"yui_3_18_1_1_1707406021806_33\">Docente: Andrea Uboldi<\/em><\/span><\/p><\/li><\/ul><\/div><\/div><div id=\"yui_3_18_1_1_1707398903780_23\" class=\"panel-body\"><div id=\"yui_3_18_1_1_1707401976673_36\" class=\"panel panel-primary\"><div id=\"yui_3_18_1_1_1707401976673_35\">\u00a0<\/div><\/div><div id=\"yui_3_18_1_1_1707398903780_23\" class=\"panel-body\"><div id=\"yui_3_18_1_1_1707398903780_23\" class=\"panel-body\"><div class=\"panel panel-primary\"><div class=\"panel-heading\">\u00a0<\/div><\/div><\/div><\/div><\/div><\/div><\/div><\/div><\/div><\/div>                        <\/div>\n                    <\/div>\n                <\/div>\n                            <div class=\"eb-accordion-item elementor-repeater-item-18f8724\">\n                    <h5                    class=\"eb-accordion-header\">\n                        M\u00d3DULO 2                    <\/h5>                    <div class=\"eb-accordion-content\">\n                        <div class=\"eb-accordion-body\">\n                            <div id=\"yui_3_18_1_1_1706894521213_23\" class=\"panel-heading\"><div id=\"yui_3_18_1_1_1707094742010_25\" class=\"panel panel-primary\"><div id=\"yui_3_18_1_1_1707094742010_24\" class=\"panel-body\"><div id=\"yui_3_18_1_1_1707398903780_24\" class=\"panel panel-primary\"><div id=\"yui_3_18_1_1_1707398903780_23\" class=\"panel-body\"><div id=\"yui_3_18_1_1_1707401976673_36\" class=\"panel panel-primary\"><div id=\"yui_3_18_1_1_1707401976673_35\"><h5 style=\"font-weight: 700 !important\">T\u00e9cnicas de Administraci\u00f3n<\/h5><h5 style=\"font-weight: 700 !important\">Cadena de Fr\u00edo<\/h5><h5 style=\"font-weight: 700 !important\">Almacenamiento<\/h5><\/div><\/div><div class=\"panel panel-primary\"><div class=\"panel-heading\"><div id=\"yui_3_18_1_1_1707404635585_37\" class=\"panel panel-primary\"><div id=\"yui_3_18_1_1_1707404635585_36\"><ul class=\"edublink-ul-style-check\"><li id=\"yui_3_18_1_1_1707404635585_32\"><div id=\"yui_3_18_1_1_1707406021806_38\" class=\"panel panel-info\"><div id=\"yui_3_18_1_1_1707406021806_37\" class=\"panel-body\"><p id=\"yui_3_18_1_1_1707406021806_43\"><span id=\"yui_3_18_1_1_1707406021806_42\"><span id=\"yui_3_18_1_1_1707406021806_41\"><em id=\"yui_3_18_1_1_1707406021806_40\"><span id=\"yui_3_18_1_1_1707406021806_39\">Docentes: Elizabeth Beltr\u00e1n, Mariela Cabrera<\/span><\/em><br \/><\/span><\/span><\/p><\/div><\/div><\/li><\/ul><\/div><\/div><\/div><\/div><\/div><\/div><\/div><\/div><\/div>                        <\/div>\n                    <\/div>\n                <\/div>\n                            <div class=\"eb-accordion-item elementor-repeater-item-cefdc54\">\n                    <h5                    class=\"eb-accordion-header\">\n                        M\u00d3DULO 3                    <\/h5>                    <div class=\"eb-accordion-content\">\n                        <div class=\"eb-accordion-body\">\n                            <div id=\"yui_3_18_1_1_1706894521213_23\" class=\"panel-heading\"><div id=\"yui_3_18_1_1_1707094742010_25\" class=\"panel panel-primary\"><div id=\"yui_3_18_1_1_1707094742010_24\" class=\"panel-body\"><div id=\"yui_3_18_1_1_1707398903780_24\" class=\"panel panel-primary\"><div id=\"yui_3_18_1_1_1707398903780_23\" class=\"panel-body\"><div id=\"yui_3_18_1_1_1707401976673_36\" class=\"panel panel-primary\"><div id=\"yui_3_18_1_1_1707401976673_35\"><h5 id=\"yui_3_18_1_1_1707406021806_45\">Vacunas COVID-19<\/h5><\/div><\/div><div class=\"panel panel-primary\"><div class=\"panel-heading\"><ul class=\"edublink-ul-style-check\"><li><div id=\"yui_3_18_1_1_1707406021806_47\" class=\"panel panel-info\"><div id=\"yui_3_18_1_1_1707406021806_46\"><p id=\"yui_3_18_1_1_1707406021806_49\"><em id=\"yui_3_18_1_1_1707406021806_48\">Docentes: Vanesa Castellano, Angela Gentile<\/em><\/p><\/div><\/div><\/li><\/ul><\/div><\/div><\/div><\/div><\/div><\/div><\/div>                        <\/div>\n                    <\/div>\n                <\/div>\n                            <div class=\"eb-accordion-item elementor-repeater-item-4db5982\">\n                    <h5                    class=\"eb-accordion-header\">\n                        M\u00d3DULO 4                    <\/h5>                    <div class=\"eb-accordion-content\">\n                        <div class=\"eb-accordion-body\">\n                            <div id=\"yui_3_18_1_1_1706894521213_23\" class=\"panel-heading\"><div id=\"yui_3_18_1_1_1707094742010_25\" class=\"panel panel-primary\"><div id=\"yui_3_18_1_1_1707094742010_24\" class=\"panel-body\"><div id=\"yui_3_18_1_1_1707398903780_24\" class=\"panel panel-primary\"><div id=\"yui_3_18_1_1_1707398903780_23\" class=\"panel-body\"><div id=\"yui_3_18_1_1_1707401976673_36\" class=\"panel panel-primary\"><div id=\"yui_3_18_1_1_1707401976673_35\"><h5 id=\"yui_3_18_1_1_1707406021806_53\">Enfermedades y vacunas en el menor de 1 a\u00f1o de vida (I)<\/h5><\/div><\/div><div class=\"panel panel-primary\"><div class=\"panel-heading\"><div id=\"yui_3_18_1_1_1707403075484_61\" class=\"panel panel-primary\"><div id=\"yui_3_18_1_1_1707404635585_61\" class=\"panel panel-primary\"><div id=\"yui_3_18_1_1_1707404635585_60\"><ul class=\"edublink-ul-style-check\"><li id=\"yui_3_18_1_1_1707404635585_64\"><div id=\"yui_3_18_1_1_1707406021806_55\" class=\"panel panel-info\"><div id=\"yui_3_18_1_1_1707406021806_54\"><span id=\"yui_3_18_1_1_1707406021806_57\"><em id=\"yui_3_18_1_1_1707406021806_56\">Docente: Mariela Del Pino<\/em><\/span><\/div><\/div><\/li><\/ul><\/div><\/div><\/div><\/div><\/div><\/div><\/div><\/div><\/div><\/div>                        <\/div>\n                    <\/div>\n                <\/div>\n                            <div class=\"eb-accordion-item elementor-repeater-item-9d46e99\">\n                    <h5                    class=\"eb-accordion-header\">\n                        M\u00d3DULO 5                    <\/h5>                    <div class=\"eb-accordion-content\">\n                        <div class=\"eb-accordion-body\">\n                            <div id=\"yui_3_18_1_1_1706894521213_23\" class=\"panel-heading\"><div id=\"yui_3_18_1_1_1707094742010_25\" class=\"panel panel-primary\"><div id=\"yui_3_18_1_1_1707094742010_24\" class=\"panel-body\"><div id=\"yui_3_18_1_1_1707398903780_24\" class=\"panel panel-primary\"><div id=\"yui_3_18_1_1_1707398903780_23\" class=\"panel-body\"><div id=\"yui_3_18_1_1_1707401976673_36\" class=\"panel panel-primary\"><div id=\"yui_3_18_1_1_1707401976673_35\"><h5 id=\"yui_3_18_1_1_1707406021806_59\">Enfermedades y vacunas en el menor de 1 a\u00f1o de vida (II)<\/h5><\/div><\/div><div class=\"panel panel-primary\"><div class=\"panel-heading\"><div id=\"yui_3_18_1_1_1707403075484_61\" class=\"panel panel-primary\"><div id=\"yui_3_18_1_1_1707403075484_70\" class=\"panel panel-primary\"><div id=\"yui_3_18_1_1_1707404635585_68\" class=\"panel panel-primary\"><ul class=\"edublink-ul-style-check\"><li id=\"yui_3_18_1_1_1707404635585_69\"><div id=\"yui_3_18_1_1_1707406021806_60\" class=\"panel panel-info\"><p id=\"yui_3_18_1_1_1707406021806_66\"><em id=\"yui_3_18_1_1_1707406021806_65\">Docentes: Ana Bertone y D\u00e9vora Flores Sahagun<\/em><\/p><\/div><\/li><\/ul><\/div><\/div><\/div><\/div><\/div><\/div><\/div><\/div><\/div><\/div>                        <\/div>\n                    <\/div>\n                <\/div>\n                            <div class=\"eb-accordion-item elementor-repeater-item-d25a83f\">\n                    <h5                    class=\"eb-accordion-header\">\n                        M\u00d3DULO 6                    <\/h5>                    <div class=\"eb-accordion-content\">\n                        <div class=\"eb-accordion-body\">\n                            <div id=\"yui_3_18_1_1_1706894521213_23\" class=\"panel-heading\"><div id=\"yui_3_18_1_1_1707094742010_25\" class=\"panel panel-primary\"><div id=\"yui_3_18_1_1_1707094742010_24\" class=\"panel-body\"><div id=\"yui_3_18_1_1_1707398903780_24\" class=\"panel panel-primary\"><div id=\"yui_3_18_1_1_1707398903780_23\" class=\"panel-body\"><div id=\"yui_3_18_1_1_1707401976673_36\" class=\"panel panel-primary\"><div id=\"yui_3_18_1_1_1707401976673_35\"><h5 id=\"yui_3_18_1_1_1707406021806_69\">Enfermedades y vacunas del a\u00f1o de vida<\/h5><\/div><\/div><div class=\"panel panel-primary\"><div class=\"panel-heading\"><div id=\"yui_3_18_1_1_1707403075484_61\" class=\"panel panel-primary\"><div id=\"yui_3_18_1_1_1707403075484_70\" class=\"panel panel-primary\"><div id=\"yui_3_18_1_1_1707404635585_68\" class=\"panel panel-primary\"><div id=\"yui_3_18_1_1_1707404635585_75\" class=\"panel panel-primary\"><ul class=\"edublink-ul-style-check\"><li id=\"yui_3_18_1_1_1707404635585_77\"><div id=\"yui_3_18_1_1_1707406021806_64\" class=\"panel panel-info\"><p id=\"yui_3_18_1_1_1707406021806_72\"><em id=\"yui_3_18_1_1_1707406021806_71\">Docente: Ver\u00f3nica Umido<\/em><\/p><\/div><\/li><\/ul><\/div><\/div><\/div><\/div><\/div><\/div><\/div><\/div><\/div><\/div><\/div>                        <\/div>\n                    <\/div>\n                <\/div>\n                            <div class=\"eb-accordion-item elementor-repeater-item-06cfa61\">\n                    <h5                    class=\"eb-accordion-header\">\n                        M\u00d3DULO 7                    <\/h5>                    <div class=\"eb-accordion-content\">\n                        <div class=\"eb-accordion-body\">\n                            <div id=\"yui_3_18_1_1_1706894521213_23\" class=\"panel-heading\">\n<div id=\"yui_3_18_1_1_1707094742010_25\" class=\"panel panel-primary\">\n<div id=\"yui_3_18_1_1_1707094742010_24\" class=\"panel-body\">\n<div id=\"yui_3_18_1_1_1707398903780_24\" class=\"panel panel-primary\">\n<div id=\"yui_3_18_1_1_1707398903780_23\" class=\"panel-body\">\n<div id=\"yui_3_18_1_1_1707401976673_36\" class=\"panel panel-primary\">\n<div id=\"yui_3_18_1_1_1707401976673_35\">\n<h5 id=\"yui_3_18_1_1_1707406021806_69\">Enfermedades y vacunas Ingreso escolar y Adolescentes<\/h5>\n<\/div>\n<\/div>\n<div class=\"panel panel-primary\">\n<div class=\"panel-heading\">\n<div id=\"yui_3_18_1_1_1707403075484_61\" class=\"panel panel-primary\">\n<div id=\"yui_3_18_1_1_1707403075484_70\" class=\"panel panel-primary\">\n<div id=\"yui_3_18_1_1_1707404635585_68\" class=\"panel panel-primary\">\n<div id=\"yui_3_18_1_1_1707404635585_75\" class=\"panel panel-primary\">\n<ul class=\"edublink-ul-style-check\">\n \t<li id=\"yui_3_18_1_1_1707404635585_77\">\n<div id=\"yui_3_18_1_1_1707406021806_64\" class=\"panel panel-info\">\n<p id=\"yui_3_18_1_1_1707406021806_72\"><em id=\"yui_3_18_1_1_1707406021806_71\">Docente: Patricia Lamy<\/em><\/p>\n\n<\/div><\/li>\n<\/ul>\n<\/div>\n<\/div>\n<\/div>\n<\/div>\n<\/div>\n<\/div>\n<\/div>\n<\/div>\n<\/div>\n<\/div>\n<\/div>                        <\/div>\n                    <\/div>\n                <\/div>\n                            <div class=\"eb-accordion-item elementor-repeater-item-ad60959\">\n                    <h5                    class=\"eb-accordion-header\">\n                        M\u00d3DULO 8                    <\/h5>                    <div class=\"eb-accordion-content\">\n                        <div class=\"eb-accordion-body\">\n                            <div id=\"yui_3_18_1_1_1706894521213_23\" class=\"panel-heading\"><div id=\"yui_3_18_1_1_1707094742010_25\" class=\"panel panel-primary\"><div id=\"yui_3_18_1_1_1707094742010_24\" class=\"panel-body\"><div id=\"yui_3_18_1_1_1707398903780_24\" class=\"panel panel-primary\"><div id=\"yui_3_18_1_1_1707398903780_23\" class=\"panel-body\"><div id=\"yui_3_18_1_1_1707401976673_36\" class=\"panel panel-primary\"><div id=\"yui_3_18_1_1_1707401976673_35\"><h5 id=\"yui_3_18_1_1_1707406021806_69\">Enfermedades y vacunas en Adultos, embarazadas y situaciones especiales<\/h5><\/div><\/div><div class=\"panel panel-primary\"><div class=\"panel-heading\"><div id=\"yui_3_18_1_1_1707403075484_61\" class=\"panel panel-primary\"><div id=\"yui_3_18_1_1_1707403075484_70\" class=\"panel panel-primary\"><div id=\"yui_3_18_1_1_1707404635585_68\" class=\"panel panel-primary\"><div id=\"yui_3_18_1_1_1707404635585_75\" class=\"panel panel-primary\"><ul class=\"edublink-ul-style-check\"><li id=\"yui_3_18_1_1_1707404635585_77\"><div id=\"yui_3_18_1_1_1707406021806_64\" class=\"panel panel-info\"><p id=\"yui_3_18_1_1_1707406021806_72\"><em id=\"yui_3_18_1_1_1707406021806_71\">Docente: D\u00e9vora Flores Sahagun<\/em><\/p><\/div><\/li><\/ul><\/div><\/div><\/div><\/div><\/div><\/div><\/div><\/div><\/div><\/div><\/div>                        <\/div>\n                    <\/div>\n                <\/div>\n                            <div class=\"eb-accordion-item elementor-repeater-item-8781d0a\">\n                    <h5                    class=\"eb-accordion-header\">\n                        M\u00d3DULO 9                    <\/h5>                    <div class=\"eb-accordion-content\">\n                        <div class=\"eb-accordion-body\">\n                            <div id=\"yui_3_18_1_1_1706894521213_23\" class=\"panel-heading\"><div id=\"yui_3_18_1_1_1707094742010_25\" class=\"panel panel-primary\"><div id=\"yui_3_18_1_1_1707094742010_24\" class=\"panel-body\"><div id=\"yui_3_18_1_1_1707398903780_24\" class=\"panel panel-primary\"><div id=\"yui_3_18_1_1_1707398903780_23\" class=\"panel-body\"><div id=\"yui_3_18_1_1_1707401976673_36\" class=\"panel panel-primary\"><div id=\"yui_3_18_1_1_1707401976673_35\"><h5 id=\"yui_3_18_1_1_1707406021806_69\">Gesti\u00f3n, programaci\u00f3n y supervisi\u00f3n<\/h5><\/div><\/div><div class=\"panel panel-primary\"><div class=\"panel-heading\"><div id=\"yui_3_18_1_1_1707403075484_61\" class=\"panel panel-primary\"><div id=\"yui_3_18_1_1_1707403075484_70\" class=\"panel panel-primary\"><div id=\"yui_3_18_1_1_1707404635585_68\" class=\"panel panel-primary\"><div id=\"yui_3_18_1_1_1707404635585_75\" class=\"panel panel-primary\"><ul class=\"edublink-ul-style-check\"><li id=\"yui_3_18_1_1_1707404635585_77\"><div id=\"yui_3_18_1_1_1707406021806_64\" class=\"panel panel-info\"><p id=\"yui_3_18_1_1_1707406021806_72\"><em id=\"yui_3_18_1_1_1707406021806_71\">Docente: Alejandra Marcos<\/em><\/p><\/div><\/li><\/ul><\/div><\/div><\/div><\/div><\/div><\/div><\/div><\/div><\/div><\/div><\/div>                        <\/div>\n                    <\/div>\n                <\/div>\n                            <div class=\"eb-accordion-item elementor-repeater-item-79c1485\">\n                    <h5                    class=\"eb-accordion-header\">\n                        BLOQUE FINAL                    <\/h5>                    <div class=\"eb-accordion-content\">\n                        <div class=\"eb-accordion-body\">\n                            <ul class=\"edublink-ul-style-check\"><li><h5 id=\"yui_3_18_1_1_1707406021806_76\">Examen final m\u00faltiple choice<\/h5><\/li><li><h5 id=\"yui_3_18_1_1_1707406021806_76\">Encuesta de satisfacci\u00f3n<\/h5><\/li><li><h5 id=\"yui_3_18_1_1_1707406021806_76\"><a class=\"autolink\" title=\"Descarga de certificados\" href=\"https:\/\/www.sadi-virtual.com.ar\/mod\/page\/view.php?id=1201\">Descarga de certificados<\/a><\/h5><\/li><\/ul>                        <\/div>\n                    <\/div>\n                <\/div>\n                    <\/div>\n        \t\t\t\t<\/div>\n\t\t\t\t<\/div>\n\t\t\t\t<div class=\"elementor-element elementor-element-265bfb5 elementor-hidden-desktop elementor-hidden-tablet elementor-hidden-mobile elementor-widget elementor-widget-text-editor\" data-id=\"265bfb5\" data-element_type=\"widget\" data-e-type=\"widget\" data-widget_type=\"text-editor.default\">\n\t\t\t\t<div class=\"elementor-widget-container\">\n\t\t\t\t\t\t\t\t\t<p id=\"Vacuna_dia_a_dia\" class=\"Vacuna_dia_a_dia\" style=\"text-align: center;\"><a class=\"lp-button button edublink-button-item edublink-button-style-custom edublink-button-size-large edublink-button-icon-position-after\" style=\"width: 225px; font-size: 16px; text-transform: none; color: #181818;\" href=\"https:\/\/www.vacunashnrg.com.ar\/mod\/page\/view.php?id=1991&amp;utm_source=web_mednet&amp;utm_medium=boton_inscribirme&amp;utm_campaign=vacunatorio&amp;utm_id=1991\" rel=\"noopener\">Inscribirme<i class=\"icon-4\"><\/i><\/a><\/p>\t\t\t\t\t\t\t\t<\/div>\n\t\t\t\t<\/div>\n\t\t\t\t\t<\/div>\n\t\t\t\t<\/div>\n\t\t<div class=\"elementor-element elementor-element-b81535b e-flex e-con-boxed e-con e-parent\" data-id=\"b81535b\" data-element_type=\"container\" data-e-type=\"container\">\n\t\t\t\t\t<div class=\"e-con-inner\">\n\t\t<div class=\"elementor-element elementor-element-145ebe1 e-con-full e-flex e-con e-child\" data-id=\"145ebe1\" data-element_type=\"container\" data-e-type=\"container\">\n\t\t\t\t<div class=\"elementor-element elementor-element-91352e1 elementor-widget__width-initial elementor-widget elementor-widget-edublink-site-logo\" data-id=\"91352e1\" data-element_type=\"widget\" data-e-type=\"widget\" data-widget_type=\"edublink-site-logo.default\">\n\t\t\t\t<div class=\"elementor-widget-container\">\n\t\t\t\t\t<div class=\"edublink-site-logo-widget-container\"><span class=\"edublink-site-main-logo edublink-site-main-logo-type\"><a href=\"https:\/\/www.mednet.com.ar\" data-elementor-open-lightbox=\"\" class=\"elementor-clickable\"><img decoding=\"async\" alt=\"Logo epidemiolog\u00eda HNRG\" src=\"https:\/\/www.mednet.com.ar\/wp-content\/uploads\/2024\/02\/Logo-HNRG-vacunas-copia-300x53.webp\"><\/a><\/span><\/div>\t\t\t\t<\/div>\n\t\t\t\t<\/div>\n\t\t\t\t<\/div>\n\t\t<div class=\"elementor-element elementor-element-b8d0042 e-con-full e-flex e-con e-child\" data-id=\"b8d0042\" data-element_type=\"container\" data-e-type=\"container\">\n\t\t\t\t<div class=\"elementor-element elementor-element-081556b elementor-widget elementor-widget-text-editor\" data-id=\"081556b\" data-element_type=\"widget\" data-e-type=\"widget\" data-widget_type=\"text-editor.default\">\n\t\t\t\t<div class=\"elementor-widget-container\">\n\t\t\t\t\t\t\t\t\t<p>Un curso de la Divisi\u00f3n Promoci\u00f3n y Protecci\u00f3n de la Salud- Epidemiolog\u00eda<br \/><strong>Hospital de Ni\u00f1os Dr. Ricardo Guti\u00e9rrez (HNRG)<\/strong><\/p>\t\t\t\t\t\t\t\t<\/div>\n\t\t\t\t<\/div>\n\t\t\t\t<\/div>\n\t\t\t\t\t<\/div>\n\t\t\t\t<\/div>\n\t\t<div class=\"elementor-element elementor-element-280d7dd e-flex e-con-boxed e-con e-parent\" data-id=\"280d7dd\" data-element_type=\"container\" data-e-type=\"container\">\n\t\t\t\t\t<div class=\"e-con-inner\">\n\t\t\t\t<div class=\"elementor-element elementor-element-d24a04c elementor-widget elementor-widget-html\" data-id=\"d24a04c\" data-element_type=\"widget\" data-e-type=\"widget\" data-widget_type=\"html.default\">\n\t\t\t\t<div class=\"elementor-widget-container\">\n\t\t\t\t\t<script type=\"text\/javascript\">\n    jQuery(document).ready(function($) {\n        \/\/ Selecciona los elementos espec\u00edficos dentro de las clases\n        var courseValueElements = $('.edublink-course-details-features-item.mdn_ars .edublink-course-feature-item-value, .edublink-course-details-features-item.mdn_usd .edublink-course-feature-item-value');\n\n        \/\/ Funci\u00f3n para formatear el n\u00famero con separador de miles\n        function numberWithDots(number) {\n            return number.toString().replace(\/\\B(?=(\\d{3})+(?!\\d))\/g, \".\");\n        }\n\n        \/\/ Itera sobre cada elemento seleccionado\n        courseValueElements.each(function() {\n            \/\/ Obtiene el texto del elemento actual\n            var courseValueText = $(this).text();\n\n            \/\/ Verifica si el car\u00e1cter \"|\" est\u00e1 presente\n            if (courseValueText.includes('|')) {\n                \/\/ Divide el texto usando el car\u00e1cter \"|\"\n                var values = courseValueText.split('|');\n\n                \/\/ Elimina espacios en blanco alrededor de los valores\n                var valueBefore = numberWithDots(values[0].trim());\n                var valueAfter = numberWithDots(values[1].trim());\n\n                \/\/ Realiza el c\u00e1lculo adicional\n                var result = Math.round((1 - (parseFloat(valueAfter.replace(\/\\.\/g, '')) \/ parseFloat(valueBefore.replace(\/\\.\/g, '')))) * 100);\n\n                \/\/ Crea un nuevo contenido con el formato deseado\n                var formattedContent = '<del>' + valueBefore + '<\/del> <strong style=\"color: #00c0f3;\">' + valueAfter + '<\/strong> <strong style=\"color: #00c0f3;\">(' + result + '% off)<\/strong>';\n\n                \/\/ Reemplaza el contenido del elemento con el nuevo formato\n                $(this).html(formattedContent);\n            } else {\n                \/\/ No hace nada si el car\u00e1cter \"|\" no est\u00e1 presente\n            }\n        });\n    });\n<\/script>\n\t\t\t\t<\/div>\n\t\t\t\t<\/div>\n\t\t\t\t<div class=\"elementor-element elementor-element-f18dfe2 elementor-widget elementor-widget-html\" data-id=\"f18dfe2\" data-element_type=\"widget\" data-e-type=\"widget\" data-widget_type=\"html.default\">\n\t\t\t\t<div class=\"elementor-widget-container\">\n\t\t\t\t\t<script type=\"text\/javascript\">\n    jQuery(document).ready(function($) {\n        \/\/ Obt\u00e9n la URL actual de la p\u00e1gina\n        var currentUrl = window.location.href;\n\n        \/\/ Construye la URL de WhatsApp con el texto personalizado\n        var whatsappUrl = 'whatsapp:\/\/send?text=Mir\u00e1 el curso que acabo de ver en Mednet: ' + currentUrl;\n\n        \/\/ Crea el bot\u00f3n de compartir en WhatsApp con estilos personalizados\n        var whatsappButton = '<li class=\"edublink-social-share-each-icon whatsapp\">' +\n                                '<a class=\"edublink-social-share-link\" href=\"' + whatsappUrl + '\" target=\"_blank\" title=\"Share on WhatsApp\">' +\n                                    '<i class=\"ri ri-whatsapp-line\" style=\"font-size: 24px; font-weight: bold;\"><\/i>' +\n                                '<\/a>' +\n                            '<\/li>';\n\n        \/\/ Agrega el bot\u00f3n al contenedor de botones de compartir\n        $('.edublink-social-share-icons-wrapper').append(whatsappButton);\n\n        \/\/ Agrega estilos para cambiar de color al hacer hover\n        $('.edublink-social-share-link').hover(\n            function() {\n                \/\/ Al hacer hover\n                $(this).find('i').css('color', '#ffffff'); \/\/ Cambia a blanco\n            },\n            function() {\n                \/\/ Al dejar de hacer hover\n                $(this).find('i').css('color', ''); \/\/ Vuelve al color normal (puedes ajustar esto seg\u00fan el color original)\n            }\n        );\n    });\n<\/script>\n\t\t\t\t<\/div>\n\t\t\t\t<\/div>\n\t\t\t\t<div class=\"elementor-element elementor-element-48c6326 elementor-widget elementor-widget-html\" data-id=\"48c6326\" data-element_type=\"widget\" data-e-type=\"widget\" data-widget_type=\"html.default\">\n\t\t\t\t<div class=\"elementor-widget-container\">\n\t\t\t\t\t<script type=\"text\/javascript\">\n    jQuery(document).ready(function($) {\n        \/\/ Obt\u00e9n el t\u00edtulo del curso\n        var courseTitle = $('.edublink-course-title h1.entry-title').text();\n\n        \/\/ Obt\u00e9n la URL actual de la p\u00e1gina\n        var currentUrl = window.location.href;\n\n        \/\/ Construye el enlace de correo electr\u00f3nico con el asunto y cuerpo personalizados\n        var mailtoLink = 'mailto:?subject=' + encodeURIComponent(courseTitle) + '&body=Mir\u00e1 el curso que acabo de ver en Mednet: ' + encodeURIComponent(currentUrl);\n\n        \/\/ Crea el bot\u00f3n de compartir por correo electr\u00f3nico con estilos personalizados\n        var mailButton = '<li class=\"edublink-social-share-each-icon mail\">' +\n                            '<a class=\"edublink-social-share-link\" href=\"' + mailtoLink + '\" title=\"Share via Email\">' +\n                                '<i class=\"ri-mail-line\" style=\"font-size: 22px; font-weight: bold;\"><\/i>' +\n                            '<\/a>' +\n                        '<\/li>';\n\n        \/\/ Agrega el bot\u00f3n al contenedor de botones de compartir\n        $('.edublink-social-share-icons-wrapper').append(mailButton);\n\n        \/\/ Agrega estilos para cambiar de color al hacer hover\n        $('.edublink-social-share-link').hover(\n            function() {\n                \/\/ Al hacer hover\n                $(this).find('i').css('color', '#ffffff'); \/\/ Cambia a blanco\n            },\n            function() {\n                \/\/ Al dejar de hacer hover\n                $(this).find('i').css('color', ''); \/\/ Vuelve al color normal (puedes ajustar esto seg\u00fan el color original)\n            }\n        );\n    });\n<\/script>\n\t\t\t\t<\/div>\n\t\t\t\t<\/div>\n\t\t\t\t\t<\/div>\n\t\t\t\t<\/div>\n\t\t\t\t<\/div>\n\t\t","protected":false},"excerpt":{"rendered":"<p>Capacitaci\u00f3n intensiva para vacunadores &#8211; Nivel local<\/p>","protected":false},"author":1,"featured_media":23809,"comment_status":"closed","ping_status":"closed","template":"","course_category":[],"course_tag":[73,75,76,77,129,79,80,81,130],"class_list":["post-21356","lp_course","type-lp_course","status-publish","has-post-thumbnail","hentry","course_tag-capacitacion-online","course_tag-curso-medicina","course_tag-cursos","course_tag-cursos-online","course_tag-el-vacunatorio-en-el-dia-a-dia","course_tag-medicina-online","course_tag-mednet","course_tag-mednet-cursos","course_tag-vacunas","course"],"yoast_head":"<!-- This site is optimized with the Yoast SEO plugin v27.5 - https:\/\/yoast.com\/product\/yoast-seo-wordpress\/ -->\n<title>XV Curso &quot;El vacunatorio en el d\u00eda a d\u00eda&quot; - Mednet<\/title>\n<meta name=\"description\" content=\"Capacitaci\u00f3n intensiva para vacunadores - Nivel local\" \/>\n<meta name=\"robots\" content=\"index, follow, max-snippet:-1, max-image-preview:large, max-video-preview:-1\" \/>\n<link rel=\"canonical\" href=\"https:\/\/www.mednet.com.ar\/en\/cursos\/el-vacunatorio-en-el-dia-a-dia\/\" \/>\n<meta property=\"og:locale\" content=\"en_US\" \/>\n<meta property=\"og:type\" content=\"article\" \/>\n<meta property=\"og:title\" content=\"XV Curso &quot;El vacunatorio en el d\u00eda a d\u00eda&quot; - Mednet\" \/>\n<meta property=\"og:description\" content=\"Capacitaci\u00f3n intensiva para vacunadores - Nivel local\" \/>\n<meta property=\"og:url\" content=\"https:\/\/www.mednet.com.ar\/en\/cursos\/el-vacunatorio-en-el-dia-a-dia\/\" \/>\n<meta property=\"og:site_name\" content=\"Mednet\" \/>\n<meta property=\"article:publisher\" content=\"https:\/\/www.facebook.com\/MedNetla\/\" \/>\n<meta property=\"article:modified_time\" content=\"2025-07-10T13:32:27+00:00\" \/>\n<meta property=\"og:image\" content=\"https:\/\/www.mednet.com.ar\/wp-content\/uploads\/2024\/02\/Curso-El-vacunatorio-en-el-Dia-a-Dia-copia.webp\" \/>\n\t<meta property=\"og:image:width\" content=\"1254\" \/>\n\t<meta property=\"og:image:height\" content=\"836\" \/>\n\t<meta property=\"og:image:type\" content=\"image\/webp\" \/>\n<meta name=\"twitter:card\" content=\"summary_large_image\" \/>\n<meta name=\"twitter:label1\" content=\"Est. reading time\" \/>\n\t<meta name=\"twitter:data1\" content=\"2 minutes\" \/>\n<script type=\"application\/ld+json\" class=\"yoast-schema-graph\">{\"@context\":\"https:\\\/\\\/schema.org\",\"@graph\":[{\"@type\":\"WebPage\",\"@id\":\"https:\\\/\\\/www.mednet.com.ar\\\/cursos\\\/el-vacunatorio-en-el-dia-a-dia\\\/\",\"url\":\"https:\\\/\\\/www.mednet.com.ar\\\/cursos\\\/el-vacunatorio-en-el-dia-a-dia\\\/\",\"name\":\"XV Curso \\\"El vacunatorio en el d\u00eda a d\u00eda\\\" - Mednet\",\"isPartOf\":{\"@id\":\"https:\\\/\\\/www.mednet.com.ar\\\/#website\"},\"primaryImageOfPage\":{\"@id\":\"https:\\\/\\\/www.mednet.com.ar\\\/cursos\\\/el-vacunatorio-en-el-dia-a-dia\\\/#primaryimage\"},\"image\":{\"@id\":\"https:\\\/\\\/www.mednet.com.ar\\\/cursos\\\/el-vacunatorio-en-el-dia-a-dia\\\/#primaryimage\"},\"thumbnailUrl\":\"https:\\\/\\\/www.mednet.com.ar\\\/wp-content\\\/uploads\\\/2024\\\/02\\\/Curso-El-vacunatorio-en-el-Dia-a-Dia-copia.webp\",\"datePublished\":\"2024-02-08T16:27:53+00:00\",\"dateModified\":\"2025-07-10T13:32:27+00:00\",\"description\":\"Capacitaci\u00f3n intensiva para vacunadores - Nivel local\",\"breadcrumb\":{\"@id\":\"https:\\\/\\\/www.mednet.com.ar\\\/cursos\\\/el-vacunatorio-en-el-dia-a-dia\\\/#breadcrumb\"},\"inLanguage\":\"en-US\",\"potentialAction\":[{\"@type\":\"ReadAction\",\"target\":[\"https:\\\/\\\/www.mednet.com.ar\\\/cursos\\\/el-vacunatorio-en-el-dia-a-dia\\\/\"]}]},{\"@type\":\"ImageObject\",\"inLanguage\":\"en-US\",\"@id\":\"https:\\\/\\\/www.mednet.com.ar\\\/cursos\\\/el-vacunatorio-en-el-dia-a-dia\\\/#primaryimage\",\"url\":\"https:\\\/\\\/www.mednet.com.ar\\\/wp-content\\\/uploads\\\/2024\\\/02\\\/Curso-El-vacunatorio-en-el-Dia-a-Dia-copia.webp\",\"contentUrl\":\"https:\\\/\\\/www.mednet.com.ar\\\/wp-content\\\/uploads\\\/2024\\\/02\\\/Curso-El-vacunatorio-en-el-Dia-a-Dia-copia.webp\",\"width\":1254,\"height\":836},{\"@type\":\"BreadcrumbList\",\"@id\":\"https:\\\/\\\/www.mednet.com.ar\\\/cursos\\\/el-vacunatorio-en-el-dia-a-dia\\\/#breadcrumb\",\"itemListElement\":[{\"@type\":\"ListItem\",\"position\":1,\"name\":\"Portada\",\"item\":\"https:\\\/\\\/www.mednet.com.ar\\\/\"},{\"@type\":\"ListItem\",\"position\":2,\"name\":\"Courses\",\"item\":\"https:\\\/\\\/www.mednet.com.ar\\\/cursos-2\\\/\"},{\"@type\":\"ListItem\",\"position\":3,\"name\":\"XV Curso &#8220;El vacunatorio en el d\u00eda a d\u00eda&#8221;\"}]},{\"@type\":\"WebSite\",\"@id\":\"https:\\\/\\\/www.mednet.com.ar\\\/#website\",\"url\":\"https:\\\/\\\/www.mednet.com.ar\\\/\",\"name\":\"Mednet\",\"description\":\"Capacitaciones Online\",\"publisher\":{\"@id\":\"https:\\\/\\\/www.mednet.com.ar\\\/#organization\"},\"potentialAction\":[{\"@type\":\"SearchAction\",\"target\":{\"@type\":\"EntryPoint\",\"urlTemplate\":\"https:\\\/\\\/www.mednet.com.ar\\\/?s={search_term_string}\"},\"query-input\":{\"@type\":\"PropertyValueSpecification\",\"valueRequired\":true,\"valueName\":\"search_term_string\"}}],\"inLanguage\":\"en-US\"},{\"@type\":\"Organization\",\"@id\":\"https:\\\/\\\/www.mednet.com.ar\\\/#organization\",\"name\":\"Mednet\",\"url\":\"https:\\\/\\\/www.mednet.com.ar\\\/\",\"logo\":{\"@type\":\"ImageObject\",\"inLanguage\":\"en-US\",\"@id\":\"https:\\\/\\\/www.mednet.com.ar\\\/#\\\/schema\\\/logo\\\/image\\\/\",\"url\":\"https:\\\/\\\/www.mednet.com.ar\\\/wp-content\\\/uploads\\\/2025\\\/02\\\/cropped-logo-mednet-capacitaciones-online-rb.png\",\"contentUrl\":\"https:\\\/\\\/www.mednet.com.ar\\\/wp-content\\\/uploads\\\/2025\\\/02\\\/cropped-logo-mednet-capacitaciones-online-rb.png\",\"width\":376,\"height\":150,\"caption\":\"Mednet\"},\"image\":{\"@id\":\"https:\\\/\\\/www.mednet.com.ar\\\/#\\\/schema\\\/logo\\\/image\\\/\"},\"sameAs\":[\"https:\\\/\\\/www.facebook.com\\\/MedNetla\\\/\",\"https:\\\/\\\/www.instagram.com\\\/mednetla\\\/\",\"https:\\\/\\\/ar.linkedin.com\\\/company\\\/mednet-capacitaciones-online\"]}]}<\/script>\n<!-- \/ Yoast SEO plugin. -->","yoast_head_json":{"title":"XV Curso \"El vacunatorio en el d\u00eda a d\u00eda\" - Mednet","description":"Capacitaci\u00f3n intensiva para vacunadores - Nivel local","robots":{"index":"index","follow":"follow","max-snippet":"max-snippet:-1","max-image-preview":"max-image-preview:large","max-video-preview":"max-video-preview:-1"},"canonical":"https:\/\/www.mednet.com.ar\/en\/cursos\/el-vacunatorio-en-el-dia-a-dia\/","og_locale":"en_US","og_type":"article","og_title":"XV Curso \"El vacunatorio en el d\u00eda a d\u00eda\" - Mednet","og_description":"Capacitaci\u00f3n intensiva para vacunadores - Nivel local","og_url":"https:\/\/www.mednet.com.ar\/en\/cursos\/el-vacunatorio-en-el-dia-a-dia\/","og_site_name":"Mednet","article_publisher":"https:\/\/www.facebook.com\/MedNetla\/","article_modified_time":"2025-07-10T13:32:27+00:00","og_image":[{"width":1254,"height":836,"url":"https:\/\/www.mednet.com.ar\/wp-content\/uploads\/2024\/02\/Curso-El-vacunatorio-en-el-Dia-a-Dia-copia.webp","type":"image\/webp"}],"twitter_card":"summary_large_image","twitter_misc":{"Est. reading time":"2 minutes"},"schema":{"@context":"https:\/\/schema.org","@graph":[{"@type":"WebPage","@id":"https:\/\/www.mednet.com.ar\/cursos\/el-vacunatorio-en-el-dia-a-dia\/","url":"https:\/\/www.mednet.com.ar\/cursos\/el-vacunatorio-en-el-dia-a-dia\/","name":"XV Curso \"El vacunatorio en el d\u00eda a d\u00eda\" - Mednet","isPartOf":{"@id":"https:\/\/www.mednet.com.ar\/#website"},"primaryImageOfPage":{"@id":"https:\/\/www.mednet.com.ar\/cursos\/el-vacunatorio-en-el-dia-a-dia\/#primaryimage"},"image":{"@id":"https:\/\/www.mednet.com.ar\/cursos\/el-vacunatorio-en-el-dia-a-dia\/#primaryimage"},"thumbnailUrl":"https:\/\/www.mednet.com.ar\/wp-content\/uploads\/2024\/02\/Curso-El-vacunatorio-en-el-Dia-a-Dia-copia.webp","datePublished":"2024-02-08T16:27:53+00:00","dateModified":"2025-07-10T13:32:27+00:00","description":"Capacitaci\u00f3n intensiva para vacunadores - Nivel local","breadcrumb":{"@id":"https:\/\/www.mednet.com.ar\/cursos\/el-vacunatorio-en-el-dia-a-dia\/#breadcrumb"},"inLanguage":"en-US","potentialAction":[{"@type":"ReadAction","target":["https:\/\/www.mednet.com.ar\/cursos\/el-vacunatorio-en-el-dia-a-dia\/"]}]},{"@type":"ImageObject","inLanguage":"en-US","@id":"https:\/\/www.mednet.com.ar\/cursos\/el-vacunatorio-en-el-dia-a-dia\/#primaryimage","url":"https:\/\/www.mednet.com.ar\/wp-content\/uploads\/2024\/02\/Curso-El-vacunatorio-en-el-Dia-a-Dia-copia.webp","contentUrl":"https:\/\/www.mednet.com.ar\/wp-content\/uploads\/2024\/02\/Curso-El-vacunatorio-en-el-Dia-a-Dia-copia.webp","width":1254,"height":836},{"@type":"BreadcrumbList","@id":"https:\/\/www.mednet.com.ar\/cursos\/el-vacunatorio-en-el-dia-a-dia\/#breadcrumb","itemListElement":[{"@type":"ListItem","position":1,"name":"Portada","item":"https:\/\/www.mednet.com.ar\/"},{"@type":"ListItem","position":2,"name":"Courses","item":"https:\/\/www.mednet.com.ar\/cursos-2\/"},{"@type":"ListItem","position":3,"name":"XV Curso &#8220;El vacunatorio en el d\u00eda a d\u00eda&#8221;"}]},{"@type":"WebSite","@id":"https:\/\/www.mednet.com.ar\/#website","url":"https:\/\/www.mednet.com.ar\/","name":"Mednet","description":"Capacitaciones Online","publisher":{"@id":"https:\/\/www.mednet.com.ar\/#organization"},"potentialAction":[{"@type":"SearchAction","target":{"@type":"EntryPoint","urlTemplate":"https:\/\/www.mednet.com.ar\/?s={search_term_string}"},"query-input":{"@type":"PropertyValueSpecification","valueRequired":true,"valueName":"search_term_string"}}],"inLanguage":"en-US"},{"@type":"Organization","@id":"https:\/\/www.mednet.com.ar\/#organization","name":"Mednet","url":"https:\/\/www.mednet.com.ar\/","logo":{"@type":"ImageObject","inLanguage":"en-US","@id":"https:\/\/www.mednet.com.ar\/#\/schema\/logo\/image\/","url":"https:\/\/www.mednet.com.ar\/wp-content\/uploads\/2025\/02\/cropped-logo-mednet-capacitaciones-online-rb.png","contentUrl":"https:\/\/www.mednet.com.ar\/wp-content\/uploads\/2025\/02\/cropped-logo-mednet-capacitaciones-online-rb.png","width":376,"height":150,"caption":"Mednet"},"image":{"@id":"https:\/\/www.mednet.com.ar\/#\/schema\/logo\/image\/"},"sameAs":["https:\/\/www.facebook.com\/MedNetla\/","https:\/\/www.instagram.com\/mednetla\/","https:\/\/ar.linkedin.com\/company\/mednet-capacitaciones-online"]}]}},"_links":{"self":[{"href":"https:\/\/www.mednet.com.ar\/en\/wp-json\/wp\/v2\/lp_course\/21356","targetHints":{"allow":["GET"]}}],"collection":[{"href":"https:\/\/www.mednet.com.ar\/en\/wp-json\/wp\/v2\/lp_course"}],"about":[{"href":"https:\/\/www.mednet.com.ar\/en\/wp-json\/wp\/v2\/types\/lp_course"}],"author":[{"embeddable":true,"href":"https:\/\/www.mednet.com.ar\/en\/wp-json\/wp\/v2\/users\/1"}],"replies":[{"embeddable":true,"href":"https:\/\/www.mednet.com.ar\/en\/wp-json\/wp\/v2\/comments?post=21356"}],"version-history":[{"count":46,"href":"https:\/\/www.mednet.com.ar\/en\/wp-json\/wp\/v2\/lp_course\/21356\/revisions"}],"predecessor-version":[{"id":31832,"href":"https:\/\/www.mednet.com.ar\/en\/wp-json\/wp\/v2\/lp_course\/21356\/revisions\/31832"}],"wp:featuredmedia":[{"embeddable":true,"href":"https:\/\/www.mednet.com.ar\/en\/wp-json\/wp\/v2\/media\/23809"}],"wp:attachment":[{"href":"https:\/\/www.mednet.com.ar\/en\/wp-json\/wp\/v2\/media?parent=21356"}],"wp:term":[{"taxonomy":"course_category","embeddable":true,"href":"https:\/\/www.mednet.com.ar\/en\/wp-json\/wp\/v2\/course_category?post=21356"},{"taxonomy":"course_tag","embeddable":true,"href":"https:\/\/www.mednet.com.ar\/en\/wp-json\/wp\/v2\/course_tag?post=21356"}],"curies":[{"name":"wp","href":"https:\/\/api.w.org\/{rel}","templated":true}]}}