{"id":21378,"date":"2024-02-08T13:56:54","date_gmt":"2024-02-08T16:56:54","guid":{"rendered":"https:\/\/www.mednet.com.ar\/?post_type=lp_course&#038;p=21378"},"modified":"2026-04-08T19:07:19","modified_gmt":"2026-04-08T22:07:19","slug":"manejo-hospitalario-del-trauma-pediatrico","status":"publish","type":"lp_course","link":"https:\/\/www.mednet.com.ar\/en\/cursos\/manejo-hospitalario-del-trauma-pediatrico\/","title":{"rendered":"Manejo hospitalario del trauma pedi\u00e1trico"},"content":{"rendered":"\t\t<div data-elementor-type=\"wp-post\" data-elementor-id=\"21378\" class=\"elementor elementor-21378\">\n\t\t\t\t<div class=\"elementor-element elementor-element-18b05940 e-flex e-con-boxed e-con e-parent\" data-id=\"18b05940\" data-element_type=\"container\" data-e-type=\"container\">\n\t\t\t\t\t<div class=\"e-con-inner\">\n\t\t\t\t<div class=\"elementor-element elementor-element-701f708 elementor-widget elementor-widget-text-editor\" data-id=\"701f708\" data-element_type=\"widget\" data-e-type=\"widget\" data-widget_type=\"text-editor.default\">\n\t\t\t\t<div class=\"elementor-widget-container\">\n\t\t\t\t\t\t\t\t\t<h5>Objetivos<\/h5><ul class=\"edublink-ul-style-check\"><li>Aportar los conocimientos necesarios para poder realizar una atenci\u00f3n hospitalaria inicial adecuada y calificada a las v\u00edctimas de trauma pedi\u00e1trico.<\/li><li>Lograr una evaluaci\u00f3n integral ordenada del paciente traumatizado pedi\u00e1trico.<\/li><li>Disminuir las variaciones en la atenci\u00f3n cl\u00ednica de los pacientes pedi\u00e1tricos traumatizados.<\/li><li>Sistematizar la atenci\u00f3n del paciente traumatizado pedi\u00e1trico mediante la utilizaci\u00f3n de recomendaciones de manejo.<\/li><li>Proporcionar las herramientas para el reconocimiento de los signos de alerta y de las lesiones con compromiso vital inminente y potencialmente mortales.<\/li><\/ul><p style=\"text-align: left;\"><span style=\"text-align: var(--text-align); color: var(--edublink-color-body); font-family: var(--edublink-font-primary); font-size: var(--edublink-font-size-b1);\">\u00a0<\/span><\/p>\t\t\t\t\t\t\t\t<\/div>\n\t\t\t\t<\/div>\n\t\t\t\t<div class=\"elementor-element elementor-element-104b8e3 elementor-widget elementor-widget-edublink-accordion\" data-id=\"104b8e3\" data-element_type=\"widget\" data-e-type=\"widget\" data-widget_type=\"edublink-accordion.default\">\n\t\t\t\t<div class=\"elementor-widget-container\">\n\t\t\t\t\t        <div class=\"eb-accordion header-default border-default style-default\">\n                            <div class=\"eb-accordion-item default-active elementor-repeater-item-f1a3179\">\n                    <h5                    class=\"eb-accordion-header default-active\">\n                        M\u00d3DULO 1                    <\/h5>                    <div class=\"eb-accordion-content\">\n                        <div class=\"eb-accordion-body default-active\">\n                            <h5 id=\"yui_3_18_1_1_1707411306525_22\" class=\"panel-title\">Paciente neurocr\u00edtico<\/h5><ul class=\"edublink-ul-style-check\"><li>Clase 1. Introducci\u00f3n. Epidemiolog\u00eda del trauma. Biomec\u00e1nica del trauma.\u00a0<em>Docente: Jorge Neira<\/em><\/li><li>Clase 2. Recepci\u00f3n del paciente traumatizado. Evaluaci\u00f3n primaria.\u00a0<em>Docente: Andrea Francavilla<\/em>\u00a0<\/li><li>Clase 3. V\u00eda a\u00e9rea. Accesos venosos. Evaluaci\u00f3n secundaria.\u00a0<em>Docente: Alejandro Gattari<\/em><\/li><\/ul>                        <\/div>\n                    <\/div>\n                <\/div>\n                            <div class=\"eb-accordion-item elementor-repeater-item-fbb0e0a\">\n                    <h5                    class=\"eb-accordion-header\">\n                        M\u00d3DULO 2                    <\/h5>                    <div class=\"eb-accordion-content\">\n                        <div class=\"eb-accordion-body\">\n                            <h5 id=\"yui_3_18_1_1_1707411306525_31\" class=\"panel-title\">Diagn\u00f3stico y manejo del paciente traumatizado con shock<\/h5><ul class=\"edublink-ul-style-check\"><li>Clase 1. Shock hemorr\u00e1gico. Reanimaci\u00f3n con Fluidos. Soluciones isot\u00f3nicas e hipert\u00f3nicas.<em>\u00a0Deborah Turina\u00a0<\/em><\/li><li>Clase 2. Utilizaci\u00f3n de hemoderivados. Coagulopat\u00eda en shock.\u00a0<em>Andrea Francavilla<\/em><\/li><\/ul>                        <\/div>\n                    <\/div>\n                <\/div>\n                            <div class=\"eb-accordion-item elementor-repeater-item-8a825ec\">\n                    <h5                    class=\"eb-accordion-header\">\n                        M\u00d3DULO 3                    <\/h5>                    <div class=\"eb-accordion-content\">\n                        <div class=\"eb-accordion-body\">\n                            <h5 id=\"yui_3_18_1_1_1707411306525_35\" class=\"panel-title\">Traumatismo de cr\u00e1neo y raquimedular<\/h5><ul class=\"edublink-ul-style-check\"><li><span id=\"page3R_mcid23\"><span dir=\"ltr\" role=\"presentation\">Clase 1. Evaluaci\u00f3n neurol\u00f3gica. Utilizaci\u00f3n de escalas. Glasgow.\u00a0<em>Pablo Neira\u00a0<\/em><\/span><\/span><\/li><li><span id=\"page3R_mcid23\"><span dir=\"ltr\" role=\"presentation\">Clase 2. TEC moderado y grave. Indicaciones de im\u00e1genes. Escala tomogr\u00e1fica de Marshall.<em>\u00a0Tomas Lolster<\/em><br \/><\/span><\/span><\/li><li><span id=\"page3R_mcid23\"><span dir=\"ltr\" role=\"presentation\">Clase 3. Monitoreo de PIC. Indicaciones. Manejo de la HTIC.\u00a0<em>Tomas Lolster<\/em><br \/><\/span><\/span><\/li><li><span dir=\"ltr\" role=\"presentation\">Clase 4. Traumatismo raquimedular. Shock medular. Inmovilizaci\u00f3n. Utilizaci\u00f3n de f\u00e1rmacos.\u00a0<em>Carlos Legarreta <\/em>(\u2020)<\/span><h1 class=\"p-title-value\">\u00a0<\/h1><\/li><\/ul>                        <\/div>\n                    <\/div>\n                <\/div>\n                            <div class=\"eb-accordion-item elementor-repeater-item-64087ff\">\n                    <h5                    class=\"eb-accordion-header\">\n                        M\u00d3DULO 4                    <\/h5>                    <div class=\"eb-accordion-content\">\n                        <div class=\"eb-accordion-body\">\n                            <h5 id=\"yui_3_18_1_1_1707411306525_39\" class=\"panel-title\">Traumatismo de t\u00f3rax<\/h5><ul class=\"edublink-ul-style-check\"><li id=\"yui_3_18_1_1_1707411306525_42\">Clase 1. Traumatismo tor\u00e1xico en pediatr\u00eda.\u00a0<em>Dr. Ezequiel Monteverde.<\/em><\/li><\/ul>                        <\/div>\n                    <\/div>\n                <\/div>\n                            <div class=\"eb-accordion-item elementor-repeater-item-ed86866\">\n                    <h5                    class=\"eb-accordion-header\">\n                        M\u00d3DULO 5                    <\/h5>                    <div class=\"eb-accordion-content\">\n                        <div class=\"eb-accordion-body\">\n                            <h5 id=\"yui_3_18_1_1_1707411306525_45\" class=\"panel-title\">Traumatismo abdominal, pelviano y g\u00e9nitourinario<\/h5><ul class=\"edublink-ul-style-check\"><li id=\"yui_3_18_1_1_1707411306525_48\">Clase 1. Trauma abdominal en pediatr\u00eda.\u00a0<em>Dr. Ezequiel Monteverde.<\/em><\/li><\/ul>                        <\/div>\n                    <\/div>\n                <\/div>\n                            <div class=\"eb-accordion-item elementor-repeater-item-96da191\">\n                    <h5                    class=\"eb-accordion-header\">\n                        M\u00d3DULO 6                    <\/h5>                    <div class=\"eb-accordion-content\">\n                        <div class=\"eb-accordion-body\">\n                            <h5 id=\"yui_3_18_1_1_1707411306525_52\" class=\"panel-title\">Radiolog\u00eda en Trauma<\/h5><ul class=\"edublink-ul-style-check\"><li>Clase 1. Radiolog\u00eda simple. TAC.<em>\u00a0Ra\u00fal G\u00f3mez Traverso<\/em><\/li><li>Clase 2. Intervencionismo.\u00a0<em>Guillermo Eisele<\/em><\/li><\/ul>                        <\/div>\n                    <\/div>\n                <\/div>\n                            <div class=\"eb-accordion-item elementor-repeater-item-eea1152\">\n                    <h5                    class=\"eb-accordion-header\">\n                        M\u00d3DULO 7                    <\/h5>                    <div class=\"eb-accordion-content\">\n                        <div class=\"eb-accordion-body\">\n                            <h5 id=\"yui_3_18_1_1_1707411306525_55\" class=\"panel-title\">Quemaduras<span id=\"selectionBoundary_1638457357257_9670718165282488\" class=\"rangySelectionBoundary\"><\/span><span id=\"page3R_mcid38\"><span id=\"selectionBoundary_1638457357256_9982056374306334\" class=\"rangySelectionBoundary\"><\/span><\/span><\/h5><ul class=\"edublink-ul-style-check\"><li>Clase 1. Clasificaci\u00f3n. Extensi\u00f3n. Manejo inicial.\u00a0<em>Alberto Bolgiani<\/em><\/li><li id=\"yui_3_18_1_1_1707411306525_58\">Clase 2. Reposici\u00f3n de volumen en quemados. Tratamiento m\u00e9dico de las quemaduras.\u00a0<em>Alberto Bolgiani<\/em><\/li><\/ul>                        <\/div>\n                    <\/div>\n                <\/div>\n                            <div class=\"eb-accordion-item elementor-repeater-item-0cf97f8\">\n                    <h5                    class=\"eb-accordion-header\">\n                        M\u00d3DULO 8                    <\/h5>                    <div class=\"eb-accordion-content\">\n                        <div class=\"eb-accordion-body\">\n                            <h5 id=\"yui_3_18_1_1_1707411306525_60\" class=\"panel-title\"><span id=\"page3R_mcid42\"><span dir=\"ltr\" role=\"presentation\">Analgesia y sedaci\u00f3n en trauma\u00a0<\/span><\/span><\/h5><ul class=\"edublink-ul-style-check\"><li id=\"yui_3_18_1_1_1707411306525_64\"><span id=\"yui_3_18_1_1_1707411306525_63\">Clase. Analgesia y sedaci\u00f3n en pacientes traumatizados y en quemados.\u00a0<em>Claudia Berrondo<\/em><\/span><\/li><\/ul>                        <\/div>\n                    <\/div>\n                <\/div>\n                            <div class=\"eb-accordion-item elementor-repeater-item-edc6b2d\">\n                    <h5                    class=\"eb-accordion-header\">\n                        M\u00d3DULO 9                    <\/h5>                    <div class=\"eb-accordion-content\">\n                        <div class=\"eb-accordion-body\">\n                            <h5 class=\"panel-title\">Evaluaci\u00f3n de resultados y mejora de la calidad en trauma<\/h5><ul class=\"edublink-ul-style-check\"><li>Clase. Evaluaci\u00f3n ajustada por riesgo de resultados de la atenci\u00f3n. Estrategias de mejora de la calidad en trauma.\u00a0<em>Ezequiel Monteverde<\/em><\/li><\/ul>                        <\/div>\n                    <\/div>\n                <\/div>\n                            <div class=\"eb-accordion-item elementor-repeater-item-e89a6ac\">\n                    <h5                    class=\"eb-accordion-header\">\n                        BLOQUE FINAL                    <\/h5>                    <div class=\"eb-accordion-content\">\n                        <div class=\"eb-accordion-body\">\n                            <ul class=\"edublink-ul-style-check\"><li>Examen final m\u00faltiple choice<\/li><li>Encuesta de satisfacci\u00f3n<\/li><li><a class=\"autolink\" title=\"Descarga de certificados\" href=\"https:\/\/www.utiped.com.ar\/mod\/page\/view.php?id=1704\">Descarga de certificados<\/a><\/li><\/ul>                        <\/div>\n                    <\/div>\n                <\/div>\n                    <\/div>\n        \t\t\t\t<\/div>\n\t\t\t\t<\/div>\n\t\t\t\t<div class=\"elementor-element elementor-element-265bfb5 elementor-widget elementor-widget-text-editor\" data-id=\"265bfb5\" data-element_type=\"widget\" data-e-type=\"widget\" data-widget_type=\"text-editor.default\">\n\t\t\t\t<div class=\"elementor-widget-container\">\n\t\t\t\t\t\t\t\t\t<p class=\"MTH_UTI\" style=\"text-align: center;\"><a id=\"MTH_UTI\" class=\"lp-button button edublink-button-item edublink-button-style-custom edublink-button-size-large edublink-button-icon-position-after\" style=\"width: 225px; font-size: 16px; text-transform: none; color: #181818;\" href=\"https:\/\/www.utiped.com.ar\/registro\/?utm_source=web_mednet&amp;utm_medium=boton_inscribirme&amp;utm_campaign=trauma&amp;utm_id=966\" target=\"_blank\" rel=\"noopener\">Inscribirme<i class=\"icon-4\"><\/i><\/a><\/p>\t\t\t\t\t\t\t\t<\/div>\n\t\t\t\t<\/div>\n\t\t\t\t\t<\/div>\n\t\t\t\t<\/div>\n\t\t<div class=\"elementor-element elementor-element-4a580d2 e-flex e-con-boxed e-con e-parent\" data-id=\"4a580d2\" data-element_type=\"container\" data-e-type=\"container\">\n\t\t\t\t\t<div class=\"e-con-inner\">\n\t\t\t\t<div class=\"elementor-element elementor-element-c8d2520 elementor-widget elementor-widget-html\" data-id=\"c8d2520\" data-element_type=\"widget\" data-e-type=\"widget\" data-widget_type=\"html.default\">\n\t\t\t\t<div class=\"elementor-widget-container\">\n\t\t\t\t\t<script type=\"text\/javascript\">\n    jQuery(document).ready(function($) {\n        \/\/ Selecciona los elementos espec\u00edficos dentro de las clases\n        var courseValueElements = $('.edublink-course-details-features-item.mdn_ars .edublink-course-feature-item-value, .edublink-course-details-features-item.mdn_usd .edublink-course-feature-item-value');\n\n        \/\/ Funci\u00f3n para formatear el n\u00famero con separador de miles\n        function numberWithDots(number) {\n            return number.toString().replace(\/\\B(?=(\\d{3})+(?!\\d))\/g, \".\");\n        }\n\n        \/\/ Itera sobre cada elemento seleccionado\n        courseValueElements.each(function() {\n            \/\/ Obtiene el texto del elemento actual\n            var courseValueText = $(this).text();\n\n            \/\/ Verifica si el car\u00e1cter \"|\" est\u00e1 presente\n            if (courseValueText.includes('|')) {\n                \/\/ Divide el texto usando el car\u00e1cter \"|\"\n                var values = courseValueText.split('|');\n\n                \/\/ Elimina espacios en blanco alrededor de los valores\n                var valueBefore = numberWithDots(values[0].trim());\n                var valueAfter = numberWithDots(values[1].trim());\n\n                \/\/ Realiza el c\u00e1lculo adicional\n                var result = Math.round((1 - (parseFloat(valueAfter.replace(\/\\.\/g, '')) \/ parseFloat(valueBefore.replace(\/\\.\/g, '')))) * 100);\n\n                \/\/ Crea un nuevo contenido con el formato deseado\n                var formattedContent = '<del>' + valueBefore + '<\/del> <strong style=\"color: #007DFF;\">' + valueAfter + '<\/strong> <strong style=\"color: #007DFF;\">(' + result + '% off)<\/strong>';\n\n                \/\/ Reemplaza el contenido del elemento con el nuevo formato\n                $(this).html(formattedContent);\n            } else {\n                \/\/ No hace nada si el car\u00e1cter \"|\" no est\u00e1 presente\n            }\n        });\n    });\n<\/script>\t\t\t\t<\/div>\n\t\t\t\t<\/div>\n\t\t\t\t<div class=\"elementor-element elementor-element-047a8ff elementor-widget elementor-widget-html\" data-id=\"047a8ff\" data-element_type=\"widget\" data-e-type=\"widget\" data-widget_type=\"html.default\">\n\t\t\t\t<div class=\"elementor-widget-container\">\n\t\t\t\t\t<script type=\"text\/javascript\">\n    jQuery(document).ready(function($) {\n        \/\/ Obt\u00e9n la URL actual de la p\u00e1gina\n        var currentUrl = window.location.href;\n\n        \/\/ Construye la URL de WhatsApp con el texto personalizado\n        var whatsappUrl = 'whatsapp:\/\/send?text=Mir\u00e1 el curso que acabo de ver en Mednet: ' + currentUrl;\n\n        \/\/ Crea el bot\u00f3n de compartir en WhatsApp con estilos personalizados\n        var whatsappButton = '<li class=\"edublink-social-share-each-icon whatsapp\">' +\n                                '<a class=\"edublink-social-share-link\" href=\"' + whatsappUrl + '\" target=\"_blank\" title=\"Share on WhatsApp\">' +\n                                    '<i class=\"ri ri-whatsapp-line\" style=\"font-size: 24px; font-weight: bold;\"><\/i>' +\n                                '<\/a>' +\n                            '<\/li>';\n\n        \/\/ Agrega el bot\u00f3n al contenedor de botones de compartir\n        $('.edublink-social-share-icons-wrapper').append(whatsappButton);\n\n        \/\/ Agrega estilos para cambiar de color al hacer hover\n        $('.edublink-social-share-link').hover(\n            function() {\n                \/\/ Al hacer hover\n                $(this).find('i').css('color', '#ffffff'); \/\/ Cambia a blanco\n            },\n            function() {\n                \/\/ Al dejar de hacer hover\n                $(this).find('i').css('color', ''); \/\/ Vuelve al color normal (puedes ajustar esto seg\u00fan el color original)\n            }\n        );\n    });\n<\/script>\t\t\t\t<\/div>\n\t\t\t\t<\/div>\n\t\t\t\t<div class=\"elementor-element elementor-element-f747dc1 elementor-widget elementor-widget-html\" data-id=\"f747dc1\" data-element_type=\"widget\" data-e-type=\"widget\" data-widget_type=\"html.default\">\n\t\t\t\t<div class=\"elementor-widget-container\">\n\t\t\t\t\t<script type=\"text\/javascript\">\n    jQuery(document).ready(function($) {\n        \/\/ Obt\u00e9n el t\u00edtulo del curso\n        var courseTitle = $('.edublink-course-title h1.entry-title').text();\n\n        \/\/ Obt\u00e9n la URL actual de la p\u00e1gina\n        var currentUrl = window.location.href;\n\n        \/\/ Construye el enlace de correo electr\u00f3nico con el asunto y cuerpo personalizados\n        var mailtoLink = 'mailto:?subject=' + encodeURIComponent(courseTitle) + '&body=Mir\u00e1 el curso que acabo de ver en Mednet: ' + encodeURIComponent(currentUrl);\n\n        \/\/ Crea el bot\u00f3n de compartir por correo electr\u00f3nico con estilos personalizados\n        var mailButton = '<li class=\"edublink-social-share-each-icon mail\">' +\n                            '<a class=\"edublink-social-share-link\" href=\"' + mailtoLink + '\" title=\"Share via Email\">' +\n                                '<i class=\"ri-mail-line\" style=\"font-size: 22px; font-weight: bold;\"><\/i>' +\n                            '<\/a>' +\n                        '<\/li>';\n\n        \/\/ Agrega el bot\u00f3n al contenedor de botones de compartir\n        $('.edublink-social-share-icons-wrapper').append(mailButton);\n\n        \/\/ Agrega estilos para cambiar de color al hacer hover\n        $('.edublink-social-share-link').hover(\n            function() {\n                \/\/ Al hacer hover\n                $(this).find('i').css('color', '#ffffff'); \/\/ Cambia a blanco\n            },\n            function() {\n                \/\/ Al dejar de hacer hover\n                $(this).find('i').css('color', ''); \/\/ Vuelve al color normal (puedes ajustar esto seg\u00fan el color original)\n            }\n        );\n    });\n<\/script>\t\t\t\t<\/div>\n\t\t\t\t<\/div>\n\t\t\t\t\t<\/div>\n\t\t\t\t<\/div>\n\t\t<div class=\"elementor-element elementor-element-0b24ed9 e-flex e-con-boxed e-con e-parent\" data-id=\"0b24ed9\" data-element_type=\"container\" data-e-type=\"container\">\n\t\t\t\t\t<div class=\"e-con-inner\">\n\t\t\t\t<div class=\"elementor-element elementor-element-0548ff0 elementor-hidden-tablet elementor-hidden-mobile elementor-widget elementor-widget-image\" data-id=\"0548ff0\" data-element_type=\"widget\" data-e-type=\"widget\" data-widget_type=\"image.default\">\n\t\t\t\t<div class=\"elementor-widget-container\">\n\t\t\t\t\t\t\t\t\t\t\t\t\t\t\t\t<a href=\"https:\/\/api.whatsapp.com\/send?phone=5491128464954&#038;text=%C2%A1Hola!%20Quer\u00eda%20consultar%20por%20el%20descuento%20grupal%20para%20el%20Curso%20Manejo%20Hospitalario%20del%20Trauma%20Pedi\u00e1trico\">\n\t\t\t\t\t\t\t<img fetchpriority=\"high\" decoding=\"async\" width=\"2048\" height=\"512\" src=\"https:\/\/www.mednet.com.ar\/wp-content\/uploads\/2026\/02\/becas_grupales-2048x512.jpg\" class=\"attachment-2048x2048 size-2048x2048 wp-image-33569\" alt=\"\" srcset=\"https:\/\/www.mednet.com.ar\/wp-content\/uploads\/2026\/02\/becas_grupales-2048x512.jpg 2048w, https:\/\/www.mednet.com.ar\/wp-content\/uploads\/2026\/02\/becas_grupales-300x75.jpg 300w, https:\/\/www.mednet.com.ar\/wp-content\/uploads\/2026\/02\/becas_grupales-1024x256.jpg 1024w, https:\/\/www.mednet.com.ar\/wp-content\/uploads\/2026\/02\/becas_grupales-768x192.jpg 768w, https:\/\/www.mednet.com.ar\/wp-content\/uploads\/2026\/02\/becas_grupales-1536x384.jpg 1536w, https:\/\/www.mednet.com.ar\/wp-content\/uploads\/2026\/02\/becas_grupales-18x5.jpg 18w\" sizes=\"(max-width: 2048px) 100vw, 2048px\" \/>\t\t\t\t\t\t\t\t<\/a>\n\t\t\t\t\t\t\t\t\t\t\t\t\t\t\t<\/div>\n\t\t\t\t<\/div>\n\t\t\t\t<div class=\"elementor-element elementor-element-6cf41cc elementor-hidden-desktop elementor-widget elementor-widget-image\" data-id=\"6cf41cc\" data-element_type=\"widget\" data-e-type=\"widget\" data-widget_type=\"image.default\">\n\t\t\t\t<div class=\"elementor-widget-container\">\n\t\t\t\t\t\t\t\t\t\t\t\t\t\t\t\t<a href=\"https:\/\/api.whatsapp.com\/send?phone=5491128464954&#038;text=%C2%A1Hola!%20Quer\u00eda%20consultar%20por%20el%20descuento%20grupal%20para%20el%20Curso%20Manejo%20Hospitalario%20del%20Trauma%20Pedi\u00e1trico\">\n\t\t\t\t\t\t\t<img decoding=\"async\" width=\"300\" height=\"300\" src=\"https:\/\/www.mednet.com.ar\/wp-content\/uploads\/2026\/02\/Piezas-Beca-BannerRRSS_OP2-1080x1080-1-300x300.jpg\" class=\"attachment-medium size-medium wp-image-33565\" alt=\"\" srcset=\"https:\/\/www.mednet.com.ar\/wp-content\/uploads\/2026\/02\/Piezas-Beca-BannerRRSS_OP2-1080x1080-1-300x300.jpg 300w, https:\/\/www.mednet.com.ar\/wp-content\/uploads\/2026\/02\/Piezas-Beca-BannerRRSS_OP2-1080x1080-1-1024x1024.jpg 1024w, https:\/\/www.mednet.com.ar\/wp-content\/uploads\/2026\/02\/Piezas-Beca-BannerRRSS_OP2-1080x1080-1-150x150.jpg 150w, https:\/\/www.mednet.com.ar\/wp-content\/uploads\/2026\/02\/Piezas-Beca-BannerRRSS_OP2-1080x1080-1-768x768.jpg 768w, https:\/\/www.mednet.com.ar\/wp-content\/uploads\/2026\/02\/Piezas-Beca-BannerRRSS_OP2-1080x1080-1-1536x1536.jpg 1536w, https:\/\/www.mednet.com.ar\/wp-content\/uploads\/2026\/02\/Piezas-Beca-BannerRRSS_OP2-1080x1080-1-2048x2048.jpg 2048w, https:\/\/www.mednet.com.ar\/wp-content\/uploads\/2026\/02\/Piezas-Beca-BannerRRSS_OP2-1080x1080-1-12x12.jpg 12w, https:\/\/www.mednet.com.ar\/wp-content\/uploads\/2026\/02\/Piezas-Beca-BannerRRSS_OP2-1080x1080-1-750x750.jpg 750w\" sizes=\"(max-width: 300px) 100vw, 300px\" \/>\t\t\t\t\t\t\t\t<\/a>\n\t\t\t\t\t\t\t\t\t\t\t\t\t\t\t<\/div>\n\t\t\t\t<\/div>\n\t\t\t\t\t<\/div>\n\t\t\t\t<\/div>\n\t\t<div class=\"elementor-element elementor-element-b81535b e-flex e-con-boxed e-con e-parent\" data-id=\"b81535b\" data-element_type=\"container\" data-e-type=\"container\">\n\t\t\t\t\t<div class=\"e-con-inner\">\n\t\t<div class=\"elementor-element elementor-element-145ebe1 e-con-full e-flex e-con e-child\" data-id=\"145ebe1\" data-element_type=\"container\" data-e-type=\"container\">\n\t\t\t\t<div class=\"elementor-element elementor-element-91352e1 elementor-widget elementor-widget-edublink-site-logo\" data-id=\"91352e1\" data-element_type=\"widget\" data-e-type=\"widget\" data-widget_type=\"edublink-site-logo.default\">\n\t\t\t\t<div class=\"elementor-widget-container\">\n\t\t\t\t\t<div class=\"edublink-site-logo-widget-container\"><span class=\"edublink-site-main-logo edublink-site-main-logo-type\"><a href=\"https:\/\/www.mednet.com.ar\" data-elementor-open-lightbox=\"\" class=\"elementor-clickable\"><img decoding=\"async\" alt=\"logo del Hospital de Ni\u00f1os Dr. Ricardo Guti\u00e9rrez\" src=\"https:\/\/www.mednet.com.ar\/wp-content\/uploads\/2024\/02\/Logo-HNRG-celeste-copia-300x300.webp\"><\/a><\/span><\/div>\t\t\t\t<\/div>\n\t\t\t\t<\/div>\n\t\t\t\t<\/div>\n\t\t<div class=\"elementor-element elementor-element-b8d0042 e-con-full e-flex e-con e-child\" data-id=\"b8d0042\" data-element_type=\"container\" data-e-type=\"container\">\n\t\t\t\t<div class=\"elementor-element elementor-element-081556b elementor-widget elementor-widget-text-editor\" data-id=\"081556b\" data-element_type=\"widget\" data-e-type=\"widget\" data-widget_type=\"text-editor.default\">\n\t\t\t\t<div class=\"elementor-widget-container\">\n\t\t\t\t\t\t\t\t\t<p><br \/>Con la participaci\u00f3n de profesionales del <br \/><strong>Hospital de Ni\u00f1os Dr. Ricardo Guti\u00e9rrez (HNRG)<\/strong><\/p>\t\t\t\t\t\t\t\t<\/div>\n\t\t\t\t<\/div>\n\t\t\t\t<\/div>\n\t\t\t\t\t<\/div>\n\t\t\t\t<\/div>\n\t\t\t\t<\/div>\n\t\t","protected":false},"excerpt":{"rendered":"<p>Aportar los conocimientos necesarios para poder realizar una atenci\u00f3n hospitalaria inicial adecuada y calificada a las v\u00edctimas de trauma pedi\u00e1trico.<\/p>","protected":false},"author":1,"featured_media":31323,"comment_status":"closed","ping_status":"closed","template":"","course_category":[82],"course_tag":[73,75,76,77,131,79,80,81,132],"class_list":["post-21378","lp_course","type-lp_course","status-publish","has-post-thumbnail","hentry","course_category-medicina-interna-y-cuidados-intensivos","course_tag-capacitacion-online","course_tag-curso-medicina","course_tag-cursos","course_tag-cursos-online","course_tag-manejo-hospitalario-del-trauma-pediatrico","course_tag-medicina-online","course_tag-mednet","course_tag-mednet-cursos","course_tag-trauma","course"],"yoast_head":"<!-- This site is optimized with the Yoast SEO plugin v27.5 - https:\/\/yoast.com\/product\/yoast-seo-wordpress\/ -->\n<title>Manejo hospitalario del trauma pedi\u00e1trico - Mednet<\/title>\n<meta name=\"description\" content=\"Aportar los conocimientos necesarios para poder realizar una atenci\u00f3n hospitalaria inicial adecuada y calificada a las v\u00edctimas de trauma pedi\u00e1trico.\" \/>\n<meta name=\"robots\" content=\"index, follow, max-snippet:-1, max-image-preview:large, max-video-preview:-1\" \/>\n<link rel=\"canonical\" href=\"https:\/\/www.mednet.com.ar\/en\/cursos\/manejo-hospitalario-del-trauma-pediatrico\/\" \/>\n<meta property=\"og:locale\" content=\"en_US\" \/>\n<meta property=\"og:type\" content=\"article\" \/>\n<meta property=\"og:title\" content=\"Manejo hospitalario del trauma pedi\u00e1trico - Mednet\" \/>\n<meta property=\"og:description\" content=\"Aportar los conocimientos necesarios para poder realizar una atenci\u00f3n hospitalaria inicial adecuada y calificada a las v\u00edctimas de trauma pedi\u00e1trico.\" \/>\n<meta property=\"og:url\" content=\"https:\/\/www.mednet.com.ar\/en\/cursos\/manejo-hospitalario-del-trauma-pediatrico\/\" \/>\n<meta property=\"og:site_name\" content=\"Mednet\" \/>\n<meta property=\"article:publisher\" content=\"https:\/\/www.facebook.com\/MedNetla\/\" \/>\n<meta property=\"article:modified_time\" content=\"2026-04-08T22:07:19+00:00\" \/>\n<meta property=\"og:image\" content=\"https:\/\/www.mednet.com.ar\/wp-content\/uploads\/2024\/02\/mth.webp\" \/>\n\t<meta property=\"og:image:width\" content=\"1200\" \/>\n\t<meta property=\"og:image:height\" content=\"800\" \/>\n\t<meta property=\"og:image:type\" content=\"image\/webp\" \/>\n<meta name=\"twitter:card\" content=\"summary_large_image\" \/>\n<meta name=\"twitter:label1\" content=\"Est. reading time\" \/>\n\t<meta name=\"twitter:data1\" content=\"3 minutes\" \/>\n<script type=\"application\/ld+json\" class=\"yoast-schema-graph\">{\"@context\":\"https:\\\/\\\/schema.org\",\"@graph\":[{\"@type\":\"WebPage\",\"@id\":\"https:\\\/\\\/www.mednet.com.ar\\\/cursos\\\/manejo-hospitalario-del-trauma-pediatrico\\\/\",\"url\":\"https:\\\/\\\/www.mednet.com.ar\\\/cursos\\\/manejo-hospitalario-del-trauma-pediatrico\\\/\",\"name\":\"Manejo hospitalario del trauma pedi\u00e1trico - Mednet\",\"isPartOf\":{\"@id\":\"https:\\\/\\\/www.mednet.com.ar\\\/#website\"},\"primaryImageOfPage\":{\"@id\":\"https:\\\/\\\/www.mednet.com.ar\\\/cursos\\\/manejo-hospitalario-del-trauma-pediatrico\\\/#primaryimage\"},\"image\":{\"@id\":\"https:\\\/\\\/www.mednet.com.ar\\\/cursos\\\/manejo-hospitalario-del-trauma-pediatrico\\\/#primaryimage\"},\"thumbnailUrl\":\"https:\\\/\\\/www.mednet.com.ar\\\/wp-content\\\/uploads\\\/2024\\\/02\\\/mth.webp\",\"datePublished\":\"2024-02-08T16:56:54+00:00\",\"dateModified\":\"2026-04-08T22:07:19+00:00\",\"description\":\"Aportar los conocimientos necesarios para poder realizar una atenci\u00f3n hospitalaria inicial adecuada y calificada a las v\u00edctimas de trauma pedi\u00e1trico.\",\"breadcrumb\":{\"@id\":\"https:\\\/\\\/www.mednet.com.ar\\\/cursos\\\/manejo-hospitalario-del-trauma-pediatrico\\\/#breadcrumb\"},\"inLanguage\":\"en-US\",\"potentialAction\":[{\"@type\":\"ReadAction\",\"target\":[\"https:\\\/\\\/www.mednet.com.ar\\\/cursos\\\/manejo-hospitalario-del-trauma-pediatrico\\\/\"]}]},{\"@type\":\"ImageObject\",\"inLanguage\":\"en-US\",\"@id\":\"https:\\\/\\\/www.mednet.com.ar\\\/cursos\\\/manejo-hospitalario-del-trauma-pediatrico\\\/#primaryimage\",\"url\":\"https:\\\/\\\/www.mednet.com.ar\\\/wp-content\\\/uploads\\\/2024\\\/02\\\/mth.webp\",\"contentUrl\":\"https:\\\/\\\/www.mednet.com.ar\\\/wp-content\\\/uploads\\\/2024\\\/02\\\/mth.webp\",\"width\":1200,\"height\":800},{\"@type\":\"BreadcrumbList\",\"@id\":\"https:\\\/\\\/www.mednet.com.ar\\\/cursos\\\/manejo-hospitalario-del-trauma-pediatrico\\\/#breadcrumb\",\"itemListElement\":[{\"@type\":\"ListItem\",\"position\":1,\"name\":\"Portada\",\"item\":\"https:\\\/\\\/www.mednet.com.ar\\\/\"},{\"@type\":\"ListItem\",\"position\":2,\"name\":\"Courses\",\"item\":\"https:\\\/\\\/www.mednet.com.ar\\\/cursos-2\\\/\"},{\"@type\":\"ListItem\",\"position\":3,\"name\":\"Manejo hospitalario del trauma pedi\u00e1trico\"}]},{\"@type\":\"WebSite\",\"@id\":\"https:\\\/\\\/www.mednet.com.ar\\\/#website\",\"url\":\"https:\\\/\\\/www.mednet.com.ar\\\/\",\"name\":\"Mednet\",\"description\":\"Capacitaciones Online\",\"publisher\":{\"@id\":\"https:\\\/\\\/www.mednet.com.ar\\\/#organization\"},\"potentialAction\":[{\"@type\":\"SearchAction\",\"target\":{\"@type\":\"EntryPoint\",\"urlTemplate\":\"https:\\\/\\\/www.mednet.com.ar\\\/?s={search_term_string}\"},\"query-input\":{\"@type\":\"PropertyValueSpecification\",\"valueRequired\":true,\"valueName\":\"search_term_string\"}}],\"inLanguage\":\"en-US\"},{\"@type\":\"Organization\",\"@id\":\"https:\\\/\\\/www.mednet.com.ar\\\/#organization\",\"name\":\"Mednet\",\"url\":\"https:\\\/\\\/www.mednet.com.ar\\\/\",\"logo\":{\"@type\":\"ImageObject\",\"inLanguage\":\"en-US\",\"@id\":\"https:\\\/\\\/www.mednet.com.ar\\\/#\\\/schema\\\/logo\\\/image\\\/\",\"url\":\"https:\\\/\\\/www.mednet.com.ar\\\/wp-content\\\/uploads\\\/2025\\\/02\\\/cropped-logo-mednet-capacitaciones-online-rb.png\",\"contentUrl\":\"https:\\\/\\\/www.mednet.com.ar\\\/wp-content\\\/uploads\\\/2025\\\/02\\\/cropped-logo-mednet-capacitaciones-online-rb.png\",\"width\":376,\"height\":150,\"caption\":\"Mednet\"},\"image\":{\"@id\":\"https:\\\/\\\/www.mednet.com.ar\\\/#\\\/schema\\\/logo\\\/image\\\/\"},\"sameAs\":[\"https:\\\/\\\/www.facebook.com\\\/MedNetla\\\/\",\"https:\\\/\\\/www.instagram.com\\\/mednetla\\\/\",\"https:\\\/\\\/ar.linkedin.com\\\/company\\\/mednet-capacitaciones-online\"]}]}<\/script>\n<!-- \/ Yoast SEO plugin. -->","yoast_head_json":{"title":"Manejo hospitalario del trauma pedi\u00e1trico - Mednet","description":"Aportar los conocimientos necesarios para poder realizar una atenci\u00f3n hospitalaria inicial adecuada y calificada a las v\u00edctimas de trauma pedi\u00e1trico.","robots":{"index":"index","follow":"follow","max-snippet":"max-snippet:-1","max-image-preview":"max-image-preview:large","max-video-preview":"max-video-preview:-1"},"canonical":"https:\/\/www.mednet.com.ar\/en\/cursos\/manejo-hospitalario-del-trauma-pediatrico\/","og_locale":"en_US","og_type":"article","og_title":"Manejo hospitalario del trauma pedi\u00e1trico - Mednet","og_description":"Aportar los conocimientos necesarios para poder realizar una atenci\u00f3n hospitalaria inicial adecuada y calificada a las v\u00edctimas de trauma pedi\u00e1trico.","og_url":"https:\/\/www.mednet.com.ar\/en\/cursos\/manejo-hospitalario-del-trauma-pediatrico\/","og_site_name":"Mednet","article_publisher":"https:\/\/www.facebook.com\/MedNetla\/","article_modified_time":"2026-04-08T22:07:19+00:00","og_image":[{"width":1200,"height":800,"url":"https:\/\/www.mednet.com.ar\/wp-content\/uploads\/2024\/02\/mth.webp","type":"image\/webp"}],"twitter_card":"summary_large_image","twitter_misc":{"Est. reading time":"3 minutes"},"schema":{"@context":"https:\/\/schema.org","@graph":[{"@type":"WebPage","@id":"https:\/\/www.mednet.com.ar\/cursos\/manejo-hospitalario-del-trauma-pediatrico\/","url":"https:\/\/www.mednet.com.ar\/cursos\/manejo-hospitalario-del-trauma-pediatrico\/","name":"Manejo hospitalario del trauma pedi\u00e1trico - Mednet","isPartOf":{"@id":"https:\/\/www.mednet.com.ar\/#website"},"primaryImageOfPage":{"@id":"https:\/\/www.mednet.com.ar\/cursos\/manejo-hospitalario-del-trauma-pediatrico\/#primaryimage"},"image":{"@id":"https:\/\/www.mednet.com.ar\/cursos\/manejo-hospitalario-del-trauma-pediatrico\/#primaryimage"},"thumbnailUrl":"https:\/\/www.mednet.com.ar\/wp-content\/uploads\/2024\/02\/mth.webp","datePublished":"2024-02-08T16:56:54+00:00","dateModified":"2026-04-08T22:07:19+00:00","description":"Aportar los conocimientos necesarios para poder realizar una atenci\u00f3n hospitalaria inicial adecuada y calificada a las v\u00edctimas de trauma pedi\u00e1trico.","breadcrumb":{"@id":"https:\/\/www.mednet.com.ar\/cursos\/manejo-hospitalario-del-trauma-pediatrico\/#breadcrumb"},"inLanguage":"en-US","potentialAction":[{"@type":"ReadAction","target":["https:\/\/www.mednet.com.ar\/cursos\/manejo-hospitalario-del-trauma-pediatrico\/"]}]},{"@type":"ImageObject","inLanguage":"en-US","@id":"https:\/\/www.mednet.com.ar\/cursos\/manejo-hospitalario-del-trauma-pediatrico\/#primaryimage","url":"https:\/\/www.mednet.com.ar\/wp-content\/uploads\/2024\/02\/mth.webp","contentUrl":"https:\/\/www.mednet.com.ar\/wp-content\/uploads\/2024\/02\/mth.webp","width":1200,"height":800},{"@type":"BreadcrumbList","@id":"https:\/\/www.mednet.com.ar\/cursos\/manejo-hospitalario-del-trauma-pediatrico\/#breadcrumb","itemListElement":[{"@type":"ListItem","position":1,"name":"Portada","item":"https:\/\/www.mednet.com.ar\/"},{"@type":"ListItem","position":2,"name":"Courses","item":"https:\/\/www.mednet.com.ar\/cursos-2\/"},{"@type":"ListItem","position":3,"name":"Manejo hospitalario del trauma pedi\u00e1trico"}]},{"@type":"WebSite","@id":"https:\/\/www.mednet.com.ar\/#website","url":"https:\/\/www.mednet.com.ar\/","name":"Mednet","description":"Capacitaciones Online","publisher":{"@id":"https:\/\/www.mednet.com.ar\/#organization"},"potentialAction":[{"@type":"SearchAction","target":{"@type":"EntryPoint","urlTemplate":"https:\/\/www.mednet.com.ar\/?s={search_term_string}"},"query-input":{"@type":"PropertyValueSpecification","valueRequired":true,"valueName":"search_term_string"}}],"inLanguage":"en-US"},{"@type":"Organization","@id":"https:\/\/www.mednet.com.ar\/#organization","name":"Mednet","url":"https:\/\/www.mednet.com.ar\/","logo":{"@type":"ImageObject","inLanguage":"en-US","@id":"https:\/\/www.mednet.com.ar\/#\/schema\/logo\/image\/","url":"https:\/\/www.mednet.com.ar\/wp-content\/uploads\/2025\/02\/cropped-logo-mednet-capacitaciones-online-rb.png","contentUrl":"https:\/\/www.mednet.com.ar\/wp-content\/uploads\/2025\/02\/cropped-logo-mednet-capacitaciones-online-rb.png","width":376,"height":150,"caption":"Mednet"},"image":{"@id":"https:\/\/www.mednet.com.ar\/#\/schema\/logo\/image\/"},"sameAs":["https:\/\/www.facebook.com\/MedNetla\/","https:\/\/www.instagram.com\/mednetla\/","https:\/\/ar.linkedin.com\/company\/mednet-capacitaciones-online"]}]}},"_links":{"self":[{"href":"https:\/\/www.mednet.com.ar\/en\/wp-json\/wp\/v2\/lp_course\/21378","targetHints":{"allow":["GET"]}}],"collection":[{"href":"https:\/\/www.mednet.com.ar\/en\/wp-json\/wp\/v2\/lp_course"}],"about":[{"href":"https:\/\/www.mednet.com.ar\/en\/wp-json\/wp\/v2\/types\/lp_course"}],"author":[{"embeddable":true,"href":"https:\/\/www.mednet.com.ar\/en\/wp-json\/wp\/v2\/users\/1"}],"replies":[{"embeddable":true,"href":"https:\/\/www.mednet.com.ar\/en\/wp-json\/wp\/v2\/comments?post=21378"}],"version-history":[{"count":59,"href":"https:\/\/www.mednet.com.ar\/en\/wp-json\/wp\/v2\/lp_course\/21378\/revisions"}],"predecessor-version":[{"id":33709,"href":"https:\/\/www.mednet.com.ar\/en\/wp-json\/wp\/v2\/lp_course\/21378\/revisions\/33709"}],"wp:featuredmedia":[{"embeddable":true,"href":"https:\/\/www.mednet.com.ar\/en\/wp-json\/wp\/v2\/media\/31323"}],"wp:attachment":[{"href":"https:\/\/www.mednet.com.ar\/en\/wp-json\/wp\/v2\/media?parent=21378"}],"wp:term":[{"taxonomy":"course_category","embeddable":true,"href":"https:\/\/www.mednet.com.ar\/en\/wp-json\/wp\/v2\/course_category?post=21378"},{"taxonomy":"course_tag","embeddable":true,"href":"https:\/\/www.mednet.com.ar\/en\/wp-json\/wp\/v2\/course_tag?post=21378"}],"curies":[{"name":"wp","href":"https:\/\/api.w.org\/{rel}","templated":true}]}}