{"id":21909,"date":"2024-02-11T19:42:45","date_gmt":"2024-02-11T22:42:45","guid":{"rendered":"https:\/\/www.mednet.com.ar\/?post_type=lp_course&#038;p=21909"},"modified":"2026-04-08T19:00:45","modified_gmt":"2026-04-08T22:00:45","slug":"capacitacion-en-enfermeria-pediatrica","status":"publish","type":"lp_course","link":"https:\/\/www.mednet.com.ar\/en\/cursos\/capacitacion-en-enfermeria-pediatrica\/","title":{"rendered":"Capacitaci\u00f3n en Enfermer\u00eda Pedi\u00e1trica"},"content":{"rendered":"\t\t<div data-elementor-type=\"wp-post\" data-elementor-id=\"21909\" class=\"elementor elementor-21909\">\n\t\t\t\t<div class=\"elementor-element elementor-element-18b05940 e-flex e-con-boxed e-con e-parent\" data-id=\"18b05940\" data-element_type=\"container\" data-e-type=\"container\">\n\t\t\t\t\t<div class=\"e-con-inner\">\n\t\t\t\t<div class=\"elementor-element elementor-element-701f708 elementor-widget elementor-widget-text-editor\" data-id=\"701f708\" data-element_type=\"widget\" data-e-type=\"widget\" data-widget_type=\"text-editor.default\">\n\t\t\t\t<div class=\"elementor-widget-container\">\n\t\t\t\t\t\t\t\t\t<h3>Objetivos<\/h3><div><div id=\"yui_3_18_1_1_1707685013249_24\"><div id=\"yui_3_18_1_1_1707685013249_23\"><div class=\"panel-body\"><p id=\"yui_3_18_1_1_1707689526402_30\">La especializaci\u00f3n en enfermer\u00eda pedi\u00e1trica no est\u00e1 conformada como tal y entendemos la importancia de obtener los conocimientos espec\u00edficos para esta etapa de vida. No solo las patolog\u00edas son diferentes a las del paciente adulto, sino tambi\u00e9n el uso de f\u00e1rmacos, ya que su metabolismo y farmacocin\u00e9tica difieren. Por tanto, <strong>no se puede trasladar el saber de la enfermer\u00eda de adultos a los ni\u00f1os y ni\u00f1as. <\/strong><\/p><p>La Capacitaci\u00f3n en Enfermer\u00eda Pedi\u00e1trica te instruir\u00e1 en los temas generales de la especialidad para casos de necesidad y urgencia, permiti\u00e9ndote ayudar y asistir a pacientes de edad pedi\u00e1trica, tanto en lo ambulatorio como en la internaci\u00f3n. Los docentes son M\u00e9dicos\/as y Enfermeros\/as Especializados\/as del Hospital de Ni\u00f1os \u201cDr. Ricardo Guti\u00e9rrez\u201d HNRG, de gran calidad humana, y que se encuentran altamente capacitados para brindarte toda su experiencia y apoyo para tu aprendizaje.<\/p><\/div><\/div><\/div><\/div>\t\t\t\t\t\t\t\t<\/div>\n\t\t\t\t<\/div>\n\t\t\t\t<div class=\"elementor-element elementor-element-6608f50 elementor-widget elementor-widget-edublink-accordion\" data-id=\"6608f50\" data-element_type=\"widget\" data-e-type=\"widget\" data-widget_type=\"edublink-accordion.default\">\n\t\t\t\t<div class=\"elementor-widget-container\">\n\t\t\t\t\t        <div class=\"eb-accordion header-default border-default style-default\">\n                            <div class=\"eb-accordion-item default-active elementor-repeater-item-f1a3179\">\n                    <h5                    class=\"eb-accordion-header default-active\">\n                        MODULO 1                    <\/h5>                    <div class=\"eb-accordion-content\">\n                        <div class=\"eb-accordion-body default-active\">\n                            <h5 id=\"yui_3_18_1_1_1707691420178_22\" class=\"panel-title\">Atenci\u00f3n del ni\u00f1o sano<\/h5><ul class=\"edublink-ul-style-check\"><li>Atenci\u00f3n del ni\u00f1o sano. Ex\u00e1menes de salud. Crecimiento y desarrollo. Lactancia materna y artificial, alimentaci\u00f3n complementaria del lactante y preescolar.\u00a0<em>Dr. Guillermo Moscatelli<\/em><\/li><li>Inmunizaciones.\u00a0<em>Lic. Lorena \u00c9rica Cardozo<\/em><\/li><\/ul>                        <\/div>\n                    <\/div>\n                <\/div>\n                            <div class=\"eb-accordion-item elementor-repeater-item-66c9cfc\">\n                    <h5                    class=\"eb-accordion-header\">\n                        MODULO 2                    <\/h5>                    <div class=\"eb-accordion-content\">\n                        <div class=\"eb-accordion-body\">\n                            <h5 id=\"yui_3_18_1_1_1707691420178_32\" class=\"panel-title\"><strong>T\u00e9cnicas pedi\u00e1tricas<\/strong><\/h5><ul class=\"edublink-ul-style-check\"><li>Medida de los signos vitales en Pediatr\u00eda (FC, FR, TA, ox\u00edgeno, temperatura). Acceso venoso. V\u00edas de administraci\u00f3n de f\u00e1rmacos. Pulsioximetr\u00eda. Oxigenoterapia. Secuencia r\u00e1pida de intubaci\u00f3n. Extracci\u00f3n de muestras de sangre en Pediatr\u00eda. Sondaje vesical.\u00a0<em>Lic. David Castillo<\/em><\/li><\/ul>                        <\/div>\n                    <\/div>\n                <\/div>\n                            <div class=\"eb-accordion-item elementor-repeater-item-1377ed8\">\n                    <h5                    class=\"eb-accordion-header\">\n                        MODULO 3                    <\/h5>                    <div class=\"eb-accordion-content\">\n                        <div class=\"eb-accordion-body\">\n                            <h5 id=\"yui_3_18_1_1_1707691420178_35\" class=\"panel-title\"><strong>Atenci\u00f3n del ni\u00f1o con problemas de salud I<\/strong><\/h5><ul class=\"edublink-ul-style-check\"><li>Cuidados pedi\u00e1tricos en problemas relacionados con el aparato respiratorio: laringitis, epiglotitis, bronquiolitis, asma, fibrosis qu\u00edstica. Cuidados pedi\u00e1tricos en problemas relacionados con el aparato cardiovascular: cardiopat\u00edas cong\u00e9nitas.\u00a0\u00a0<em>Lic. Noelia Bacheta<\/em><\/li><li>Cuidados pedi\u00e1tricos en problemas relacionados con el aparato digestivo. Alteraciones de la nutrici\u00f3n y metabolismo endocrino.\u00a0<em>Lic. Noelia Bacheta<\/em><\/li><\/ul>                        <\/div>\n                    <\/div>\n                <\/div>\n                            <div class=\"eb-accordion-item elementor-repeater-item-abcf18b\">\n                    <h5                    class=\"eb-accordion-header\">\n                        MODULO 4                    <\/h5>                    <div class=\"eb-accordion-content\">\n                        <div class=\"eb-accordion-body\">\n                            <div id=\"yui_3_18_1_1_1707687025806_44\" class=\"panel-heading\"><h5 id=\"yui_3_18_1_1_1707691420178_41\" class=\"panel-title\"><strong>Atenci\u00f3n del ni\u00f1o con problemas de salud II<\/strong><\/h5><\/div><ul class=\"edublink-ul-style-check\"><li>Disfunci\u00f3n hematol\u00f3gica o inmunol\u00f3gica. Anemia fisiol\u00f3gica del lactante. Anemias patol\u00f3gicas. Cuidados pedi\u00e1tricos en problemas relacionados con el aparato neurol\u00f3gico. Convulsiones febriles. Espasmo del sollozo.\u00a0<em>Lic. Carla Alcaraz<\/em><\/li><li>Cuidados pedi\u00e1tricos en problemas relacionados con el aparato renal: infecci\u00f3n urinaria, criptorquidia, s\u00edndrome nefr\u00f3tico y nefr\u00edtico.\u00a0<em>Lic. Carla Alcaraz<\/em><\/li><\/ul>                        <\/div>\n                    <\/div>\n                <\/div>\n                            <div class=\"eb-accordion-item elementor-repeater-item-fa7cfbe\">\n                    <h5                    class=\"eb-accordion-header\">\n                        MODULO 5                    <\/h5>                    <div class=\"eb-accordion-content\">\n                        <div class=\"eb-accordion-body\">\n                            <div id=\"yui_3_18_1_1_1707687025806_44\" class=\"panel-heading\"><h5 id=\"yui_3_18_1_1_1707691420178_48\" class=\"panel-title\"><strong>Atenci\u00f3n del ni\u00f1o con problemas de salud III\u00a0<\/strong><\/h5><\/div><ul class=\"edublink-ul-style-check\"><li>Enfermedades infecciosas de importancia pedi\u00e1trica.\u00a0<em>Lic. Carla Alcaraz<\/em><\/li><li>Maltrato infantil.\u00a0<em>Lic. Carla Alcaraz<\/em><\/li><li>Muerte s\u00fabita del lactante.\u00a0<em>Lic. Carla Alcaraz<\/em><\/li><\/ul>                        <\/div>\n                    <\/div>\n                <\/div>\n                            <div class=\"eb-accordion-item elementor-repeater-item-aba0ac8\">\n                    <h5                    class=\"eb-accordion-header\">\n                        MODULO 6                    <\/h5>                    <div class=\"eb-accordion-content\">\n                        <div class=\"eb-accordion-body\">\n                            <div id=\"yui_3_18_1_1_1707687025806_44\" class=\"panel-heading\"><h5 id=\"yui_3_18_1_1_1707691420178_54\" class=\"panel-title\">Urgencias y emergencias pedi\u00e1tricas I<\/h5><\/div><ul id=\"yui_3_18_1_1_1707690443672_56\" class=\"edublink-ul-style-check\"><li>Equipamiento de guardia, control y verificaci\u00f3n de los materiales de guardia. Recepci\u00f3n del paciente pedi\u00e1trico en la guardia. Manejo de la situaci\u00f3n familiar en diferentes escenarios.\u00a0<em>Lic. David Castillo\u00a0<\/em><\/li><li>Urgencias de las v\u00edas respiratorias. Episodio febril agudo. Convulsiones. Heridas y quemaduras. Intoxicaciones medicamentosas y no medicamentosas. Traumatismo craneal en el ni\u00f1o. Dolor abdominal y otros trastornos gastrointestinales. Manejo del dolor.\u00a0<em>Lic. David Castillo\u00a0<\/em><\/li><\/ul>                        <\/div>\n                    <\/div>\n                <\/div>\n                            <div class=\"eb-accordion-item elementor-repeater-item-3bf15e0\">\n                    <h5                    class=\"eb-accordion-header\">\n                        MODULO 7                    <\/h5>                    <div class=\"eb-accordion-content\">\n                        <div class=\"eb-accordion-body\">\n                            <div id=\"yui_3_18_1_1_1707687025806_44\" class=\"panel-heading\"><h5 id=\"yui_3_18_1_1_1707691420178_59\" class=\"panel-title\">Urgencias y emergencias pedi\u00e1tricas II<\/h5><\/div><ul id=\"yui_3_18_1_1_1707690443672_56\" class=\"edublink-ul-style-check\"><li>Cuidados del ni\u00f1o con necesidades especiales. Paciente cr\u00edtico. Manejo de la v\u00eda a\u00e9rea y la ventilaci\u00f3n en el paciente cr\u00edtico pedi\u00e1trico. T\u00e9cnicas de enfermer\u00eda en el paciente cr\u00edtico pedi\u00e1trico. Cuidados postoperatorios pedi\u00e1tricos.\u00a0\u00a0<em>Lic. David Castillo<\/em><\/li><li>Manejo en la terapia intensiva pedi\u00e1trica. Patolog\u00edas m\u00e1s prevalentes en cuidados intensivos pedi\u00e1tricos. El ni\u00f1o poli traumatizado.\u00a0<em>Lic. David Castillo<\/em><\/li><\/ul>                        <\/div>\n                    <\/div>\n                <\/div>\n                            <div class=\"eb-accordion-item elementor-repeater-item-f76298d\">\n                    <h5                    class=\"eb-accordion-header\">\n                        MODULO 8                    <\/h5>                    <div class=\"eb-accordion-content\">\n                        <div class=\"eb-accordion-body\">\n                            <div id=\"yui_3_18_1_1_1707687025806_44\" class=\"panel-heading\"><h5 id=\"yui_3_18_1_1_1707691420178_66\" class=\"panel-title\">Urgencias y emergencias pedi\u00e1tricas III<\/h5><\/div><ul id=\"yui_3_18_1_1_1707690443672_56\" class=\"edublink-ul-style-check\"><li>Soporte vital avanzado (RCP). S\u00edndromes aparentemente letales. Reconocimiento y actuaci\u00f3n ante el ni\u00f1o gravemente enfermo.\u00a0<em>Lic. David Castillo<\/em><\/li><li>Tri\u00e1ngulo de evaluaci\u00f3n pedi\u00e1trica (TEP) y su utilidad. Evaluaci\u00f3n del ABCDE pedi\u00e1trico. Obstrucci\u00f3n de la v\u00eda a\u00e9rea por cuerpo extra\u00f1o.\u00a0<em>Lic. David Castillo<\/em><\/li><li>Desfibrilador autom\u00e1tico en pediatr\u00eda. V\u00edas de infusi\u00f3n en RCP pedi\u00e1trica y f\u00e1rmacos.\u00a0<em>Lic. David Castillo<\/em><\/li><\/ul>                        <\/div>\n                    <\/div>\n                <\/div>\n                            <div class=\"eb-accordion-item elementor-repeater-item-35d72b6\">\n                    <h5                    class=\"eb-accordion-header\">\n                        BLOQUE FINAL                    <\/h5>                    <div class=\"eb-accordion-content\">\n                        <div class=\"eb-accordion-body\">\n                            <ul class=\"edublink-ul-style-check\"><li>Examen final<\/li><li>Encuesta de satisfacci\u00f3n<\/li><li>Descarga de certificados de aprobaci\u00f3n<\/li><\/ul>                        <\/div>\n                    <\/div>\n                <\/div>\n                    <\/div>\n        \t\t\t\t<\/div>\n\t\t\t\t<\/div>\n\t\t\t\t<div class=\"elementor-element elementor-element-265bfb5 elementor-widget elementor-widget-text-editor\" data-id=\"265bfb5\" data-element_type=\"widget\" data-e-type=\"widget\" data-widget_type=\"text-editor.default\">\n\t\t\t\t<div class=\"elementor-widget-container\">\n\t\t\t\t\t\t\t\t\t<p class=\"Enfermeria_MEDNET\" style=\"text-align: center;\"><a id=\"Enfermeria_MEDNET\" class=\"lp-button button edublink-button-item edublink-button-style-custom edublink-button-size-large edublink-button-icon-position-after\" style=\"width: 225px; font-size: 16px; text-transform: none; color: #181818;\" href=\"https:\/\/campus.mednet.com.ar\/registro?utm_source=web_mednet&#038;utm_medium=boton_inscribirme&#038;utm_campaign=enfermeria&#038;utm_id=4298\" target=\"_blank\" rel=\"noopener\">Inscribirme<i class=\"icon-4\"><\/i><\/a><\/p>\t\t\t\t\t\t\t\t<\/div>\n\t\t\t\t<\/div>\n\t\t\t\t\t<\/div>\n\t\t\t\t<\/div>\n\t\t<div class=\"elementor-element elementor-element-280d7dd e-flex e-con-boxed e-con e-parent\" data-id=\"280d7dd\" data-element_type=\"container\" data-e-type=\"container\">\n\t\t\t\t\t<div class=\"e-con-inner\">\n\t\t\t\t<div class=\"elementor-element elementor-element-d24a04c elementor-widget elementor-widget-html\" data-id=\"d24a04c\" data-element_type=\"widget\" data-e-type=\"widget\" data-widget_type=\"html.default\">\n\t\t\t\t<div class=\"elementor-widget-container\">\n\t\t\t\t\t<script type=\"text\/javascript\">\n    jQuery(document).ready(function($) {\n        var courseValueElements = $('.edublink-course-details-features-item.mdn_ars .edublink-course-feature-item-value, .edublink-course-details-features-item.mdn_usd .edublink-course-feature-item-value');\n\n        function numberWithDots(number) {\n            return number.toString().replace(\/\\B(?=(\\d{3})+(?!\\d))\/g, \".\");\n        }\n\n        courseValueElements.each(function() {\n            var courseValueText = $(this).text();\n\n            if (courseValueText.includes('|')) {\n                var values = courseValueText.split('|');\n                var valueBefore = numberWithDots(values[0].trim());\n                var valueAfter = numberWithDots(values[1].trim());\n\n                \/\/ Ajuste del c\u00e1lculo\n                var result = (1 - (parseFloat(valueAfter.replace(\/\\.\/g, '')) \/ parseFloat(valueBefore.replace(\/\\.\/g, ''))));\n                result = (result * 100).toFixed(2); \/\/ Mant\u00e9n dos decimales\n                result = Math.floor(result); \/\/ Redondeo hacia abajo\n\n                var formattedContent = '<del>' + valueBefore + '<\/del> <strong style=\"color: #007DFF;\">' + valueAfter + '<\/strong> <strong style=\"color: #007DFF;\">(' + result + '% off)<\/strong>';\n\n                $(this).html(formattedContent);\n            }\n        });\n    });\n<\/script>\n\t\t\t\t<\/div>\n\t\t\t\t<\/div>\n\t\t\t\t<div class=\"elementor-element elementor-element-f18dfe2 elementor-widget elementor-widget-html\" data-id=\"f18dfe2\" data-element_type=\"widget\" data-e-type=\"widget\" data-widget_type=\"html.default\">\n\t\t\t\t<div class=\"elementor-widget-container\">\n\t\t\t\t\t<script type=\"text\/javascript\">\n    jQuery(document).ready(function($) {\n        \/\/ Obt\u00e9n la URL actual de la p\u00e1gina\n        var currentUrl = window.location.href;\n\n        \/\/ Construye la URL de WhatsApp con el texto personalizado\n        var whatsappUrl = 'whatsapp:\/\/send?text=Mir\u00e1 el curso que acabo de ver en Mednet: ' + currentUrl;\n\n        \/\/ Crea el bot\u00f3n de compartir en WhatsApp con estilos personalizados\n        var whatsappButton = '<li class=\"edublink-social-share-each-icon whatsapp\">' +\n                                '<a class=\"edublink-social-share-link\" href=\"' + whatsappUrl + '\" target=\"_blank\" title=\"Share on WhatsApp\">' +\n                                    '<i class=\"ri ri-whatsapp-line\" style=\"font-size: 24px; font-weight: bold;\"><\/i>' +\n                                '<\/a>' +\n                            '<\/li>';\n\n        \/\/ Agrega el bot\u00f3n al contenedor de botones de compartir\n        $('.edublink-social-share-icons-wrapper').append(whatsappButton);\n\n        \/\/ Agrega estilos para cambiar de color al hacer hover\n        $('.edublink-social-share-link').hover(\n            function() {\n                \/\/ Al hacer hover\n                $(this).find('i').css('color', '#ffffff'); \/\/ Cambia a blanco\n            },\n            function() {\n                \/\/ Al dejar de hacer hover\n                $(this).find('i').css('color', ''); \/\/ Vuelve al color normal (puedes ajustar esto seg\u00fan el color original)\n            }\n        );\n    });\n<\/script>\n\t\t\t\t<\/div>\n\t\t\t\t<\/div>\n\t\t\t\t<div class=\"elementor-element elementor-element-48c6326 elementor-widget elementor-widget-html\" data-id=\"48c6326\" data-element_type=\"widget\" data-e-type=\"widget\" data-widget_type=\"html.default\">\n\t\t\t\t<div class=\"elementor-widget-container\">\n\t\t\t\t\t<script type=\"text\/javascript\">\n    jQuery(document).ready(function($) {\n        \/\/ Obt\u00e9n el t\u00edtulo del curso\n        var courseTitle = $('.edublink-course-title h1.entry-title').text();\n\n        \/\/ Obt\u00e9n la URL actual de la p\u00e1gina\n        var currentUrl = window.location.href;\n\n        \/\/ Construye el enlace de correo electr\u00f3nico con el asunto y cuerpo personalizados\n        var mailtoLink = 'mailto:?subject=' + encodeURIComponent(courseTitle) + '&body=Mir\u00e1 el curso que acabo de ver en Mednet: ' + encodeURIComponent(currentUrl);\n\n        \/\/ Crea el bot\u00f3n de compartir por correo electr\u00f3nico con estilos personalizados\n        var mailButton = '<li class=\"edublink-social-share-each-icon mail\">' +\n                            '<a class=\"edublink-social-share-link\" href=\"' + mailtoLink + '\" title=\"Share via Email\">' +\n                                '<i class=\"ri-mail-line\" style=\"font-size: 22px; font-weight: bold;\"><\/i>' +\n                            '<\/a>' +\n                        '<\/li>';\n\n        \/\/ Agrega el bot\u00f3n al contenedor de botones de compartir\n        $('.edublink-social-share-icons-wrapper').append(mailButton);\n\n        \/\/ Agrega estilos para cambiar de color al hacer hover\n        $('.edublink-social-share-link').hover(\n            function() {\n                \/\/ Al hacer hover\n                $(this).find('i').css('color', '#ffffff'); \/\/ Cambia a blanco\n            },\n            function() {\n                \/\/ Al dejar de hacer hover\n                $(this).find('i').css('color', ''); \/\/ Vuelve al color normal (puedes ajustar esto seg\u00fan el color original)\n            }\n        );\n    });\n<\/script>\n\t\t\t\t<\/div>\n\t\t\t\t<\/div>\n\t\t\t\t\t<\/div>\n\t\t\t\t<\/div>\n\t\t<div class=\"elementor-element elementor-element-e86fff8 e-flex e-con-boxed e-con e-parent\" data-id=\"e86fff8\" data-element_type=\"container\" data-e-type=\"container\">\n\t\t\t\t\t<div class=\"e-con-inner\">\n\t\t\t\t<div class=\"elementor-element elementor-element-aa6d79d elementor-hidden-tablet elementor-hidden-mobile elementor-widget elementor-widget-image\" data-id=\"aa6d79d\" data-element_type=\"widget\" data-e-type=\"widget\" data-widget_type=\"image.default\">\n\t\t\t\t<div class=\"elementor-widget-container\">\n\t\t\t\t\t\t\t\t\t\t\t\t\t\t\t\t<a href=\"https:\/\/api.whatsapp.com\/send?phone=5491128464954&#038;text=%C2%A1Hola!%20Quer\u00eda%20consultar%20por%20el%20descuento%20grupal%20para%20la%20Capacitaci\u00f3n%20de%20Enfermer\u00eda%20Pedi\u00e1trica\">\n\t\t\t\t\t\t\t<img fetchpriority=\"high\" decoding=\"async\" width=\"2048\" height=\"512\" src=\"https:\/\/www.mednet.com.ar\/wp-content\/uploads\/2026\/02\/becas_grupales-2048x512.jpg\" class=\"attachment-2048x2048 size-2048x2048 wp-image-33569\" alt=\"\" srcset=\"https:\/\/www.mednet.com.ar\/wp-content\/uploads\/2026\/02\/becas_grupales-2048x512.jpg 2048w, https:\/\/www.mednet.com.ar\/wp-content\/uploads\/2026\/02\/becas_grupales-300x75.jpg 300w, https:\/\/www.mednet.com.ar\/wp-content\/uploads\/2026\/02\/becas_grupales-1024x256.jpg 1024w, https:\/\/www.mednet.com.ar\/wp-content\/uploads\/2026\/02\/becas_grupales-768x192.jpg 768w, https:\/\/www.mednet.com.ar\/wp-content\/uploads\/2026\/02\/becas_grupales-1536x384.jpg 1536w, https:\/\/www.mednet.com.ar\/wp-content\/uploads\/2026\/02\/becas_grupales-18x5.jpg 18w\" sizes=\"(max-width: 2048px) 100vw, 2048px\" \/>\t\t\t\t\t\t\t\t<\/a>\n\t\t\t\t\t\t\t\t\t\t\t\t\t\t\t<\/div>\n\t\t\t\t<\/div>\n\t\t\t\t\t<\/div>\n\t\t\t\t<\/div>\n\t\t<div class=\"elementor-element elementor-element-cf09c73 e-flex e-con-boxed e-con e-parent\" data-id=\"cf09c73\" data-element_type=\"container\" data-e-type=\"container\">\n\t\t\t\t\t<div class=\"e-con-inner\">\n\t\t\t\t<div class=\"elementor-element elementor-element-892ef3f elementor-hidden-desktop elementor-widget elementor-widget-image\" data-id=\"892ef3f\" data-element_type=\"widget\" data-e-type=\"widget\" data-widget_type=\"image.default\">\n\t\t\t\t<div class=\"elementor-widget-container\">\n\t\t\t\t\t\t\t\t\t\t\t\t\t\t\t\t<a href=\"https:\/\/api.whatsapp.com\/send?phone=5491128464954&#038;text=%C2%A1Hola!%20Quer\u00eda%20consultar%20por%20el%20descuento%20grupal%20para%20la%20Capacitaci\u00f3n%20de%20Enfermer\u00eda%20Pedi\u00e1trica\">\n\t\t\t\t\t\t\t<img decoding=\"async\" width=\"300\" height=\"300\" src=\"https:\/\/www.mednet.com.ar\/wp-content\/uploads\/2026\/02\/Piezas-Beca-BannerRRSS_OP2-1080x1080-1-300x300.jpg\" class=\"attachment-medium size-medium wp-image-33565\" alt=\"\" srcset=\"https:\/\/www.mednet.com.ar\/wp-content\/uploads\/2026\/02\/Piezas-Beca-BannerRRSS_OP2-1080x1080-1-300x300.jpg 300w, https:\/\/www.mednet.com.ar\/wp-content\/uploads\/2026\/02\/Piezas-Beca-BannerRRSS_OP2-1080x1080-1-1024x1024.jpg 1024w, https:\/\/www.mednet.com.ar\/wp-content\/uploads\/2026\/02\/Piezas-Beca-BannerRRSS_OP2-1080x1080-1-150x150.jpg 150w, https:\/\/www.mednet.com.ar\/wp-content\/uploads\/2026\/02\/Piezas-Beca-BannerRRSS_OP2-1080x1080-1-768x768.jpg 768w, https:\/\/www.mednet.com.ar\/wp-content\/uploads\/2026\/02\/Piezas-Beca-BannerRRSS_OP2-1080x1080-1-1536x1536.jpg 1536w, https:\/\/www.mednet.com.ar\/wp-content\/uploads\/2026\/02\/Piezas-Beca-BannerRRSS_OP2-1080x1080-1-2048x2048.jpg 2048w, https:\/\/www.mednet.com.ar\/wp-content\/uploads\/2026\/02\/Piezas-Beca-BannerRRSS_OP2-1080x1080-1-12x12.jpg 12w, https:\/\/www.mednet.com.ar\/wp-content\/uploads\/2026\/02\/Piezas-Beca-BannerRRSS_OP2-1080x1080-1-750x750.jpg 750w\" sizes=\"(max-width: 300px) 100vw, 300px\" \/>\t\t\t\t\t\t\t\t<\/a>\n\t\t\t\t\t\t\t\t\t\t\t\t\t\t\t<\/div>\n\t\t\t\t<\/div>\n\t\t\t\t\t<\/div>\n\t\t\t\t<\/div>\n\t\t<div class=\"elementor-element elementor-element-b81535b e-flex e-con-boxed e-con e-parent\" data-id=\"b81535b\" data-element_type=\"container\" data-e-type=\"container\">\n\t\t\t\t\t<div class=\"e-con-inner\">\n\t\t<div class=\"elementor-element elementor-element-145ebe1 e-con-full e-flex e-con e-child\" data-id=\"145ebe1\" data-element_type=\"container\" data-e-type=\"container\">\n\t\t\t\t<div class=\"elementor-element elementor-element-0f07173 elementor-widget elementor-widget-edublink-site-logo\" data-id=\"0f07173\" data-element_type=\"widget\" data-e-type=\"widget\" data-widget_type=\"edublink-site-logo.default\">\n\t\t\t\t<div class=\"elementor-widget-container\">\n\t\t\t\t\t<div class=\"edublink-site-logo-widget-container\"><span class=\"edublink-site-main-logo edublink-site-main-logo-type\"><a href=\"https:\/\/www.mednet.com.ar\" data-elementor-open-lightbox=\"\" class=\"elementor-clickable\"><img decoding=\"async\" alt=\"logo del Hospital de Ni\u00f1os Dr. Ricardo Guti\u00e9rrez\" src=\"https:\/\/www.mednet.com.ar\/wp-content\/uploads\/2024\/02\/Logo-HNRG-celeste-copia-300x300.webp\"><\/a><\/span><\/div>\t\t\t\t<\/div>\n\t\t\t\t<\/div>\n\t\t\t\t<\/div>\n\t\t<div class=\"elementor-element elementor-element-b8d0042 e-con-full e-flex e-con e-child\" data-id=\"b8d0042\" data-element_type=\"container\" data-e-type=\"container\">\n\t\t\t\t<div class=\"elementor-element elementor-element-081556b elementor-widget elementor-widget-text-editor\" data-id=\"081556b\" data-element_type=\"widget\" data-e-type=\"widget\" data-widget_type=\"text-editor.default\">\n\t\t\t\t<div class=\"elementor-widget-container\">\n\t\t\t\t\t\t\t\t\t<p id=\"yui_3_18_1_1_1707689526402_40\"><br \/>Un curso dictado por profesionales del <strong>Hospital de Ni\u00f1os Dr. Ricardo Guti\u00e9rrez (HNRG)<\/strong><\/p>\t\t\t\t\t\t\t\t<\/div>\n\t\t\t\t<\/div>\n\t\t\t\t<\/div>\n\t\t\t\t\t<\/div>\n\t\t\t\t<\/div>\n\t\t<div class=\"elementor-element elementor-element-0758302 e-grid e-con-boxed e-con e-parent\" data-id=\"0758302\" data-element_type=\"container\" data-e-type=\"container\">\n\t\t\t\t\t<div class=\"e-con-inner\">\n\t\t\t\t<div class=\"elementor-element elementor-element-88cea38 elementor-widget elementor-widget-image\" data-id=\"88cea38\" data-element_type=\"widget\" data-e-type=\"widget\" data-widget_type=\"image.default\">\n\t\t\t\t<div class=\"elementor-widget-container\">\n\t\t\t\t\t\t\t\t\t\t\t\t<figure class=\"wp-caption\">\n\t\t\t\t\t\t\t\t\t\t<img decoding=\"async\" width=\"640\" height=\"160\" src=\"https:\/\/www.mednet.com.ar\/wp-content\/uploads\/2024\/02\/Avales-enfermeria-pediatrica-1-768x192.jpg\" class=\"attachment-medium_large size-medium_large wp-image-27331\" alt=\"Logos\" srcset=\"https:\/\/www.mednet.com.ar\/wp-content\/uploads\/2024\/02\/Avales-enfermeria-pediatrica-1-768x192.jpg 768w, https:\/\/www.mednet.com.ar\/wp-content\/uploads\/2024\/02\/Avales-enfermeria-pediatrica-1-300x75.jpg 300w, https:\/\/www.mednet.com.ar\/wp-content\/uploads\/2024\/02\/Avales-enfermeria-pediatrica-1-1024x256.jpg 1024w, https:\/\/www.mednet.com.ar\/wp-content\/uploads\/2024\/02\/Avales-enfermeria-pediatrica-1-18x5.jpg 18w, https:\/\/www.mednet.com.ar\/wp-content\/uploads\/2024\/02\/Avales-enfermeria-pediatrica-1.jpg 1200w\" sizes=\"(max-width: 640px) 100vw, 640px\" \/>\t\t\t\t\t\t\t\t\t\t\t<figcaption class=\"widget-image-caption wp-caption-text\">Curso avalado por la Red Internacional de Regulaci\u00f3n en Enfermer\u00eda REGULEN  y por LIDER ES Desarrollo del liderazgo; personal y profesional<\/figcaption>\n\t\t\t\t\t\t\t\t\t\t<\/figure>\n\t\t\t\t\t\t\t\t\t<\/div>\n\t\t\t\t<\/div>\n\t\t\t\t<div class=\"elementor-element elementor-element-d64acc4 elementor-widget elementor-widget-heading\" data-id=\"d64acc4\" data-element_type=\"widget\" data-e-type=\"widget\" data-widget_type=\"heading.default\">\n\t\t\t\t<div class=\"elementor-widget-container\">\n\t\t\t\t\t<h6 class=\"elementor-heading-title elementor-size-default\">\n<\/h6>\t\t\t\t<\/div>\n\t\t\t\t<\/div>\n\t\t\t\t\t<\/div>\n\t\t\t\t<\/div>\n\t\t\t\t<\/div>\n\t\t","protected":false},"excerpt":{"rendered":"<p>El curso de Capacitaci\u00f3n en Enfermer\u00eda Pedi\u00e1trica te instruir\u00e1 en los temas generales de la especialidad para casos de necesidad y urgencia.<\/p>","protected":false},"author":1,"featured_media":21922,"comment_status":"closed","ping_status":"closed","template":"","course_category":[89],"course_tag":[73,75,124,77,149,172,173,174,79,175],"class_list":["post-21909","lp_course","type-lp_course","status-publish","has-post-thumbnail","hentry","course_category-enfermeria","course_tag-capacitacion-online","course_tag-curso-medicina","course_tag-curso-virtual","course_tag-cursos-online","course_tag-enfermeria","course_tag-estudiantes","course_tag-estudiantes-de-enfermeria","course_tag-lic-en-enfermeria","course_tag-medicina-online","course_tag-residencias-medicas","course"],"yoast_head":"<!-- This site is optimized with the Yoast SEO plugin v27.5 - https:\/\/yoast.com\/product\/yoast-seo-wordpress\/ -->\n<title>Capacitaci\u00f3n en Enfermer\u00eda Pedi\u00e1trica - Mednet<\/title>\n<meta name=\"description\" content=\"El curso de Capacitaci\u00f3n en Enfermer\u00eda Pedi\u00e1trica te instruir\u00e1 en los temas generales de la especialidad para casos de necesidad y urgencia...\" \/>\n<meta name=\"robots\" content=\"index, follow, max-snippet:-1, max-image-preview:large, max-video-preview:-1\" \/>\n<link rel=\"canonical\" href=\"https:\/\/www.mednet.com.ar\/en\/cursos\/capacitacion-en-enfermeria-pediatrica\/\" \/>\n<meta property=\"og:locale\" content=\"en_US\" \/>\n<meta property=\"og:type\" content=\"article\" \/>\n<meta property=\"og:title\" content=\"Capacitaci\u00f3n en Enfermer\u00eda Pedi\u00e1trica - Mednet\" \/>\n<meta property=\"og:description\" content=\"El curso de Capacitaci\u00f3n en Enfermer\u00eda Pedi\u00e1trica te instruir\u00e1 en los temas generales de la especialidad para casos de necesidad y urgencia...\" \/>\n<meta property=\"og:url\" content=\"https:\/\/www.mednet.com.ar\/en\/cursos\/capacitacion-en-enfermeria-pediatrica\/\" \/>\n<meta property=\"og:site_name\" content=\"Mednet\" \/>\n<meta property=\"article:publisher\" content=\"https:\/\/www.facebook.com\/MedNetla\/\" \/>\n<meta property=\"article:modified_time\" content=\"2026-04-08T22:00:45+00:00\" \/>\n<meta property=\"og:image\" content=\"https:\/\/www.mednet.com.ar\/wp-content\/uploads\/2024\/02\/Capacitacion-en-Enfermeria-Pediatrica.webp\" \/>\n\t<meta property=\"og:image:width\" content=\"420\" \/>\n\t<meta property=\"og:image:height\" content=\"330\" \/>\n\t<meta property=\"og:image:type\" content=\"image\/webp\" \/>\n<meta name=\"twitter:card\" content=\"summary_large_image\" \/>\n<meta name=\"twitter:label1\" content=\"Est. reading time\" \/>\n\t<meta name=\"twitter:data1\" content=\"4 minutes\" \/>\n<script type=\"application\/ld+json\" class=\"yoast-schema-graph\">{\"@context\":\"https:\\\/\\\/schema.org\",\"@graph\":[{\"@type\":\"WebPage\",\"@id\":\"https:\\\/\\\/www.mednet.com.ar\\\/cursos\\\/capacitacion-en-enfermeria-pediatrica\\\/\",\"url\":\"https:\\\/\\\/www.mednet.com.ar\\\/cursos\\\/capacitacion-en-enfermeria-pediatrica\\\/\",\"name\":\"Capacitaci\u00f3n en Enfermer\u00eda Pedi\u00e1trica - Mednet\",\"isPartOf\":{\"@id\":\"https:\\\/\\\/www.mednet.com.ar\\\/#website\"},\"primaryImageOfPage\":{\"@id\":\"https:\\\/\\\/www.mednet.com.ar\\\/cursos\\\/capacitacion-en-enfermeria-pediatrica\\\/#primaryimage\"},\"image\":{\"@id\":\"https:\\\/\\\/www.mednet.com.ar\\\/cursos\\\/capacitacion-en-enfermeria-pediatrica\\\/#primaryimage\"},\"thumbnailUrl\":\"https:\\\/\\\/www.mednet.com.ar\\\/wp-content\\\/uploads\\\/2024\\\/02\\\/Capacitacion-en-Enfermeria-Pediatrica.webp\",\"datePublished\":\"2024-02-11T22:42:45+00:00\",\"dateModified\":\"2026-04-08T22:00:45+00:00\",\"description\":\"El curso de Capacitaci\u00f3n en Enfermer\u00eda Pedi\u00e1trica te instruir\u00e1 en los temas generales de la especialidad para casos de necesidad y urgencia...\",\"breadcrumb\":{\"@id\":\"https:\\\/\\\/www.mednet.com.ar\\\/cursos\\\/capacitacion-en-enfermeria-pediatrica\\\/#breadcrumb\"},\"inLanguage\":\"en-US\",\"potentialAction\":[{\"@type\":\"ReadAction\",\"target\":[\"https:\\\/\\\/www.mednet.com.ar\\\/cursos\\\/capacitacion-en-enfermeria-pediatrica\\\/\"]}]},{\"@type\":\"ImageObject\",\"inLanguage\":\"en-US\",\"@id\":\"https:\\\/\\\/www.mednet.com.ar\\\/cursos\\\/capacitacion-en-enfermeria-pediatrica\\\/#primaryimage\",\"url\":\"https:\\\/\\\/www.mednet.com.ar\\\/wp-content\\\/uploads\\\/2024\\\/02\\\/Capacitacion-en-Enfermeria-Pediatrica.webp\",\"contentUrl\":\"https:\\\/\\\/www.mednet.com.ar\\\/wp-content\\\/uploads\\\/2024\\\/02\\\/Capacitacion-en-Enfermeria-Pediatrica.webp\",\"width\":420,\"height\":330,\"caption\":\"Capacitaci\u00f3n en Enfermer\u00eda Pedi\u00e1trica\"},{\"@type\":\"BreadcrumbList\",\"@id\":\"https:\\\/\\\/www.mednet.com.ar\\\/cursos\\\/capacitacion-en-enfermeria-pediatrica\\\/#breadcrumb\",\"itemListElement\":[{\"@type\":\"ListItem\",\"position\":1,\"name\":\"Portada\",\"item\":\"https:\\\/\\\/www.mednet.com.ar\\\/\"},{\"@type\":\"ListItem\",\"position\":2,\"name\":\"Courses\",\"item\":\"https:\\\/\\\/www.mednet.com.ar\\\/cursos-2\\\/\"},{\"@type\":\"ListItem\",\"position\":3,\"name\":\"Capacitaci\u00f3n en Enfermer\u00eda Pedi\u00e1trica\"}]},{\"@type\":\"WebSite\",\"@id\":\"https:\\\/\\\/www.mednet.com.ar\\\/#website\",\"url\":\"https:\\\/\\\/www.mednet.com.ar\\\/\",\"name\":\"Mednet\",\"description\":\"Capacitaciones Online\",\"publisher\":{\"@id\":\"https:\\\/\\\/www.mednet.com.ar\\\/#organization\"},\"potentialAction\":[{\"@type\":\"SearchAction\",\"target\":{\"@type\":\"EntryPoint\",\"urlTemplate\":\"https:\\\/\\\/www.mednet.com.ar\\\/?s={search_term_string}\"},\"query-input\":{\"@type\":\"PropertyValueSpecification\",\"valueRequired\":true,\"valueName\":\"search_term_string\"}}],\"inLanguage\":\"en-US\"},{\"@type\":\"Organization\",\"@id\":\"https:\\\/\\\/www.mednet.com.ar\\\/#organization\",\"name\":\"Mednet\",\"url\":\"https:\\\/\\\/www.mednet.com.ar\\\/\",\"logo\":{\"@type\":\"ImageObject\",\"inLanguage\":\"en-US\",\"@id\":\"https:\\\/\\\/www.mednet.com.ar\\\/#\\\/schema\\\/logo\\\/image\\\/\",\"url\":\"https:\\\/\\\/www.mednet.com.ar\\\/wp-content\\\/uploads\\\/2025\\\/02\\\/cropped-logo-mednet-capacitaciones-online-rb.png\",\"contentUrl\":\"https:\\\/\\\/www.mednet.com.ar\\\/wp-content\\\/uploads\\\/2025\\\/02\\\/cropped-logo-mednet-capacitaciones-online-rb.png\",\"width\":376,\"height\":150,\"caption\":\"Mednet\"},\"image\":{\"@id\":\"https:\\\/\\\/www.mednet.com.ar\\\/#\\\/schema\\\/logo\\\/image\\\/\"},\"sameAs\":[\"https:\\\/\\\/www.facebook.com\\\/MedNetla\\\/\",\"https:\\\/\\\/www.instagram.com\\\/mednetla\\\/\",\"https:\\\/\\\/ar.linkedin.com\\\/company\\\/mednet-capacitaciones-online\"]}]}<\/script>\n<!-- \/ Yoast SEO plugin. -->","yoast_head_json":{"title":"Capacitaci\u00f3n en Enfermer\u00eda Pedi\u00e1trica - Mednet","description":"El curso de Capacitaci\u00f3n en Enfermer\u00eda Pedi\u00e1trica te instruir\u00e1 en los temas generales de la especialidad para casos de necesidad y urgencia...","robots":{"index":"index","follow":"follow","max-snippet":"max-snippet:-1","max-image-preview":"max-image-preview:large","max-video-preview":"max-video-preview:-1"},"canonical":"https:\/\/www.mednet.com.ar\/en\/cursos\/capacitacion-en-enfermeria-pediatrica\/","og_locale":"en_US","og_type":"article","og_title":"Capacitaci\u00f3n en Enfermer\u00eda Pedi\u00e1trica - Mednet","og_description":"El curso de Capacitaci\u00f3n en Enfermer\u00eda Pedi\u00e1trica te instruir\u00e1 en los temas generales de la especialidad para casos de necesidad y urgencia...","og_url":"https:\/\/www.mednet.com.ar\/en\/cursos\/capacitacion-en-enfermeria-pediatrica\/","og_site_name":"Mednet","article_publisher":"https:\/\/www.facebook.com\/MedNetla\/","article_modified_time":"2026-04-08T22:00:45+00:00","og_image":[{"width":420,"height":330,"url":"https:\/\/www.mednet.com.ar\/wp-content\/uploads\/2024\/02\/Capacitacion-en-Enfermeria-Pediatrica.webp","type":"image\/webp"}],"twitter_card":"summary_large_image","twitter_misc":{"Est. reading time":"4 minutes"},"schema":{"@context":"https:\/\/schema.org","@graph":[{"@type":"WebPage","@id":"https:\/\/www.mednet.com.ar\/cursos\/capacitacion-en-enfermeria-pediatrica\/","url":"https:\/\/www.mednet.com.ar\/cursos\/capacitacion-en-enfermeria-pediatrica\/","name":"Capacitaci\u00f3n en Enfermer\u00eda Pedi\u00e1trica - Mednet","isPartOf":{"@id":"https:\/\/www.mednet.com.ar\/#website"},"primaryImageOfPage":{"@id":"https:\/\/www.mednet.com.ar\/cursos\/capacitacion-en-enfermeria-pediatrica\/#primaryimage"},"image":{"@id":"https:\/\/www.mednet.com.ar\/cursos\/capacitacion-en-enfermeria-pediatrica\/#primaryimage"},"thumbnailUrl":"https:\/\/www.mednet.com.ar\/wp-content\/uploads\/2024\/02\/Capacitacion-en-Enfermeria-Pediatrica.webp","datePublished":"2024-02-11T22:42:45+00:00","dateModified":"2026-04-08T22:00:45+00:00","description":"El curso de Capacitaci\u00f3n en Enfermer\u00eda Pedi\u00e1trica te instruir\u00e1 en los temas generales de la especialidad para casos de necesidad y urgencia...","breadcrumb":{"@id":"https:\/\/www.mednet.com.ar\/cursos\/capacitacion-en-enfermeria-pediatrica\/#breadcrumb"},"inLanguage":"en-US","potentialAction":[{"@type":"ReadAction","target":["https:\/\/www.mednet.com.ar\/cursos\/capacitacion-en-enfermeria-pediatrica\/"]}]},{"@type":"ImageObject","inLanguage":"en-US","@id":"https:\/\/www.mednet.com.ar\/cursos\/capacitacion-en-enfermeria-pediatrica\/#primaryimage","url":"https:\/\/www.mednet.com.ar\/wp-content\/uploads\/2024\/02\/Capacitacion-en-Enfermeria-Pediatrica.webp","contentUrl":"https:\/\/www.mednet.com.ar\/wp-content\/uploads\/2024\/02\/Capacitacion-en-Enfermeria-Pediatrica.webp","width":420,"height":330,"caption":"Capacitaci\u00f3n en Enfermer\u00eda Pedi\u00e1trica"},{"@type":"BreadcrumbList","@id":"https:\/\/www.mednet.com.ar\/cursos\/capacitacion-en-enfermeria-pediatrica\/#breadcrumb","itemListElement":[{"@type":"ListItem","position":1,"name":"Portada","item":"https:\/\/www.mednet.com.ar\/"},{"@type":"ListItem","position":2,"name":"Courses","item":"https:\/\/www.mednet.com.ar\/cursos-2\/"},{"@type":"ListItem","position":3,"name":"Capacitaci\u00f3n en Enfermer\u00eda Pedi\u00e1trica"}]},{"@type":"WebSite","@id":"https:\/\/www.mednet.com.ar\/#website","url":"https:\/\/www.mednet.com.ar\/","name":"Mednet","description":"Capacitaciones Online","publisher":{"@id":"https:\/\/www.mednet.com.ar\/#organization"},"potentialAction":[{"@type":"SearchAction","target":{"@type":"EntryPoint","urlTemplate":"https:\/\/www.mednet.com.ar\/?s={search_term_string}"},"query-input":{"@type":"PropertyValueSpecification","valueRequired":true,"valueName":"search_term_string"}}],"inLanguage":"en-US"},{"@type":"Organization","@id":"https:\/\/www.mednet.com.ar\/#organization","name":"Mednet","url":"https:\/\/www.mednet.com.ar\/","logo":{"@type":"ImageObject","inLanguage":"en-US","@id":"https:\/\/www.mednet.com.ar\/#\/schema\/logo\/image\/","url":"https:\/\/www.mednet.com.ar\/wp-content\/uploads\/2025\/02\/cropped-logo-mednet-capacitaciones-online-rb.png","contentUrl":"https:\/\/www.mednet.com.ar\/wp-content\/uploads\/2025\/02\/cropped-logo-mednet-capacitaciones-online-rb.png","width":376,"height":150,"caption":"Mednet"},"image":{"@id":"https:\/\/www.mednet.com.ar\/#\/schema\/logo\/image\/"},"sameAs":["https:\/\/www.facebook.com\/MedNetla\/","https:\/\/www.instagram.com\/mednetla\/","https:\/\/ar.linkedin.com\/company\/mednet-capacitaciones-online"]}]}},"_links":{"self":[{"href":"https:\/\/www.mednet.com.ar\/en\/wp-json\/wp\/v2\/lp_course\/21909","targetHints":{"allow":["GET"]}}],"collection":[{"href":"https:\/\/www.mednet.com.ar\/en\/wp-json\/wp\/v2\/lp_course"}],"about":[{"href":"https:\/\/www.mednet.com.ar\/en\/wp-json\/wp\/v2\/types\/lp_course"}],"author":[{"embeddable":true,"href":"https:\/\/www.mednet.com.ar\/en\/wp-json\/wp\/v2\/users\/1"}],"replies":[{"embeddable":true,"href":"https:\/\/www.mednet.com.ar\/en\/wp-json\/wp\/v2\/comments?post=21909"}],"version-history":[{"count":63,"href":"https:\/\/www.mednet.com.ar\/en\/wp-json\/wp\/v2\/lp_course\/21909\/revisions"}],"predecessor-version":[{"id":33694,"href":"https:\/\/www.mednet.com.ar\/en\/wp-json\/wp\/v2\/lp_course\/21909\/revisions\/33694"}],"wp:featuredmedia":[{"embeddable":true,"href":"https:\/\/www.mednet.com.ar\/en\/wp-json\/wp\/v2\/media\/21922"}],"wp:attachment":[{"href":"https:\/\/www.mednet.com.ar\/en\/wp-json\/wp\/v2\/media?parent=21909"}],"wp:term":[{"taxonomy":"course_category","embeddable":true,"href":"https:\/\/www.mednet.com.ar\/en\/wp-json\/wp\/v2\/course_category?post=21909"},{"taxonomy":"course_tag","embeddable":true,"href":"https:\/\/www.mednet.com.ar\/en\/wp-json\/wp\/v2\/course_tag?post=21909"}],"curies":[{"name":"wp","href":"https:\/\/api.w.org\/{rel}","templated":true}]}}