{"id":21932,"date":"2024-02-11T20:01:53","date_gmt":"2024-02-11T23:01:53","guid":{"rendered":"https:\/\/www.mednet.com.ar\/?post_type=lp_course&#038;p=21932"},"modified":"2026-04-08T18:57:13","modified_gmt":"2026-04-08T21:57:13","slug":"controversias-en-emergencias-pediatricas-2","status":"publish","type":"lp_course","link":"https:\/\/www.mednet.com.ar\/en\/cursos\/controversias-en-emergencias-pediatricas-2\/","title":{"rendered":"Controversias en emergencias pedi\u00e1tricas"},"content":{"rendered":"\t\t<div data-elementor-type=\"wp-post\" data-elementor-id=\"21932\" class=\"elementor elementor-21932\">\n\t\t\t\t<div class=\"elementor-element elementor-element-18b05940 e-flex e-con-boxed e-con e-parent\" data-id=\"18b05940\" data-element_type=\"container\" data-e-type=\"container\">\n\t\t\t\t\t<div class=\"e-con-inner\">\n\t\t\t\t<div class=\"elementor-element elementor-element-701f708 elementor-widget elementor-widget-text-editor\" data-id=\"701f708\" data-element_type=\"widget\" data-e-type=\"widget\" data-widget_type=\"text-editor.default\">\n\t\t\t\t<div class=\"elementor-widget-container\">\n\t\t\t\t\t\t\t\t\t<h5>Objetivos<\/h5><div><div id=\"yui_3_18_1_1_1707685013249_24\"><div id=\"yui_3_18_1_1_1707685013249_23\"><div class=\"panel-body\"><p id=\"yui_3_18_1_1_1707692215778_22\">Profundizar en las situaciones m\u00e1s controversiales de la emergencia pedi\u00e1trica y las estrategias m\u00e1s efectivas para cada caso, bas\u00e1ndonos en la evidencia cient\u00edfica actual.<\/p><\/div><\/div><\/div><\/div>\t\t\t\t\t\t\t\t<\/div>\n\t\t\t\t<\/div>\n\t\t\t\t<div class=\"elementor-element elementor-element-6608f50 elementor-widget elementor-widget-edublink-accordion\" data-id=\"6608f50\" data-element_type=\"widget\" data-e-type=\"widget\" data-widget_type=\"edublink-accordion.default\">\n\t\t\t\t<div class=\"elementor-widget-container\">\n\t\t\t\t\t        <div class=\"eb-accordion header-default border-default style-default\">\n                            <div class=\"eb-accordion-item default-active elementor-repeater-item-f1a3179\">\n                    <h5                    class=\"eb-accordion-header default-active\">\n                        MODULO 1                    <\/h5>                    <div class=\"eb-accordion-content\">\n                        <div class=\"eb-accordion-body default-active\">\n                            <ul class=\"edublink-ul-style-check\"><li>Monitoreo de la presi\u00f3n intracerebral: \u00bfInvasivo o no invasivo?\u00a0<em>Dr. Pablo Neira<br \/><\/em><\/li><li>Im\u00e1genes en la evaluaci\u00f3n primaria del paciente politraumatizado. \u00bfCu\u00e1ndo indicar una tomograf\u00eda computada? \u00bfEs correcto indicar una tomograf\u00eda de cuerpo entero? \u00bfHay diferencias por edad?\u00a0<em>Dr. Ezequiel Monteverde<br \/><\/em><\/li><li>Controversias en Traumatismo Encefalocraneano (TEC) leve. \u00bfSiempre son de bajo riesgo? \u00bfCu\u00e1ndo hacer TAC?\u00a0<em>Dr. Pablo Neira<\/em><\/li><li>Traumatismo espleno-pancre\u00e1tico. Manejo conservador vs. manejo invasivo.\u00a0<em>Dr. Pablo Neira<\/em><\/li><\/ul>                        <\/div>\n                    <\/div>\n                <\/div>\n                            <div class=\"eb-accordion-item elementor-repeater-item-66c9cfc\">\n                    <h5                    class=\"eb-accordion-header\">\n                        MODULO 2                    <\/h5>                    <div class=\"eb-accordion-content\">\n                        <div class=\"eb-accordion-body\">\n                            <ul class=\"edublink-ul-style-check\"><li>Corticoterapia en trauma pedi\u00e1trico, \u00bfs\u00ed o no? <em>Dr. Pablo Neira<br \/><\/em><\/li><li>Soporte ventilatorio en el lactante con dificultad respiratoria:\u00a0CAFO vs VNI. \u00bfEs mejor el soporte con c\u00e1nula nasal de alto flujo que el soporte con bajo flujo? \u00bfCu\u00e1les son las indicaciones de cada uno? \u00bfQu\u00e9 usar ante el fracaso del soporte con bajo flujo: c\u00e1nula nasal de alto flujo o ventilaci\u00f3n no invasiva?\u00a0<em>Dr. Ezequiel Monteverde<\/em><\/li><li>Controversias en el manejo del estatus epil\u00e9ptico. \u00bfCu\u00e1les son las drogas iniciales? \u00bfCu\u00e1l es la mejor v\u00eda de administraci\u00f3n? \u00bfCu\u00e1ndo iniciar con drogas de segunda l\u00ednea? \u00bfCu\u00e1les drogas de segunda l\u00ednea debo indicar?\u00a0<em>Dr. Alejandro Gattari<br \/><\/em><\/li><li>Manejo de fluidos en la reanimaci\u00f3n inicial.\u00bfColoides o cristaloides? \u00bfQu\u00e9 dosis? \u00bfEn qu\u00e9 momento? \u00bfExiste la \u201cintolerancia\u201d a fluidos? \u00bfCu\u00e1ndo frenar?<em>\u00a0<br \/><\/em><em><em>Dr. Ezequiel Monteverde<\/em><\/em><\/li><\/ul>                        <\/div>\n                    <\/div>\n                <\/div>\n                            <div class=\"eb-accordion-item elementor-repeater-item-1377ed8\">\n                    <h5                    class=\"eb-accordion-header\">\n                        MODULO 3                    <\/h5>                    <div class=\"eb-accordion-content\">\n                        <div class=\"eb-accordion-body\">\n                            <ul class=\"edublink-ul-style-check\"><li>Manejo del dolor en sala de emergencias.\u00a0\u00bfC\u00f3mo medir su intensidad? \u00bfQu\u00e9 analg\u00e9sicos elegir para su tratamiento? \u00bfCu\u00e1les son los analg\u00e9sicos indicados en el dolor post-operatorio? \u00bfLas Intervenciones no farmacol\u00f3gicas son efectivas? \u00bfSirven las escalas para la valoraci\u00f3n del dolor en el paciente pedi\u00e1trico?\u00a0<i><em>Dr. Alejandro Gattari<br \/><\/em><\/i><\/li><li>Cetoacidosis diab\u00e9tica. \u00bfCu\u00e1ndo debo iniciar la insulinoterapia? \u00bfCu\u00e1l es la\u00a0 v\u00eda de administraci\u00f3n indicada? \u00bfL\u00edquidos isot\u00f3nicos o hipot\u00f3nicos? \u00bfSe debe utilizar bicarbonato?\u00a0<i><em>Dr. Alejandro Gattari<\/em><\/i><\/li><li>Aspectos \u00e9ticos en la atenci\u00f3n de emergencias pedi\u00e1tricas. \u00bfC\u00f3mo intervienen los modelos de relaci\u00f3n m\u00e9dico paciente en la atenci\u00f3n de urgencia de pacientes pedi\u00e1tricos? \u00bfCu\u00e1les son las consecuencias de no prestar atenci\u00f3n a los principios \u00e9ticos? \u00bfC\u00f3mo intervienen los padres en la atenci\u00f3n de urgencias pedi\u00e1tricas? \u00bfQu\u00e9 significa la autonom\u00eda progresiva? <i><em><i><em>Dr. Ezequiel Monteverde<br \/><\/em><\/i><\/em><\/i><\/li><li>Insuficiencia renal aguda. Manejo de fluidos en S\u00edndrome Ur\u00e9mico Hemol\u00edtico (SUH). \u00bfSe deben utilizar expansiones en el SUH? \u00bfCu\u00e1l es la utilidad de la transfusi\u00f3n y administraci\u00f3n de plaquetas? \u00bfTiene indicaci\u00f3n el Eculizumab en el SUH t\u00edpico? <i><em>Dr. Alejandro Gattari<\/em><\/i><\/li><\/ul>                        <\/div>\n                    <\/div>\n                <\/div>\n                            <div class=\"eb-accordion-item elementor-repeater-item-35d72b6\">\n                    <h5                    class=\"eb-accordion-header\">\n                        BLOQUE FINAL                    <\/h5>                    <div class=\"eb-accordion-content\">\n                        <div class=\"eb-accordion-body\">\n                            <ul class=\"edublink-ul-style-check\"><li><p>Examen final<\/p><\/li><li><p>Encuesta de satisfacci\u00f3n<\/p><\/li><li><p><a class=\"autolink\" title=\"Descarga de certificados\" href=\"https:\/\/www.utiped.com.ar\/mod\/page\/view.php?id=1704\">Descarga de certificados<\/a><\/p><\/li><\/ul>                        <\/div>\n                    <\/div>\n                <\/div>\n                    <\/div>\n        \t\t\t\t<\/div>\n\t\t\t\t<\/div>\n\t\t\t\t<div class=\"elementor-element elementor-element-265bfb5 elementor-widget elementor-widget-text-editor\" data-id=\"265bfb5\" data-element_type=\"widget\" data-e-type=\"widget\" data-widget_type=\"text-editor.default\">\n\t\t\t\t<div class=\"elementor-widget-container\">\n\t\t\t\t\t\t\t\t\t<p class=\"CEP_UTI\" style=\"text-align: center;\"><a id=\"CEP_UTI\" class=\"lp-button button edublink-button-item edublink-button-style-custom edublink-button-size-large edublink-button-icon-position-after\" style=\"width: 225px; font-size: 16px; text-transform: none; color: #181818;\" href=\"https:\/\/www.utiped.com.ar\/registro\/?utm_source=web_mednet&amp;utm_medium=boton_inscribirme&amp;utm_campaign=controversias&amp;utm_id=1367\" target=\"_blank\" rel=\"noopener\">Inscribirme<i class=\"icon-4\"><\/i><\/a><\/p>\t\t\t\t\t\t\t\t<\/div>\n\t\t\t\t<\/div>\n\t\t\t\t\t<\/div>\n\t\t\t\t<\/div>\n\t\t<div class=\"elementor-element elementor-element-280d7dd e-flex e-con-boxed e-con e-parent\" data-id=\"280d7dd\" data-element_type=\"container\" data-e-type=\"container\">\n\t\t\t\t\t<div class=\"e-con-inner\">\n\t\t\t\t<div class=\"elementor-element elementor-element-d24a04c elementor-widget elementor-widget-html\" data-id=\"d24a04c\" data-element_type=\"widget\" data-e-type=\"widget\" data-widget_type=\"html.default\">\n\t\t\t\t<div class=\"elementor-widget-container\">\n\t\t\t\t\t<script type=\"text\/javascript\">\n    jQuery(document).ready(function($) {\n        \/\/ Selecciona los elementos espec\u00edficos dentro de las clases\n        var courseValueElements = $('.edublink-course-details-features-item.mdn_ars .edublink-course-feature-item-value, .edublink-course-details-features-item.mdn_usd .edublink-course-feature-item-value');\n\n        \/\/ Funci\u00f3n para formatear el n\u00famero con separador de miles\n        function numberWithDots(number) {\n            return number.toString().replace(\/\\B(?=(\\d{3})+(?!\\d))\/g, \".\");\n        }\n\n        \/\/ Itera sobre cada elemento seleccionado\n        courseValueElements.each(function() {\n            \/\/ Obtiene el texto del elemento actual\n            var courseValueText = $(this).text();\n\n            \/\/ Verifica si el car\u00e1cter \"|\" est\u00e1 presente\n            if (courseValueText.includes('|')) {\n                \/\/ Divide el texto usando el car\u00e1cter \"|\"\n                var values = courseValueText.split('|');\n\n                \/\/ Elimina espacios en blanco alrededor de los valores\n                var valueBefore = numberWithDots(values[0].trim());\n                var valueAfter = numberWithDots(values[1].trim());\n\n                \/\/ Realiza el c\u00e1lculo adicional\n                var result = Math.round((1 - (parseFloat(valueAfter.replace(\/\\.\/g, '')) \/ parseFloat(valueBefore.replace(\/\\.\/g, '')))) * 100);\n\n                \/\/ Crea un nuevo contenido con el formato deseado\n                var formattedContent = '<del>' + valueBefore + '<\/del> <strong style=\"color: #007DFF;\">' + valueAfter + '<\/strong> <strong style=\"color: #007DFF;\">(' + result + '% off)<\/strong>';\n\n                \/\/ Reemplaza el contenido del elemento con el nuevo formato\n                $(this).html(formattedContent);\n            } else {\n                \/\/ No hace nada si el car\u00e1cter \"|\" no est\u00e1 presente\n            }\n        });\n    });\n<\/script>\n\t\t\t\t<\/div>\n\t\t\t\t<\/div>\n\t\t\t\t<div class=\"elementor-element elementor-element-f18dfe2 elementor-widget elementor-widget-html\" data-id=\"f18dfe2\" data-element_type=\"widget\" data-e-type=\"widget\" data-widget_type=\"html.default\">\n\t\t\t\t<div class=\"elementor-widget-container\">\n\t\t\t\t\t<script type=\"text\/javascript\">\n    jQuery(document).ready(function($) {\n        \/\/ Obt\u00e9n la URL actual de la p\u00e1gina\n        var currentUrl = window.location.href;\n\n        \/\/ Construye la URL de WhatsApp con el texto personalizado\n        var whatsappUrl = 'whatsapp:\/\/send?text=Mir\u00e1 el curso que acabo de ver en Mednet: ' + currentUrl;\n\n        \/\/ Crea el bot\u00f3n de compartir en WhatsApp con estilos personalizados\n        var whatsappButton = '<li class=\"edublink-social-share-each-icon whatsapp\">' +\n                                '<a class=\"edublink-social-share-link\" href=\"' + whatsappUrl + '\" target=\"_blank\" title=\"Share on WhatsApp\">' +\n                                    '<i class=\"ri ri-whatsapp-line\" style=\"font-size: 24px; font-weight: bold;\"><\/i>' +\n                                '<\/a>' +\n                            '<\/li>';\n\n        \/\/ Agrega el bot\u00f3n al contenedor de botones de compartir\n        $('.edublink-social-share-icons-wrapper').append(whatsappButton);\n\n        \/\/ Agrega estilos para cambiar de color al hacer hover\n        $('.edublink-social-share-link').hover(\n            function() {\n                \/\/ Al hacer hover\n                $(this).find('i').css('color', '#ffffff'); \/\/ Cambia a blanco\n            },\n            function() {\n                \/\/ Al dejar de hacer hover\n                $(this).find('i').css('color', ''); \/\/ Vuelve al color normal (puedes ajustar esto seg\u00fan el color original)\n            }\n        );\n    });\n<\/script>\n\t\t\t\t<\/div>\n\t\t\t\t<\/div>\n\t\t\t\t<div class=\"elementor-element elementor-element-48c6326 elementor-widget elementor-widget-html\" data-id=\"48c6326\" data-element_type=\"widget\" data-e-type=\"widget\" data-widget_type=\"html.default\">\n\t\t\t\t<div class=\"elementor-widget-container\">\n\t\t\t\t\t<script type=\"text\/javascript\">\n    jQuery(document).ready(function($) {\n        \/\/ Obt\u00e9n el t\u00edtulo del curso\n        var courseTitle = $('.edublink-course-title h1.entry-title').text();\n\n        \/\/ Obt\u00e9n la URL actual de la p\u00e1gina\n        var currentUrl = window.location.href;\n\n        \/\/ Construye el enlace de correo electr\u00f3nico con el asunto y cuerpo personalizados\n        var mailtoLink = 'mailto:?subject=' + encodeURIComponent(courseTitle) + '&body=Mir\u00e1 el curso que acabo de ver en Mednet: ' + encodeURIComponent(currentUrl);\n\n        \/\/ Crea el bot\u00f3n de compartir por correo electr\u00f3nico con estilos personalizados\n        var mailButton = '<li class=\"edublink-social-share-each-icon mail\">' +\n                            '<a class=\"edublink-social-share-link\" href=\"' + mailtoLink + '\" title=\"Share via Email\">' +\n                                '<i class=\"ri-mail-line\" style=\"font-size: 22px; font-weight: bold;\"><\/i>' +\n                            '<\/a>' +\n                        '<\/li>';\n\n        \/\/ Agrega el bot\u00f3n al contenedor de botones de compartir\n        $('.edublink-social-share-icons-wrapper').append(mailButton);\n\n        \/\/ Agrega estilos para cambiar de color al hacer hover\n        $('.edublink-social-share-link').hover(\n            function() {\n                \/\/ Al hacer hover\n                $(this).find('i').css('color', '#ffffff'); \/\/ Cambia a blanco\n            },\n            function() {\n                \/\/ Al dejar de hacer hover\n                $(this).find('i').css('color', ''); \/\/ Vuelve al color normal (puedes ajustar esto seg\u00fan el color original)\n            }\n        );\n    });\n<\/script>\n\t\t\t\t<\/div>\n\t\t\t\t<\/div>\n\t\t\t\t\t<\/div>\n\t\t\t\t<\/div>\n\t\t<div class=\"elementor-element elementor-element-962f438 e-flex e-con-boxed e-con e-parent\" data-id=\"962f438\" data-element_type=\"container\" data-e-type=\"container\">\n\t\t\t\t\t<div class=\"e-con-inner\">\n\t\t\t\t<div class=\"elementor-element elementor-element-6889678 elementor-hidden-tablet elementor-hidden-mobile elementor-widget elementor-widget-image\" data-id=\"6889678\" data-element_type=\"widget\" data-e-type=\"widget\" data-widget_type=\"image.default\">\n\t\t\t\t<div class=\"elementor-widget-container\">\n\t\t\t\t\t\t\t\t\t\t\t\t\t\t\t\t<a href=\"https:\/\/api.whatsapp.com\/send?phone=5491128464954&#038;text=%C2%A1Hola!%20Quer\u00eda%20consultar%20por%20el%20descuento%20grupal%20para%20el%20Curso%20Controversias%20en%20Emergencias%20Pedi\u00e1tricas\">\n\t\t\t\t\t\t\t<img fetchpriority=\"high\" decoding=\"async\" width=\"2048\" height=\"512\" src=\"https:\/\/www.mednet.com.ar\/wp-content\/uploads\/2026\/02\/becas_grupales-2048x512.jpg\" class=\"attachment-2048x2048 size-2048x2048 wp-image-33569\" alt=\"\" srcset=\"https:\/\/www.mednet.com.ar\/wp-content\/uploads\/2026\/02\/becas_grupales-2048x512.jpg 2048w, https:\/\/www.mednet.com.ar\/wp-content\/uploads\/2026\/02\/becas_grupales-300x75.jpg 300w, https:\/\/www.mednet.com.ar\/wp-content\/uploads\/2026\/02\/becas_grupales-1024x256.jpg 1024w, https:\/\/www.mednet.com.ar\/wp-content\/uploads\/2026\/02\/becas_grupales-768x192.jpg 768w, https:\/\/www.mednet.com.ar\/wp-content\/uploads\/2026\/02\/becas_grupales-1536x384.jpg 1536w, https:\/\/www.mednet.com.ar\/wp-content\/uploads\/2026\/02\/becas_grupales-18x5.jpg 18w\" sizes=\"(max-width: 2048px) 100vw, 2048px\" \/>\t\t\t\t\t\t\t\t<\/a>\n\t\t\t\t\t\t\t\t\t\t\t\t\t\t\t<\/div>\n\t\t\t\t<\/div>\n\t\t\t\t<div class=\"elementor-element elementor-element-78a8f22 elementor-hidden-desktop elementor-widget elementor-widget-image\" data-id=\"78a8f22\" data-element_type=\"widget\" data-e-type=\"widget\" data-widget_type=\"image.default\">\n\t\t\t\t<div class=\"elementor-widget-container\">\n\t\t\t\t\t\t\t\t\t\t\t\t\t\t\t\t<a href=\"https:\/\/api.whatsapp.com\/send?phone=5491128464954&#038;text=%C2%A1Hola!%20Quer\u00eda%20consultar%20por%20el%20descuento%20grupal%20para%20el%20Curso%20Controversias%20en%20Emergencias%20Pedi\u00e1tricas\">\n\t\t\t\t\t\t\t<img decoding=\"async\" width=\"300\" height=\"300\" src=\"https:\/\/www.mednet.com.ar\/wp-content\/uploads\/2026\/02\/Piezas-Beca-BannerRRSS_OP2-1080x1080-1-300x300.jpg\" class=\"attachment-medium size-medium wp-image-33565\" alt=\"\" srcset=\"https:\/\/www.mednet.com.ar\/wp-content\/uploads\/2026\/02\/Piezas-Beca-BannerRRSS_OP2-1080x1080-1-300x300.jpg 300w, https:\/\/www.mednet.com.ar\/wp-content\/uploads\/2026\/02\/Piezas-Beca-BannerRRSS_OP2-1080x1080-1-1024x1024.jpg 1024w, https:\/\/www.mednet.com.ar\/wp-content\/uploads\/2026\/02\/Piezas-Beca-BannerRRSS_OP2-1080x1080-1-150x150.jpg 150w, https:\/\/www.mednet.com.ar\/wp-content\/uploads\/2026\/02\/Piezas-Beca-BannerRRSS_OP2-1080x1080-1-768x768.jpg 768w, https:\/\/www.mednet.com.ar\/wp-content\/uploads\/2026\/02\/Piezas-Beca-BannerRRSS_OP2-1080x1080-1-1536x1536.jpg 1536w, https:\/\/www.mednet.com.ar\/wp-content\/uploads\/2026\/02\/Piezas-Beca-BannerRRSS_OP2-1080x1080-1-2048x2048.jpg 2048w, https:\/\/www.mednet.com.ar\/wp-content\/uploads\/2026\/02\/Piezas-Beca-BannerRRSS_OP2-1080x1080-1-12x12.jpg 12w, https:\/\/www.mednet.com.ar\/wp-content\/uploads\/2026\/02\/Piezas-Beca-BannerRRSS_OP2-1080x1080-1-750x750.jpg 750w\" sizes=\"(max-width: 300px) 100vw, 300px\" \/>\t\t\t\t\t\t\t\t<\/a>\n\t\t\t\t\t\t\t\t\t\t\t\t\t\t\t<\/div>\n\t\t\t\t<\/div>\n\t\t\t\t\t<\/div>\n\t\t\t\t<\/div>\n\t\t<div class=\"elementor-element elementor-element-b81535b e-flex e-con-boxed e-con e-parent\" data-id=\"b81535b\" data-element_type=\"container\" data-e-type=\"container\">\n\t\t\t\t\t<div class=\"e-con-inner\">\n\t\t<div class=\"elementor-element elementor-element-145ebe1 e-con-full e-flex e-con e-child\" data-id=\"145ebe1\" data-element_type=\"container\" data-e-type=\"container\">\n\t\t\t\t<div class=\"elementor-element elementor-element-0f07173 elementor-widget elementor-widget-edublink-site-logo\" data-id=\"0f07173\" data-element_type=\"widget\" data-e-type=\"widget\" data-widget_type=\"edublink-site-logo.default\">\n\t\t\t\t<div class=\"elementor-widget-container\">\n\t\t\t\t\t<div class=\"edublink-site-logo-widget-container\"><span class=\"edublink-site-main-logo edublink-site-main-logo-type\"><a href=\"https:\/\/www.mednet.com.ar\" data-elementor-open-lightbox=\"\" class=\"elementor-clickable\"><img decoding=\"async\" alt=\"Logo-HNRG-celeste\" src=\"https:\/\/www.mednet.com.ar\/wp-content\/uploads\/2024\/02\/Logo-HNRG-celeste-150x150.png\"><\/a><\/span><\/div>\t\t\t\t<\/div>\n\t\t\t\t<\/div>\n\t\t\t\t<\/div>\n\t\t<div class=\"elementor-element elementor-element-b8d0042 e-con-full e-flex e-con e-child\" data-id=\"b8d0042\" data-element_type=\"container\" data-e-type=\"container\">\n\t\t\t\t<div class=\"elementor-element elementor-element-081556b elementor-widget elementor-widget-text-editor\" data-id=\"081556b\" data-element_type=\"widget\" data-e-type=\"widget\" data-widget_type=\"text-editor.default\">\n\t\t\t\t<div class=\"elementor-widget-container\">\n\t\t\t\t\t\t\t\t\t<p id=\"yui_3_18_1_1_1707689526402_40\"><strong><br \/><\/strong><br \/>Un curso dictado por profesionales del<br \/><strong>Hospital de Ni\u00f1os Dr. Ricardo Guti\u00e9rrez (HNRG)<\/strong><\/p>\t\t\t\t\t\t\t\t<\/div>\n\t\t\t\t<\/div>\n\t\t\t\t<\/div>\n\t\t\t\t\t<\/div>\n\t\t\t\t<\/div>\n\t\t\t\t<\/div>\n\t\t","protected":false},"excerpt":{"rendered":"<p>En esta oportunidad buscamos profundizar en las situaciones m\u00e1s controversiales de la emergencia pedi\u00e1trica y en las estrategias m\u00e1s efectivas para cada caso, bas\u00e1ndonos en la evidencia cient\u00edfica actual.<\/p>","protected":false},"author":1,"featured_media":31318,"comment_status":"closed","ping_status":"closed","template":"","course_category":[82],"course_tag":[73,75,111,124,76,77,176,177,178,179,180,79],"class_list":["post-21932","lp_course","type-lp_course","status-publish","has-post-thumbnail","hentry","course_category-medicina-interna-y-cuidados-intensivos","course_tag-capacitacion-online","course_tag-curso-medicina","course_tag-curso-online","course_tag-curso-virtual","course_tag-cursos","course_tag-cursos-online","course_tag-cursos-para-enfermeros","course_tag-cursos-para-kinesiologos","course_tag-cursos-para-pediatras","course_tag-emergencias","course_tag-emergencias-pediatricas","course_tag-medicina-online","course"],"yoast_head":"<!-- This site is optimized with the Yoast SEO plugin v27.5 - https:\/\/yoast.com\/product\/yoast-seo-wordpress\/ -->\n<title>Controversias en emergencias pedi\u00e1tricas - Mednet<\/title>\n<meta name=\"description\" content=\"Buscamos profundizar en las situaciones m\u00e1s controversiales de la emergencia pedi\u00e1trica y en las estrategias m\u00e1s efectivas para cada caso.\" \/>\n<meta name=\"robots\" content=\"index, follow, max-snippet:-1, max-image-preview:large, max-video-preview:-1\" \/>\n<link rel=\"canonical\" href=\"https:\/\/www.mednet.com.ar\/en\/cursos\/controversias-en-emergencias-pediatricas-2\/\" \/>\n<meta property=\"og:locale\" content=\"en_US\" \/>\n<meta property=\"og:type\" content=\"article\" \/>\n<meta property=\"og:title\" content=\"Controversias en emergencias pedi\u00e1tricas - Mednet\" \/>\n<meta property=\"og:description\" content=\"Buscamos profundizar en las situaciones m\u00e1s controversiales de la emergencia pedi\u00e1trica y en las estrategias m\u00e1s efectivas para cada caso.\" \/>\n<meta property=\"og:url\" content=\"https:\/\/www.mednet.com.ar\/en\/cursos\/controversias-en-emergencias-pediatricas-2\/\" \/>\n<meta property=\"og:site_name\" content=\"Mednet\" \/>\n<meta property=\"article:publisher\" content=\"https:\/\/www.facebook.com\/MedNetla\/\" \/>\n<meta property=\"article:modified_time\" content=\"2026-04-08T21:57:13+00:00\" \/>\n<meta property=\"og:image\" content=\"https:\/\/www.mednet.com.ar\/wp-content\/uploads\/2024\/02\/controversias.webp\" \/>\n\t<meta property=\"og:image:width\" content=\"1200\" \/>\n\t<meta property=\"og:image:height\" content=\"800\" \/>\n\t<meta property=\"og:image:type\" content=\"image\/webp\" \/>\n<meta name=\"twitter:card\" content=\"summary_large_image\" \/>\n<meta name=\"twitter:label1\" content=\"Est. reading time\" \/>\n\t<meta name=\"twitter:data1\" content=\"3 minutes\" \/>\n<script type=\"application\/ld+json\" class=\"yoast-schema-graph\">{\"@context\":\"https:\\\/\\\/schema.org\",\"@graph\":[{\"@type\":\"WebPage\",\"@id\":\"https:\\\/\\\/www.mednet.com.ar\\\/cursos\\\/controversias-en-emergencias-pediatricas-2\\\/\",\"url\":\"https:\\\/\\\/www.mednet.com.ar\\\/cursos\\\/controversias-en-emergencias-pediatricas-2\\\/\",\"name\":\"Controversias en emergencias pedi\u00e1tricas - Mednet\",\"isPartOf\":{\"@id\":\"https:\\\/\\\/www.mednet.com.ar\\\/#website\"},\"primaryImageOfPage\":{\"@id\":\"https:\\\/\\\/www.mednet.com.ar\\\/cursos\\\/controversias-en-emergencias-pediatricas-2\\\/#primaryimage\"},\"image\":{\"@id\":\"https:\\\/\\\/www.mednet.com.ar\\\/cursos\\\/controversias-en-emergencias-pediatricas-2\\\/#primaryimage\"},\"thumbnailUrl\":\"https:\\\/\\\/www.mednet.com.ar\\\/wp-content\\\/uploads\\\/2024\\\/02\\\/controversias.webp\",\"datePublished\":\"2024-02-11T23:01:53+00:00\",\"dateModified\":\"2026-04-08T21:57:13+00:00\",\"description\":\"Buscamos profundizar en las situaciones m\u00e1s controversiales de la emergencia pedi\u00e1trica y en las estrategias m\u00e1s efectivas para cada caso.\",\"breadcrumb\":{\"@id\":\"https:\\\/\\\/www.mednet.com.ar\\\/cursos\\\/controversias-en-emergencias-pediatricas-2\\\/#breadcrumb\"},\"inLanguage\":\"en-US\",\"potentialAction\":[{\"@type\":\"ReadAction\",\"target\":[\"https:\\\/\\\/www.mednet.com.ar\\\/cursos\\\/controversias-en-emergencias-pediatricas-2\\\/\"]}]},{\"@type\":\"ImageObject\",\"inLanguage\":\"en-US\",\"@id\":\"https:\\\/\\\/www.mednet.com.ar\\\/cursos\\\/controversias-en-emergencias-pediatricas-2\\\/#primaryimage\",\"url\":\"https:\\\/\\\/www.mednet.com.ar\\\/wp-content\\\/uploads\\\/2024\\\/02\\\/controversias.webp\",\"contentUrl\":\"https:\\\/\\\/www.mednet.com.ar\\\/wp-content\\\/uploads\\\/2024\\\/02\\\/controversias.webp\",\"width\":1200,\"height\":800},{\"@type\":\"BreadcrumbList\",\"@id\":\"https:\\\/\\\/www.mednet.com.ar\\\/cursos\\\/controversias-en-emergencias-pediatricas-2\\\/#breadcrumb\",\"itemListElement\":[{\"@type\":\"ListItem\",\"position\":1,\"name\":\"Portada\",\"item\":\"https:\\\/\\\/www.mednet.com.ar\\\/\"},{\"@type\":\"ListItem\",\"position\":2,\"name\":\"Courses\",\"item\":\"https:\\\/\\\/www.mednet.com.ar\\\/cursos-2\\\/\"},{\"@type\":\"ListItem\",\"position\":3,\"name\":\"Controversias en emergencias pedi\u00e1tricas\"}]},{\"@type\":\"WebSite\",\"@id\":\"https:\\\/\\\/www.mednet.com.ar\\\/#website\",\"url\":\"https:\\\/\\\/www.mednet.com.ar\\\/\",\"name\":\"Mednet\",\"description\":\"Capacitaciones Online\",\"publisher\":{\"@id\":\"https:\\\/\\\/www.mednet.com.ar\\\/#organization\"},\"potentialAction\":[{\"@type\":\"SearchAction\",\"target\":{\"@type\":\"EntryPoint\",\"urlTemplate\":\"https:\\\/\\\/www.mednet.com.ar\\\/?s={search_term_string}\"},\"query-input\":{\"@type\":\"PropertyValueSpecification\",\"valueRequired\":true,\"valueName\":\"search_term_string\"}}],\"inLanguage\":\"en-US\"},{\"@type\":\"Organization\",\"@id\":\"https:\\\/\\\/www.mednet.com.ar\\\/#organization\",\"name\":\"Mednet\",\"url\":\"https:\\\/\\\/www.mednet.com.ar\\\/\",\"logo\":{\"@type\":\"ImageObject\",\"inLanguage\":\"en-US\",\"@id\":\"https:\\\/\\\/www.mednet.com.ar\\\/#\\\/schema\\\/logo\\\/image\\\/\",\"url\":\"https:\\\/\\\/www.mednet.com.ar\\\/wp-content\\\/uploads\\\/2025\\\/02\\\/cropped-logo-mednet-capacitaciones-online-rb.png\",\"contentUrl\":\"https:\\\/\\\/www.mednet.com.ar\\\/wp-content\\\/uploads\\\/2025\\\/02\\\/cropped-logo-mednet-capacitaciones-online-rb.png\",\"width\":376,\"height\":150,\"caption\":\"Mednet\"},\"image\":{\"@id\":\"https:\\\/\\\/www.mednet.com.ar\\\/#\\\/schema\\\/logo\\\/image\\\/\"},\"sameAs\":[\"https:\\\/\\\/www.facebook.com\\\/MedNetla\\\/\",\"https:\\\/\\\/www.instagram.com\\\/mednetla\\\/\",\"https:\\\/\\\/ar.linkedin.com\\\/company\\\/mednet-capacitaciones-online\"]}]}<\/script>\n<!-- \/ Yoast SEO plugin. -->","yoast_head_json":{"title":"Controversias en emergencias pedi\u00e1tricas - Mednet","description":"Buscamos profundizar en las situaciones m\u00e1s controversiales de la emergencia pedi\u00e1trica y en las estrategias m\u00e1s efectivas para cada caso.","robots":{"index":"index","follow":"follow","max-snippet":"max-snippet:-1","max-image-preview":"max-image-preview:large","max-video-preview":"max-video-preview:-1"},"canonical":"https:\/\/www.mednet.com.ar\/en\/cursos\/controversias-en-emergencias-pediatricas-2\/","og_locale":"en_US","og_type":"article","og_title":"Controversias en emergencias pedi\u00e1tricas - Mednet","og_description":"Buscamos profundizar en las situaciones m\u00e1s controversiales de la emergencia pedi\u00e1trica y en las estrategias m\u00e1s efectivas para cada caso.","og_url":"https:\/\/www.mednet.com.ar\/en\/cursos\/controversias-en-emergencias-pediatricas-2\/","og_site_name":"Mednet","article_publisher":"https:\/\/www.facebook.com\/MedNetla\/","article_modified_time":"2026-04-08T21:57:13+00:00","og_image":[{"width":1200,"height":800,"url":"https:\/\/www.mednet.com.ar\/wp-content\/uploads\/2024\/02\/controversias.webp","type":"image\/webp"}],"twitter_card":"summary_large_image","twitter_misc":{"Est. reading time":"3 minutes"},"schema":{"@context":"https:\/\/schema.org","@graph":[{"@type":"WebPage","@id":"https:\/\/www.mednet.com.ar\/cursos\/controversias-en-emergencias-pediatricas-2\/","url":"https:\/\/www.mednet.com.ar\/cursos\/controversias-en-emergencias-pediatricas-2\/","name":"Controversias en emergencias pedi\u00e1tricas - Mednet","isPartOf":{"@id":"https:\/\/www.mednet.com.ar\/#website"},"primaryImageOfPage":{"@id":"https:\/\/www.mednet.com.ar\/cursos\/controversias-en-emergencias-pediatricas-2\/#primaryimage"},"image":{"@id":"https:\/\/www.mednet.com.ar\/cursos\/controversias-en-emergencias-pediatricas-2\/#primaryimage"},"thumbnailUrl":"https:\/\/www.mednet.com.ar\/wp-content\/uploads\/2024\/02\/controversias.webp","datePublished":"2024-02-11T23:01:53+00:00","dateModified":"2026-04-08T21:57:13+00:00","description":"Buscamos profundizar en las situaciones m\u00e1s controversiales de la emergencia pedi\u00e1trica y en las estrategias m\u00e1s efectivas para cada caso.","breadcrumb":{"@id":"https:\/\/www.mednet.com.ar\/cursos\/controversias-en-emergencias-pediatricas-2\/#breadcrumb"},"inLanguage":"en-US","potentialAction":[{"@type":"ReadAction","target":["https:\/\/www.mednet.com.ar\/cursos\/controversias-en-emergencias-pediatricas-2\/"]}]},{"@type":"ImageObject","inLanguage":"en-US","@id":"https:\/\/www.mednet.com.ar\/cursos\/controversias-en-emergencias-pediatricas-2\/#primaryimage","url":"https:\/\/www.mednet.com.ar\/wp-content\/uploads\/2024\/02\/controversias.webp","contentUrl":"https:\/\/www.mednet.com.ar\/wp-content\/uploads\/2024\/02\/controversias.webp","width":1200,"height":800},{"@type":"BreadcrumbList","@id":"https:\/\/www.mednet.com.ar\/cursos\/controversias-en-emergencias-pediatricas-2\/#breadcrumb","itemListElement":[{"@type":"ListItem","position":1,"name":"Portada","item":"https:\/\/www.mednet.com.ar\/"},{"@type":"ListItem","position":2,"name":"Courses","item":"https:\/\/www.mednet.com.ar\/cursos-2\/"},{"@type":"ListItem","position":3,"name":"Controversias en emergencias pedi\u00e1tricas"}]},{"@type":"WebSite","@id":"https:\/\/www.mednet.com.ar\/#website","url":"https:\/\/www.mednet.com.ar\/","name":"Mednet","description":"Capacitaciones Online","publisher":{"@id":"https:\/\/www.mednet.com.ar\/#organization"},"potentialAction":[{"@type":"SearchAction","target":{"@type":"EntryPoint","urlTemplate":"https:\/\/www.mednet.com.ar\/?s={search_term_string}"},"query-input":{"@type":"PropertyValueSpecification","valueRequired":true,"valueName":"search_term_string"}}],"inLanguage":"en-US"},{"@type":"Organization","@id":"https:\/\/www.mednet.com.ar\/#organization","name":"Mednet","url":"https:\/\/www.mednet.com.ar\/","logo":{"@type":"ImageObject","inLanguage":"en-US","@id":"https:\/\/www.mednet.com.ar\/#\/schema\/logo\/image\/","url":"https:\/\/www.mednet.com.ar\/wp-content\/uploads\/2025\/02\/cropped-logo-mednet-capacitaciones-online-rb.png","contentUrl":"https:\/\/www.mednet.com.ar\/wp-content\/uploads\/2025\/02\/cropped-logo-mednet-capacitaciones-online-rb.png","width":376,"height":150,"caption":"Mednet"},"image":{"@id":"https:\/\/www.mednet.com.ar\/#\/schema\/logo\/image\/"},"sameAs":["https:\/\/www.facebook.com\/MedNetla\/","https:\/\/www.instagram.com\/mednetla\/","https:\/\/ar.linkedin.com\/company\/mednet-capacitaciones-online"]}]}},"_links":{"self":[{"href":"https:\/\/www.mednet.com.ar\/en\/wp-json\/wp\/v2\/lp_course\/21932","targetHints":{"allow":["GET"]}}],"collection":[{"href":"https:\/\/www.mednet.com.ar\/en\/wp-json\/wp\/v2\/lp_course"}],"about":[{"href":"https:\/\/www.mednet.com.ar\/en\/wp-json\/wp\/v2\/types\/lp_course"}],"author":[{"embeddable":true,"href":"https:\/\/www.mednet.com.ar\/en\/wp-json\/wp\/v2\/users\/1"}],"replies":[{"embeddable":true,"href":"https:\/\/www.mednet.com.ar\/en\/wp-json\/wp\/v2\/comments?post=21932"}],"version-history":[{"count":73,"href":"https:\/\/www.mednet.com.ar\/en\/wp-json\/wp\/v2\/lp_course\/21932\/revisions"}],"predecessor-version":[{"id":33688,"href":"https:\/\/www.mednet.com.ar\/en\/wp-json\/wp\/v2\/lp_course\/21932\/revisions\/33688"}],"wp:featuredmedia":[{"embeddable":true,"href":"https:\/\/www.mednet.com.ar\/en\/wp-json\/wp\/v2\/media\/31318"}],"wp:attachment":[{"href":"https:\/\/www.mednet.com.ar\/en\/wp-json\/wp\/v2\/media?parent=21932"}],"wp:term":[{"taxonomy":"course_category","embeddable":true,"href":"https:\/\/www.mednet.com.ar\/en\/wp-json\/wp\/v2\/course_category?post=21932"},{"taxonomy":"course_tag","embeddable":true,"href":"https:\/\/www.mednet.com.ar\/en\/wp-json\/wp\/v2\/course_tag?post=21932"}],"curies":[{"name":"wp","href":"https:\/\/api.w.org\/{rel}","templated":true}]}}