{"id":24901,"date":"2023-06-05T15:32:15","date_gmt":"2023-06-05T18:32:15","guid":{"rendered":"https:\/\/www.mednet.com.ar\/?post_type=lp_course&#038;p=24901"},"modified":"2024-09-18T11:17:56","modified_gmt":"2024-09-18T14:17:56","slug":"amiloidosis-hereditaria-por-transtiretina","status":"publish","type":"lp_course","link":"https:\/\/www.mednet.com.ar\/en\/cursos\/amiloidosis-hereditaria-por-transtiretina\/","title":{"rendered":"Amiloidosis Hereditaria por Transtiretina"},"content":{"rendered":"\t\t<div data-elementor-type=\"wp-post\" data-elementor-id=\"24901\" class=\"elementor elementor-24901\">\n\t\t\t\t<div class=\"elementor-element elementor-element-18b05940 e-flex e-con-boxed e-con e-parent\" data-id=\"18b05940\" data-element_type=\"container\" data-e-type=\"container\">\n\t\t\t\t\t<div class=\"e-con-inner\">\n\t\t\t\t<div class=\"elementor-element elementor-element-701f708 elementor-widget elementor-widget-text-editor\" data-id=\"701f708\" data-element_type=\"widget\" data-e-type=\"widget\" data-widget_type=\"text-editor.default\">\n\t\t\t\t<div class=\"elementor-widget-container\">\n\t\t\t\t\t\t\t\t\t<h3>Objetivos<\/h3><p>Este curso es esencial debido a varios factores cr\u00edticos en el manejo de la <strong>Amiloidosis hereditaria por transtiretina<\/strong>.<\/p><p>En primer lugar, la enfermedad suele ser subdiagnosticada, lo que resulta en retrasos en el inicio del tratamiento y a menudo en diagn\u00f3sticos incorrectos.<\/p><p>Esta falta de diagn\u00f3stico adecuado conlleva un pron\u00f3stico desfavorable para los pacientes, ya que la enfermedad avanza sin control, causando da\u00f1os irreversibles en los tejidos, especialmente en el sistema nervioso y cardiovascular.<\/p><p>En la actualidad, el diagn\u00f3stico precoz es crucial debido a la disponibilidad de nuevas opciones terap\u00e9uticas que han demostrado mejorar significativamente el pron\u00f3stico de vida de los pacientes si se implementan tempranamente.<\/p><p style=\"text-align: left;\">Por lo tanto, este curso se vuelve imperativo para los profesionales de la salud, ya que les proporciona los conocimientos necesarios para identificar los signos y s\u00edntomas de la <strong>Amiloidosis hereditaria por transtiretina<\/strong>, as\u00ed como para comprender los enfoques gen\u00e9ticos, neurol\u00f3gicos y cardiol\u00f3gicos necesarios para un manejo coordinado y efectivo de la enfermedad, lo que aumenta las posibilidades de obtener resultados favorables para los pacientes.<\/p><h5 style=\"text-align: center;\"><span style=\"text-decoration: underline;\"><a href=\"https:\/\/docs.google.com\/forms\/d\/e\/1FAIpQLSesPmEtq4NHO0YhKJiY4pZJAc6LRihUZAkaFYAXpaYR2sYl4w\/viewform\" target=\"_blank\" rel=\"noopener\"><strong>Postularme para una beca<\/strong><\/a><\/span><\/h5>\t\t\t\t\t\t\t\t<\/div>\n\t\t\t\t<\/div>\n\t\t\t\t<div class=\"elementor-element elementor-element-6608f50 elementor-widget elementor-widget-edublink-accordion\" data-id=\"6608f50\" data-element_type=\"widget\" data-e-type=\"widget\" data-widget_type=\"edublink-accordion.default\">\n\t\t\t\t<div class=\"elementor-widget-container\">\n\t\t\t\t\t        <div class=\"eb-accordion header-default border-default style-default\">\n                            <div class=\"eb-accordion-item default-active elementor-repeater-item-f1a3179\">\n                    <h5                    class=\"eb-accordion-header default-active\">\n                        MODULO 1                    <\/h5>                    <div class=\"eb-accordion-content\">\n                        <div class=\"eb-accordion-body default-active\">\n                            <div class=\"panel-heading\"><h5 class=\"panel-title\">Generalidades de Amiloidosis Hereditaria<\/h5><\/div><div class=\"panel-body\"><ul class=\"edublink-ul-style-check\"><li>Consideraciones generales de la enfermedad, epidemiologia local y general,<br \/>manifestaciones cl\u00ednicas en general, diagn\u00f3stico y diagn\u00f3sticos diferenciales,<br \/>generalidades de tratamiento.<em> Dr. Cesar Crespi<\/em><\/li><\/ul><\/div>                        <\/div>\n                    <\/div>\n                <\/div>\n                            <div class=\"eb-accordion-item elementor-repeater-item-6c77f33\">\n                    <h5                    class=\"eb-accordion-header\">\n                        MODULO 2                    <\/h5>                    <div class=\"eb-accordion-content\">\n                        <div class=\"eb-accordion-body\">\n                            <div class=\"panel-heading\"><h5 class=\"panel-title\">Consideraciones gen\u00e9ticas e importancia del Family tree<\/h5><\/div><div class=\"panel-body\"><ul class=\"edublink-ul-style-check\"><li>Importancia del estudio gen\u00e9tico, estudio familiar, Family Tree. <em>Dra. Carolina Azcona<\/em><\/li><\/ul><\/div>                        <\/div>\n                    <\/div>\n                <\/div>\n                            <div class=\"eb-accordion-item elementor-repeater-item-ddb8229\">\n                    <h5                    class=\"eb-accordion-header\">\n                        MODULO 3                    <\/h5>                    <div class=\"eb-accordion-content\">\n                        <div class=\"eb-accordion-body\">\n                            <div class=\"panel-heading\"><h5 class=\"panel-title\">Aspectos Neurol\u00f3gicos de la amiloidosis hereditaria por transtiretina<\/h5><\/div><ul class=\"edublink-ul-style-check\"><li>Manifestaciones m\u00e1s frecuentes, foco en manifestaci\u00f3n del sistema nervioso<br \/>aut\u00f3nomo, criterios de progreso de enfermedad, tratamiento generalidades (gu\u00eda Americana). <em>Dr. Alejandro Rodriguez<\/em><\/li><\/ul>                        <\/div>\n                    <\/div>\n                <\/div>\n                            <div class=\"eb-accordion-item elementor-repeater-item-18b5968\">\n                    <h5                    class=\"eb-accordion-header\">\n                        MODULO 4                    <\/h5>                    <div class=\"eb-accordion-content\">\n                        <div class=\"eb-accordion-body\">\n                            <div class=\"panel-heading\">\n<h5 class=\"panel-title\">Aspectos Cardiol\u00f3gicos de la amiloidosis hereditaria por transtiretina<\/h5>\n<\/div>\n<ul class=\"edublink-ul-style-check\">\n \t<li>Cl\u00ednica m\u00e1s frecuente, importancia del Centellograma en el algoritmo\ndiagn\u00f3stico, diagnostico y diagnostico diferenciales, Progreso de enfermedad,\ngeneralidades de tratamiento. <em>Dr. Ezequiel Zaidel<\/em><\/li>\n<\/ul>                        <\/div>\n                    <\/div>\n                <\/div>\n                            <div class=\"eb-accordion-item elementor-repeater-item-d05b088\">\n                    <h5                    class=\"eb-accordion-header\">\n                        M\u00d3DULO 5                    <\/h5>                    <div class=\"eb-accordion-content\">\n                        <div class=\"eb-accordion-body\">\n                            <h5>Casos cl\u00ednicos<\/h5>\n<ul class=\"edublink-ul-style-check\">\n \t<li>Caso 1: Diagn\u00f3stico Diferencial y Progreso de la Enfermedad. <em>Dr. Cesar Crespi<\/em><\/li>\n \t<li>Caso 2: Diagn\u00f3stico Diferencial y Progreso de la Enfermedad. <em>Dra. Carolina Azcona<\/em><\/li>\n \t<li>Caso 3: Diagn\u00f3stico Diferencial y Progreso de la Enfermedad.<em> Dr. Alejandro Rodriguez<\/em><\/li>\n \t<li>Caso 4: Diagn\u00f3stico Diferencial y Progreso de la Enfermedad. <em>Dr. Ezequiel Zaidel<\/em><\/li>\n<\/ul>                        <\/div>\n                    <\/div>\n                <\/div>\n                    <\/div>\n        \t\t\t\t<\/div>\n\t\t\t\t<\/div>\n\t\t\t\t<div class=\"elementor-element elementor-element-265bfb5 elementor-widget elementor-widget-text-editor\" data-id=\"265bfb5\" data-element_type=\"widget\" data-e-type=\"widget\" data-widget_type=\"text-editor.default\">\n\t\t\t\t<div class=\"elementor-widget-container\">\n\t\t\t\t\t\t\t\t\t<p class=\"PTC\" style=\"text-align: center;\"><a id=\"PTC\" class=\"lp-button button edublink-button-item edublink-button-style-custom edublink-button-size-large edublink-button-icon-position-after\" style=\"width: 225px; font-size: 16px; text-transform: none; color: #181818;\" href=\"https:\/\/docs.google.com\/forms\/d\/e\/1FAIpQLSesPmEtq4NHO0YhKJiY4pZJAc6LRihUZAkaFYAXpaYR2sYl4w\/viewform\" target=\"_blank\" rel=\"noopener\">Inscribirme<i class=\"icon-4\"><\/i><\/a><\/p>\t\t\t\t\t\t\t\t<\/div>\n\t\t\t\t<\/div>\n\t\t\t\t\t<\/div>\n\t\t\t\t<\/div>\n\t\t<div class=\"elementor-element elementor-element-b81535b e-flex e-con-boxed e-con e-parent\" data-id=\"b81535b\" data-element_type=\"container\" data-e-type=\"container\">\n\t\t\t\t\t<div class=\"e-con-inner\">\n\t\t<div class=\"elementor-element elementor-element-145ebe1 e-con-full e-flex e-con e-child\" data-id=\"145ebe1\" data-element_type=\"container\" data-e-type=\"container\">\n\t\t\t\t<div class=\"elementor-element elementor-element-0f07173 elementor-widget elementor-widget-edublink-site-logo\" data-id=\"0f07173\" data-element_type=\"widget\" data-e-type=\"widget\" data-widget_type=\"edublink-site-logo.default\">\n\t\t\t\t<div class=\"elementor-widget-container\">\n\t\t\t\t\t<div class=\"edublink-site-logo-widget-container\"><span class=\"edublink-site-main-logo edublink-site-main-logo-type\"><a href=\"https:\/\/www.mednet.com.ar\" data-elementor-open-lightbox=\"\" class=\"elementor-clickable\"><img decoding=\"async\" alt=\"PTC-Logo-no-tagline-JPEG-1\" src=\"https:\/\/www.mednet.com.ar\/wp-content\/uploads\/2024\/01\/PTC-Logo-no-tagline-JPEG-1-300x221.png\"><\/a><\/span><\/div>\t\t\t\t<\/div>\n\t\t\t\t<\/div>\n\t\t\t\t<\/div>\n\t\t<div class=\"elementor-element elementor-element-b8d0042 e-con-full e-flex e-con e-child\" data-id=\"b8d0042\" data-element_type=\"container\" data-e-type=\"container\">\n\t\t\t\t<div class=\"elementor-element elementor-element-081556b elementor-widget elementor-widget-text-editor\" data-id=\"081556b\" data-element_type=\"widget\" data-e-type=\"widget\" data-widget_type=\"text-editor.default\">\n\t\t\t\t<div class=\"elementor-widget-container\">\n\t\t\t\t\t\t\t\t\t<p>Un curso de <strong>PTC Therapeutics<\/strong><\/p>\t\t\t\t\t\t\t\t<\/div>\n\t\t\t\t<\/div>\n\t\t\t\t<\/div>\n\t\t\t\t\t<\/div>\n\t\t\t\t<\/div>\n\t\t<div class=\"elementor-element elementor-element-280d7dd e-flex e-con-boxed e-con e-parent\" data-id=\"280d7dd\" data-element_type=\"container\" data-e-type=\"container\">\n\t\t\t\t\t<div class=\"e-con-inner\">\n\t\t\t\t<div class=\"elementor-element elementor-element-d24a04c elementor-widget elementor-widget-html\" data-id=\"d24a04c\" data-element_type=\"widget\" data-e-type=\"widget\" data-widget_type=\"html.default\">\n\t\t\t\t<div class=\"elementor-widget-container\">\n\t\t\t\t\t<script type=\"text\/javascript\">\n    jQuery(document).ready(function($) {\n        \/\/ Selecciona los elementos espec\u00edficos dentro de las clases\n        var courseValueElements = $('.edublink-course-details-features-item.mdn_ars .edublink-course-feature-item-value, .edublink-course-details-features-item.mdn_usd .edublink-course-feature-item-value');\n\n        \/\/ Funci\u00f3n para formatear el n\u00famero con separador de miles\n        function numberWithDots(number) {\n            return number.toString().replace(\/\\B(?=(\\d{3})+(?!\\d))\/g, \".\");\n        }\n\n        \/\/ Itera sobre cada elemento seleccionado\n        courseValueElements.each(function() {\n            \/\/ Obtiene el texto del elemento actual\n            var courseValueText = $(this).text();\n\n            \/\/ Verifica si el car\u00e1cter \"|\" est\u00e1 presente\n            if (courseValueText.includes('|')) {\n                \/\/ Divide el texto usando el car\u00e1cter \"|\"\n                var values = courseValueText.split('|');\n\n                \/\/ Elimina espacios en blanco alrededor de los valores\n                var valueBefore = numberWithDots(values[0].trim());\n                var valueAfter = numberWithDots(values[1].trim());\n\n                \/\/ Realiza el c\u00e1lculo adicional\n                var result = Math.round((1 - (parseFloat(valueAfter.replace(\/\\.\/g, '')) \/ parseFloat(valueBefore.replace(\/\\.\/g, '')))) * 100);\n\n                \/\/ Crea un nuevo contenido con el formato deseado\n                var formattedContent = '<del>' + valueBefore + '<\/del> <strong style=\"color: #00c0f3;\">' + valueAfter + '<\/strong> <strong style=\"color: #00c0f3;\">(' + result + '% off)<\/strong>';\n\n                \/\/ Reemplaza el contenido del elemento con el nuevo formato\n                $(this).html(formattedContent);\n            } else {\n                \/\/ No hace nada si el car\u00e1cter \"|\" no est\u00e1 presente\n            }\n        });\n    });\n<\/script>\n\t\t\t\t<\/div>\n\t\t\t\t<\/div>\n\t\t\t\t<div class=\"elementor-element elementor-element-f18dfe2 elementor-widget elementor-widget-html\" data-id=\"f18dfe2\" data-element_type=\"widget\" data-e-type=\"widget\" data-widget_type=\"html.default\">\n\t\t\t\t<div class=\"elementor-widget-container\">\n\t\t\t\t\t<script type=\"text\/javascript\">\n    jQuery(document).ready(function($) {\n        \/\/ Obt\u00e9n la URL actual de la p\u00e1gina\n        var currentUrl = window.location.href;\n\n        \/\/ Construye la URL de WhatsApp con el texto personalizado\n        var whatsappUrl = 'whatsapp:\/\/send?text=Mir\u00e1 el curso que acabo de ver en Mednet: ' + currentUrl;\n\n        \/\/ Crea el bot\u00f3n de compartir en WhatsApp con estilos personalizados\n        var whatsappButton = '<li class=\"edublink-social-share-each-icon whatsapp\">' +\n                                '<a class=\"edublink-social-share-link\" href=\"' + whatsappUrl + '\" target=\"_blank\" title=\"Share on WhatsApp\">' +\n                                    '<i class=\"ri ri-whatsapp-line\" style=\"font-size: 24px; font-weight: bold;\"><\/i>' +\n                                '<\/a>' +\n                            '<\/li>';\n\n        \/\/ Agrega el bot\u00f3n al contenedor de botones de compartir\n        $('.edublink-social-share-icons-wrapper').append(whatsappButton);\n\n        \/\/ Agrega estilos para cambiar de color al hacer hover\n        $('.edublink-social-share-link').hover(\n            function() {\n                \/\/ Al hacer hover\n                $(this).find('i').css('color', '#ffffff'); \/\/ Cambia a blanco\n            },\n            function() {\n                \/\/ Al dejar de hacer hover\n                $(this).find('i').css('color', ''); \/\/ Vuelve al color normal (puedes ajustar esto seg\u00fan el color original)\n            }\n        );\n    });\n<\/script>\n\t\t\t\t<\/div>\n\t\t\t\t<\/div>\n\t\t\t\t<div class=\"elementor-element elementor-element-48c6326 elementor-widget elementor-widget-html\" data-id=\"48c6326\" data-element_type=\"widget\" data-e-type=\"widget\" data-widget_type=\"html.default\">\n\t\t\t\t<div class=\"elementor-widget-container\">\n\t\t\t\t\t<script type=\"text\/javascript\">\n    jQuery(document).ready(function($) {\n        \/\/ Obt\u00e9n el t\u00edtulo del curso\n        var courseTitle = $('.edublink-course-title h1.entry-title').text();\n\n        \/\/ Obt\u00e9n la URL actual de la p\u00e1gina\n        var currentUrl = window.location.href;\n\n        \/\/ Construye el enlace de correo electr\u00f3nico con el asunto y cuerpo personalizados\n        var mailtoLink = 'mailto:?subject=' + encodeURIComponent(courseTitle) + '&body=Mir\u00e1 el curso que acabo de ver en Mednet: ' + encodeURIComponent(currentUrl);\n\n        \/\/ Crea el bot\u00f3n de compartir por correo electr\u00f3nico con estilos personalizados\n        var mailButton = '<li class=\"edublink-social-share-each-icon mail\">' +\n                            '<a class=\"edublink-social-share-link\" href=\"' + mailtoLink + '\" title=\"Share via Email\">' +\n                                '<i class=\"ri-mail-line\" style=\"font-size: 22px; font-weight: bold;\"><\/i>' +\n                            '<\/a>' +\n                        '<\/li>';\n\n        \/\/ Agrega el bot\u00f3n al contenedor de botones de compartir\n        $('.edublink-social-share-icons-wrapper').append(mailButton);\n\n        \/\/ Agrega estilos para cambiar de color al hacer hover\n        $('.edublink-social-share-link').hover(\n            function() {\n                \/\/ Al hacer hover\n                $(this).find('i').css('color', '#ffffff'); \/\/ Cambia a blanco\n            },\n            function() {\n                \/\/ Al dejar de hacer hover\n                $(this).find('i').css('color', ''); \/\/ Vuelve al color normal (puedes ajustar esto seg\u00fan el color original)\n            }\n        );\n    });\n<\/script>\n\t\t\t\t<\/div>\n\t\t\t\t<\/div>\n\t\t\t\t\t<\/div>\n\t\t\t\t<\/div>\n\t\t\t\t<\/div>\n\t\t","protected":false},"excerpt":{"rendered":"<p>En la actualidad, el diagn\u00f3stico precoz de la Amiloidosis Hereditaria por Transtiretina es crucial debido a la disponibilidad de nuevas opciones terap\u00e9uticas que han demostrado mejorar significativamente el pron\u00f3stico de vida de los pacientes si se implementan tempranamente.<\/p>","protected":false},"author":1,"featured_media":24958,"comment_status":"closed","ping_status":"closed","template":"","course_category":[],"course_tag":[215,216,73,75,111,124,76,77,150,155,79,81,153],"class_list":["post-24901","lp_course","type-lp_course","status-publish","has-post-thumbnail","hentry","course_tag-amiloidosis-hereditaria-por-transtiretina","course_tag-becas","course_tag-capacitacion-online","course_tag-curso-medicina","course_tag-curso-online","course_tag-curso-virtual","course_tag-cursos","course_tag-cursos-online","course_tag-enfermeros","course_tag-infectologia","course_tag-medicina-online","course_tag-mednet-cursos","course_tag-profesionales-de-la-salud","course"],"yoast_head":"<!-- This site is optimized with the Yoast SEO plugin v27.5 - https:\/\/yoast.com\/product\/yoast-seo-wordpress\/ -->\n<title>Amiloidosis Hereditaria por Transtiretina - Mednet<\/title>\n<meta name=\"description\" content=\"Este curso es esencial debido a varios factores cr\u00edticos en el manejo de la Amiloidosis Hereditaria por Transtiretina. En primer lugar, la enfermedad suele ser subdiagnosticada, lo que resulta en retrasos enel inicio del tratamiento y a menudo en diagn\u00f3sticos incorrectos.\" \/>\n<meta name=\"robots\" content=\"index, follow, max-snippet:-1, max-image-preview:large, max-video-preview:-1\" \/>\n<link rel=\"canonical\" href=\"https:\/\/www.mednet.com.ar\/en\/cursos\/amiloidosis-hereditaria-por-transtiretina\/\" \/>\n<meta property=\"og:locale\" content=\"en_US\" \/>\n<meta property=\"og:type\" content=\"article\" \/>\n<meta property=\"og:title\" content=\"Amiloidosis Hereditaria por Transtiretina - Mednet\" \/>\n<meta property=\"og:description\" content=\"Este curso es esencial debido a varios factores cr\u00edticos en el manejo de la Amiloidosis Hereditaria por Transtiretina. En primer lugar, la enfermedad suele ser subdiagnosticada, lo que resulta en retrasos enel inicio del tratamiento y a menudo en diagn\u00f3sticos incorrectos.\" \/>\n<meta property=\"og:url\" content=\"https:\/\/www.mednet.com.ar\/en\/cursos\/amiloidosis-hereditaria-por-transtiretina\/\" \/>\n<meta property=\"og:site_name\" content=\"Mednet\" \/>\n<meta property=\"article:publisher\" content=\"https:\/\/www.facebook.com\/MedNetla\/\" \/>\n<meta property=\"article:modified_time\" content=\"2024-09-18T14:17:56+00:00\" \/>\n<meta property=\"og:image\" content=\"https:\/\/www.mednet.com.ar\/wp-content\/uploads\/2023\/01\/amiloidisis-copia-2.webp\" \/>\n\t<meta property=\"og:image:width\" content=\"1200\" \/>\n\t<meta property=\"og:image:height\" content=\"800\" \/>\n\t<meta property=\"og:image:type\" content=\"image\/webp\" \/>\n<meta name=\"twitter:card\" content=\"summary_large_image\" \/>\n<meta name=\"twitter:label1\" content=\"Est. reading time\" \/>\n\t<meta name=\"twitter:data1\" content=\"2 minutes\" \/>\n<script type=\"application\/ld+json\" class=\"yoast-schema-graph\">{\"@context\":\"https:\\\/\\\/schema.org\",\"@graph\":[{\"@type\":\"WebPage\",\"@id\":\"https:\\\/\\\/www.mednet.com.ar\\\/cursos\\\/amiloidosis-hereditaria-por-transtiretina\\\/\",\"url\":\"https:\\\/\\\/www.mednet.com.ar\\\/cursos\\\/amiloidosis-hereditaria-por-transtiretina\\\/\",\"name\":\"Amiloidosis Hereditaria por Transtiretina - Mednet\",\"isPartOf\":{\"@id\":\"https:\\\/\\\/www.mednet.com.ar\\\/#website\"},\"primaryImageOfPage\":{\"@id\":\"https:\\\/\\\/www.mednet.com.ar\\\/cursos\\\/amiloidosis-hereditaria-por-transtiretina\\\/#primaryimage\"},\"image\":{\"@id\":\"https:\\\/\\\/www.mednet.com.ar\\\/cursos\\\/amiloidosis-hereditaria-por-transtiretina\\\/#primaryimage\"},\"thumbnailUrl\":\"https:\\\/\\\/www.mednet.com.ar\\\/wp-content\\\/uploads\\\/2023\\\/01\\\/amiloidisis-copia-2.webp\",\"datePublished\":\"2023-06-05T18:32:15+00:00\",\"dateModified\":\"2024-09-18T14:17:56+00:00\",\"description\":\"Este curso es esencial debido a varios factores cr\u00edticos en el manejo de la Amiloidosis Hereditaria por Transtiretina. En primer lugar, la enfermedad suele ser subdiagnosticada, lo que resulta en retrasos enel inicio del tratamiento y a menudo en diagn\u00f3sticos incorrectos.\",\"breadcrumb\":{\"@id\":\"https:\\\/\\\/www.mednet.com.ar\\\/cursos\\\/amiloidosis-hereditaria-por-transtiretina\\\/#breadcrumb\"},\"inLanguage\":\"en-US\",\"potentialAction\":[{\"@type\":\"ReadAction\",\"target\":[\"https:\\\/\\\/www.mednet.com.ar\\\/cursos\\\/amiloidosis-hereditaria-por-transtiretina\\\/\"]}]},{\"@type\":\"ImageObject\",\"inLanguage\":\"en-US\",\"@id\":\"https:\\\/\\\/www.mednet.com.ar\\\/cursos\\\/amiloidosis-hereditaria-por-transtiretina\\\/#primaryimage\",\"url\":\"https:\\\/\\\/www.mednet.com.ar\\\/wp-content\\\/uploads\\\/2023\\\/01\\\/amiloidisis-copia-2.webp\",\"contentUrl\":\"https:\\\/\\\/www.mednet.com.ar\\\/wp-content\\\/uploads\\\/2023\\\/01\\\/amiloidisis-copia-2.webp\",\"width\":1200,\"height\":800,\"caption\":\"amiloidisis hereditaria\"},{\"@type\":\"BreadcrumbList\",\"@id\":\"https:\\\/\\\/www.mednet.com.ar\\\/cursos\\\/amiloidosis-hereditaria-por-transtiretina\\\/#breadcrumb\",\"itemListElement\":[{\"@type\":\"ListItem\",\"position\":1,\"name\":\"Portada\",\"item\":\"https:\\\/\\\/www.mednet.com.ar\\\/\"},{\"@type\":\"ListItem\",\"position\":2,\"name\":\"Courses\",\"item\":\"https:\\\/\\\/www.mednet.com.ar\\\/cursos-2\\\/\"},{\"@type\":\"ListItem\",\"position\":3,\"name\":\"Amiloidosis Hereditaria por Transtiretina\"}]},{\"@type\":\"WebSite\",\"@id\":\"https:\\\/\\\/www.mednet.com.ar\\\/#website\",\"url\":\"https:\\\/\\\/www.mednet.com.ar\\\/\",\"name\":\"Mednet\",\"description\":\"Capacitaciones Online\",\"publisher\":{\"@id\":\"https:\\\/\\\/www.mednet.com.ar\\\/#organization\"},\"potentialAction\":[{\"@type\":\"SearchAction\",\"target\":{\"@type\":\"EntryPoint\",\"urlTemplate\":\"https:\\\/\\\/www.mednet.com.ar\\\/?s={search_term_string}\"},\"query-input\":{\"@type\":\"PropertyValueSpecification\",\"valueRequired\":true,\"valueName\":\"search_term_string\"}}],\"inLanguage\":\"en-US\"},{\"@type\":\"Organization\",\"@id\":\"https:\\\/\\\/www.mednet.com.ar\\\/#organization\",\"name\":\"Mednet\",\"url\":\"https:\\\/\\\/www.mednet.com.ar\\\/\",\"logo\":{\"@type\":\"ImageObject\",\"inLanguage\":\"en-US\",\"@id\":\"https:\\\/\\\/www.mednet.com.ar\\\/#\\\/schema\\\/logo\\\/image\\\/\",\"url\":\"https:\\\/\\\/www.mednet.com.ar\\\/wp-content\\\/uploads\\\/2025\\\/02\\\/cropped-logo-mednet-capacitaciones-online-rb.png\",\"contentUrl\":\"https:\\\/\\\/www.mednet.com.ar\\\/wp-content\\\/uploads\\\/2025\\\/02\\\/cropped-logo-mednet-capacitaciones-online-rb.png\",\"width\":376,\"height\":150,\"caption\":\"Mednet\"},\"image\":{\"@id\":\"https:\\\/\\\/www.mednet.com.ar\\\/#\\\/schema\\\/logo\\\/image\\\/\"},\"sameAs\":[\"https:\\\/\\\/www.facebook.com\\\/MedNetla\\\/\",\"https:\\\/\\\/www.instagram.com\\\/mednetla\\\/\",\"https:\\\/\\\/ar.linkedin.com\\\/company\\\/mednet-capacitaciones-online\"]}]}<\/script>\n<!-- \/ Yoast SEO plugin. -->","yoast_head_json":{"title":"Amiloidosis Hereditaria por Transtiretina - Mednet","description":"Este curso es esencial debido a varios factores cr\u00edticos en el manejo de la Amiloidosis Hereditaria por Transtiretina. En primer lugar, la enfermedad suele ser subdiagnosticada, lo que resulta en retrasos enel inicio del tratamiento y a menudo en diagn\u00f3sticos incorrectos.","robots":{"index":"index","follow":"follow","max-snippet":"max-snippet:-1","max-image-preview":"max-image-preview:large","max-video-preview":"max-video-preview:-1"},"canonical":"https:\/\/www.mednet.com.ar\/en\/cursos\/amiloidosis-hereditaria-por-transtiretina\/","og_locale":"en_US","og_type":"article","og_title":"Amiloidosis Hereditaria por Transtiretina - Mednet","og_description":"Este curso es esencial debido a varios factores cr\u00edticos en el manejo de la Amiloidosis Hereditaria por Transtiretina. En primer lugar, la enfermedad suele ser subdiagnosticada, lo que resulta en retrasos enel inicio del tratamiento y a menudo en diagn\u00f3sticos incorrectos.","og_url":"https:\/\/www.mednet.com.ar\/en\/cursos\/amiloidosis-hereditaria-por-transtiretina\/","og_site_name":"Mednet","article_publisher":"https:\/\/www.facebook.com\/MedNetla\/","article_modified_time":"2024-09-18T14:17:56+00:00","og_image":[{"width":1200,"height":800,"url":"https:\/\/www.mednet.com.ar\/wp-content\/uploads\/2023\/01\/amiloidisis-copia-2.webp","type":"image\/webp"}],"twitter_card":"summary_large_image","twitter_misc":{"Est. reading time":"2 minutes"},"schema":{"@context":"https:\/\/schema.org","@graph":[{"@type":"WebPage","@id":"https:\/\/www.mednet.com.ar\/cursos\/amiloidosis-hereditaria-por-transtiretina\/","url":"https:\/\/www.mednet.com.ar\/cursos\/amiloidosis-hereditaria-por-transtiretina\/","name":"Amiloidosis Hereditaria por Transtiretina - Mednet","isPartOf":{"@id":"https:\/\/www.mednet.com.ar\/#website"},"primaryImageOfPage":{"@id":"https:\/\/www.mednet.com.ar\/cursos\/amiloidosis-hereditaria-por-transtiretina\/#primaryimage"},"image":{"@id":"https:\/\/www.mednet.com.ar\/cursos\/amiloidosis-hereditaria-por-transtiretina\/#primaryimage"},"thumbnailUrl":"https:\/\/www.mednet.com.ar\/wp-content\/uploads\/2023\/01\/amiloidisis-copia-2.webp","datePublished":"2023-06-05T18:32:15+00:00","dateModified":"2024-09-18T14:17:56+00:00","description":"Este curso es esencial debido a varios factores cr\u00edticos en el manejo de la Amiloidosis Hereditaria por Transtiretina. En primer lugar, la enfermedad suele ser subdiagnosticada, lo que resulta en retrasos enel inicio del tratamiento y a menudo en diagn\u00f3sticos incorrectos.","breadcrumb":{"@id":"https:\/\/www.mednet.com.ar\/cursos\/amiloidosis-hereditaria-por-transtiretina\/#breadcrumb"},"inLanguage":"en-US","potentialAction":[{"@type":"ReadAction","target":["https:\/\/www.mednet.com.ar\/cursos\/amiloidosis-hereditaria-por-transtiretina\/"]}]},{"@type":"ImageObject","inLanguage":"en-US","@id":"https:\/\/www.mednet.com.ar\/cursos\/amiloidosis-hereditaria-por-transtiretina\/#primaryimage","url":"https:\/\/www.mednet.com.ar\/wp-content\/uploads\/2023\/01\/amiloidisis-copia-2.webp","contentUrl":"https:\/\/www.mednet.com.ar\/wp-content\/uploads\/2023\/01\/amiloidisis-copia-2.webp","width":1200,"height":800,"caption":"amiloidisis hereditaria"},{"@type":"BreadcrumbList","@id":"https:\/\/www.mednet.com.ar\/cursos\/amiloidosis-hereditaria-por-transtiretina\/#breadcrumb","itemListElement":[{"@type":"ListItem","position":1,"name":"Portada","item":"https:\/\/www.mednet.com.ar\/"},{"@type":"ListItem","position":2,"name":"Courses","item":"https:\/\/www.mednet.com.ar\/cursos-2\/"},{"@type":"ListItem","position":3,"name":"Amiloidosis Hereditaria por Transtiretina"}]},{"@type":"WebSite","@id":"https:\/\/www.mednet.com.ar\/#website","url":"https:\/\/www.mednet.com.ar\/","name":"Mednet","description":"Capacitaciones Online","publisher":{"@id":"https:\/\/www.mednet.com.ar\/#organization"},"potentialAction":[{"@type":"SearchAction","target":{"@type":"EntryPoint","urlTemplate":"https:\/\/www.mednet.com.ar\/?s={search_term_string}"},"query-input":{"@type":"PropertyValueSpecification","valueRequired":true,"valueName":"search_term_string"}}],"inLanguage":"en-US"},{"@type":"Organization","@id":"https:\/\/www.mednet.com.ar\/#organization","name":"Mednet","url":"https:\/\/www.mednet.com.ar\/","logo":{"@type":"ImageObject","inLanguage":"en-US","@id":"https:\/\/www.mednet.com.ar\/#\/schema\/logo\/image\/","url":"https:\/\/www.mednet.com.ar\/wp-content\/uploads\/2025\/02\/cropped-logo-mednet-capacitaciones-online-rb.png","contentUrl":"https:\/\/www.mednet.com.ar\/wp-content\/uploads\/2025\/02\/cropped-logo-mednet-capacitaciones-online-rb.png","width":376,"height":150,"caption":"Mednet"},"image":{"@id":"https:\/\/www.mednet.com.ar\/#\/schema\/logo\/image\/"},"sameAs":["https:\/\/www.facebook.com\/MedNetla\/","https:\/\/www.instagram.com\/mednetla\/","https:\/\/ar.linkedin.com\/company\/mednet-capacitaciones-online"]}]}},"_links":{"self":[{"href":"https:\/\/www.mednet.com.ar\/en\/wp-json\/wp\/v2\/lp_course\/24901","targetHints":{"allow":["GET"]}}],"collection":[{"href":"https:\/\/www.mednet.com.ar\/en\/wp-json\/wp\/v2\/lp_course"}],"about":[{"href":"https:\/\/www.mednet.com.ar\/en\/wp-json\/wp\/v2\/types\/lp_course"}],"author":[{"embeddable":true,"href":"https:\/\/www.mednet.com.ar\/en\/wp-json\/wp\/v2\/users\/1"}],"replies":[{"embeddable":true,"href":"https:\/\/www.mednet.com.ar\/en\/wp-json\/wp\/v2\/comments?post=24901"}],"version-history":[{"count":75,"href":"https:\/\/www.mednet.com.ar\/en\/wp-json\/wp\/v2\/lp_course\/24901\/revisions"}],"predecessor-version":[{"id":26288,"href":"https:\/\/www.mednet.com.ar\/en\/wp-json\/wp\/v2\/lp_course\/24901\/revisions\/26288"}],"wp:featuredmedia":[{"embeddable":true,"href":"https:\/\/www.mednet.com.ar\/en\/wp-json\/wp\/v2\/media\/24958"}],"wp:attachment":[{"href":"https:\/\/www.mednet.com.ar\/en\/wp-json\/wp\/v2\/media?parent=24901"}],"wp:term":[{"taxonomy":"course_category","embeddable":true,"href":"https:\/\/www.mednet.com.ar\/en\/wp-json\/wp\/v2\/course_category?post=24901"},{"taxonomy":"course_tag","embeddable":true,"href":"https:\/\/www.mednet.com.ar\/en\/wp-json\/wp\/v2\/course_tag?post=24901"}],"curies":[{"name":"wp","href":"https:\/\/api.w.org\/{rel}","templated":true}]}}