{"id":30021,"date":"2025-04-27T09:55:14","date_gmt":"2025-04-27T12:55:14","guid":{"rendered":"https:\/\/www.mednet.com.ar\/?post_type=lp_course&#038;p=30021"},"modified":"2026-04-08T16:12:19","modified_gmt":"2026-04-08T19:12:19","slug":"problemas-dermatologicos-en-la-consulta-pediatrica-nuevas-herramientas-y-tratamientos","status":"publish","type":"lp_course","link":"https:\/\/www.mednet.com.ar\/en\/cursos\/problemas-dermatologicos-en-la-consulta-pediatrica-nuevas-herramientas-y-tratamientos\/","title":{"rendered":"Problemas dermatol\u00f3gicos en la consulta pedi\u00e1trica: nuevas herramientas y tratamientos"},"content":{"rendered":"\t\t<div data-elementor-type=\"wp-post\" data-elementor-id=\"30021\" class=\"elementor elementor-30021\">\n\t\t\t\t<div class=\"elementor-element elementor-element-18b05940 e-flex e-con-boxed e-con e-parent\" data-id=\"18b05940\" data-element_type=\"container\" data-e-type=\"container\">\n\t\t\t\t\t<div class=\"e-con-inner\">\n\t\t\t\t<div class=\"elementor-element elementor-element-701f708 elementor-widget elementor-widget-text-editor\" data-id=\"701f708\" data-element_type=\"widget\" data-e-type=\"widget\" data-widget_type=\"text-editor.default\">\n\t\t\t\t<div class=\"elementor-widget-container\">\n\t\t\t\t\t\t\t\t\t<h5>\u00bfPor qu\u00e9 realizar este curso?<\/h5><p><span style=\"font-weight: 400;\">Las enfermedades dermatol\u00f3gicas son un motivo de consulta frecuente en pediatr\u00eda, con impacto en la salud infantil y familiar. <\/span><span style=\"font-weight: 400;\">Los avances en inmunodermatolog\u00eda, microbioma y nuevas terapias han transformado su abordaje, pero a\u00fan no se aplican ampliamente en la pr\u00e1ctica. <\/span>Este curso brinda una actualizaci\u00f3n basada en evidencia para\u00a0 la resoluci\u00f3n de los problemas dermatol\u00f3gicos m\u00e1s comunes en la infancia.<\/p><h5>Objetivos<\/h5><div><ul class=\"edublink-ul-style-check\"><li><b>Reconocer y diagnosticar<\/b><span style=\"font-weight: 400;\"> las principales patolog\u00edas dermatol\u00f3gicas en la infancia, distinguiendo signos cl\u00ednicos clave y criterios diferenciales para su adecuado manejo.<\/span><\/li><li><b>Aplicar estrategias terap\u00e9uticas actualizadas<\/b><span style=\"font-weight: 400;\">, basadas en la mejor evidencia disponible, optimizando el tratamiento de afecciones dermatol\u00f3gicas pedi\u00e1tricas y reduciendo derivaciones innecesarias.<\/span><\/li><li><b>Evaluar el impacto del microbioma, la gen\u00e9tica y los nuevos enfoques terap\u00e9uticos<\/b><span style=\"font-weight: 400;\"> en la dermatolog\u00eda pedi\u00e1trica, integrando estos conocimientos en la toma de decisiones cl\u00ednicas.<\/span><\/li><\/ul><\/div>\t\t\t\t\t\t\t\t<\/div>\n\t\t\t\t<\/div>\n\t\t\t\t<div class=\"elementor-element elementor-element-6608f50 elementor-widget elementor-widget-edublink-accordion\" data-id=\"6608f50\" data-element_type=\"widget\" data-e-type=\"widget\" data-widget_type=\"edublink-accordion.default\">\n\t\t\t\t<div class=\"elementor-widget-container\">\n\t\t\t\t\t        <div class=\"eb-accordion header-default border-default style-default\">\n                            <div class=\"eb-accordion-item default-active elementor-repeater-item-f1a3179\">\n                    <h5                    class=\"eb-accordion-header default-active\">\n                        M\u00d3DULO 1                    <\/h5>                    <div class=\"eb-accordion-content\">\n                        <div class=\"eb-accordion-body default-active\">\n                            <div id=\"yui_3_18_1_1_1707697605726_28\" class=\"panel panel-primary\">\n<div id=\"yui_3_18_1_1_1707697605726_27\" class=\"panel-body\">\n<ul id=\"yui_3_18_1_1_1707697605726_26\" class=\"edublink-ul-style-check\">\n \t<li id=\"yui_3_18_1_1_1707697605726_25\">\n<p id=\"yui_3_18_1_1_1707697605726_24\"><span style=\"font-weight: 400\">Manchas y nevos.<\/span><i><span style=\"font-weight: 400\"> Dra. Paola Stefano<\/span><\/i><\/p>\n<\/li>\n<\/ul>\n<\/div>\n<\/div>                        <\/div>\n                    <\/div>\n                <\/div>\n                            <div class=\"eb-accordion-item elementor-repeater-item-6c77f33\">\n                    <h5                    class=\"eb-accordion-header\">\n                        M\u00d3DULO 2                    <\/h5>                    <div class=\"eb-accordion-content\">\n                        <div class=\"eb-accordion-body\">\n                            <div id=\"yui_3_18_1_1_1707697605726_28\" class=\"panel panel-primary\"><div id=\"yui_3_18_1_1_1707697605726_27\" class=\"panel-body\"><ul id=\"yui_3_18_1_1_1707697605726_26\" class=\"edublink-ul-style-check\"><li id=\"yui_3_18_1_1_1707697605726_25\"><p id=\"yui_3_18_1_1_1707697605726_24\"><span style=\"font-weight: 400\">Actualizaci\u00f3n en el abordaje de patolog\u00edas infecto-contagiosas: moluscos, imp\u00e9tigo y exantemas. <em>Dr. <\/em><\/span><i><span style=\"font-weight: 400\">Alejandro Olivera. <\/span><\/i><\/p><\/li><\/ul><\/div><\/div><div class=\"panel panel-primary\"><div class=\"panel-heading\">\u00a0<\/div><\/div>                        <\/div>\n                    <\/div>\n                <\/div>\n                            <div class=\"eb-accordion-item elementor-repeater-item-ddb8229\">\n                    <h5                    class=\"eb-accordion-header\">\n                        M\u00d3DULO 3                    <\/h5>                    <div class=\"eb-accordion-content\">\n                        <div class=\"eb-accordion-body\">\n                            <div id=\"yui_3_18_1_1_1707697605726_28\" class=\"panel panel-primary\">\n<div id=\"yui_3_18_1_1_1707697605726_27\" class=\"panel-body\">\n<ul id=\"yui_3_18_1_1_1707697605726_26\" class=\"edublink-ul-style-check\">\n \t<li id=\"yui_3_18_1_1_1707697605726_25\">\n<p id=\"yui_3_18_1_1_1707697605726_24\"><span style=\"font-weight: 400\">Patolog\u00eda vascular, otros diagn\u00f3sticos m\u00e1s all\u00e1 de los hemangiomas.<\/span><i><span style=\"font-weight: 400\"> Dra Agustina Lanoel <\/span><\/i><\/p>\n<\/li>\n<\/ul>\n<\/div>\n<\/div>\n<div class=\"panel panel-primary\">\n<div class=\"panel-heading\"><\/div>\n<\/div>                        <\/div>\n                    <\/div>\n                <\/div>\n                            <div class=\"eb-accordion-item elementor-repeater-item-c1d6f14\">\n                    <h5                    class=\"eb-accordion-header\">\n                        M\u00d3DULO 4                    <\/h5>                    <div class=\"eb-accordion-content\">\n                        <div class=\"eb-accordion-body\">\n                            <div id=\"yui_3_18_1_1_1707697605726_28\" class=\"panel panel-primary\"><div id=\"yui_3_18_1_1_1707697605726_27\" class=\"panel-body\"><ul id=\"yui_3_18_1_1_1707697605726_26\" class=\"edublink-ul-style-check\"><li id=\"yui_3_18_1_1_1707697605726_25\"><p id=\"yui_3_18_1_1_1707697605726_24\"><span style=\"font-weight: 400\">Rol del microbioma en las afecciones cut\u00e1neas. <\/span><i><span style=\"font-weight: 400\">Dra. Andrea Santos Mu\u00f1oz.<\/span><\/i><\/p><\/li><\/ul><\/div><\/div><div class=\"panel panel-primary\"><div class=\"panel-heading\">\u00a0<\/div><\/div>                        <\/div>\n                    <\/div>\n                <\/div>\n                            <div class=\"eb-accordion-item elementor-repeater-item-ef1e411\">\n                    <h5                    class=\"eb-accordion-header\">\n                        M\u00d3DULO 5                    <\/h5>                    <div class=\"eb-accordion-content\">\n                        <div class=\"eb-accordion-body\">\n                            <div id=\"yui_3_18_1_1_1707697605726_28\" class=\"panel panel-primary\">\n<div id=\"yui_3_18_1_1_1707697605726_27\" class=\"panel-body\">\n<ul id=\"yui_3_18_1_1_1707697605726_26\" class=\"edublink-ul-style-check\">\n \t<li id=\"yui_3_18_1_1_1707697605726_25\">\n<p id=\"yui_3_18_1_1_1707697605726_24\"><span style=\"font-weight: 400\">Cuidados de la piel: impactos del <\/span><i><span style=\"font-weight: 400\">skincare <\/span><\/i><span style=\"font-weight: 400\">en la edad pedi\u00e1trica<\/span><i><span style=\"font-weight: 400\">. Dra. Romina Plafnik<\/span><\/i><\/p>\n<\/li>\n<\/ul>\n<\/div>\n<\/div>\n<div class=\"panel panel-primary\">\n<div class=\"panel-heading\"><\/div>\n<\/div>                        <\/div>\n                    <\/div>\n                <\/div>\n                            <div class=\"eb-accordion-item elementor-repeater-item-d27f4dc\">\n                    <h5                    class=\"eb-accordion-header\">\n                        M\u00d3DULO 6                    <\/h5>                    <div class=\"eb-accordion-content\">\n                        <div class=\"eb-accordion-body\">\n                            <div id=\"yui_3_18_1_1_1707697605726_28\" class=\"panel panel-primary\">\n<div id=\"yui_3_18_1_1_1707697605726_27\" class=\"panel-body\">\n<ul id=\"yui_3_18_1_1_1707697605726_26\" class=\"edublink-ul-style-check\">\n \t<li id=\"yui_3_18_1_1_1707697605726_25\">\n<p id=\"yui_3_18_1_1_1707697605726_24\"><span style=\"font-weight: 400\">Acn\u00e9, ros\u00e1cea e hidradenitis supurativa. <\/span><i><span style=\"font-weight: 400\">Dra. Valeria Angles, Dra. M. Fernanda Greco <\/span><\/i><\/p>\n<\/li>\n<\/ul>\n<\/div>\n<\/div>\n<div class=\"panel panel-primary\">\n<div class=\"panel-heading\"><\/div>\n<\/div>                        <\/div>\n                    <\/div>\n                <\/div>\n                            <div class=\"eb-accordion-item elementor-repeater-item-ca8d9ba\">\n                    <h5                    class=\"eb-accordion-header\">\n                        M\u00d3DULO 7                    <\/h5>                    <div class=\"eb-accordion-content\">\n                        <div class=\"eb-accordion-body\">\n                            <div id=\"yui_3_18_1_1_1707697605726_28\" class=\"panel panel-primary\">\n<div id=\"yui_3_18_1_1_1707697605726_27\" class=\"panel-body\">\n<ul id=\"yui_3_18_1_1_1707697605726_26\" class=\"edublink-ul-style-check\">\n \t<li id=\"yui_3_18_1_1_1707697605726_25\">\n<p id=\"yui_3_18_1_1_1707697605726_24\"><span style=\"font-weight: 400\">Patolog\u00eda dermatol\u00f3gica en la internaci\u00f3n pedi\u00e1trica.<\/span><i><span style=\"font-weight: 400\"> Dra. Bettina Cervini<\/span><\/i><\/p>\n<\/li>\n<\/ul>\n<\/div>\n<\/div>\n<div class=\"panel panel-primary\">\n<div class=\"panel-heading\"><\/div>\n<\/div>                        <\/div>\n                    <\/div>\n                <\/div>\n                            <div class=\"eb-accordion-item elementor-repeater-item-fa65f13\">\n                    <h5                    class=\"eb-accordion-header\">\n                        M\u00d3DULO 8                    <\/h5>                    <div class=\"eb-accordion-content\">\n                        <div class=\"eb-accordion-body\">\n                            <div id=\"yui_3_18_1_1_1707697605726_28\" class=\"panel panel-primary\">\n<div id=\"yui_3_18_1_1_1707697605726_27\" class=\"panel-body\">\n<ul id=\"yui_3_18_1_1_1707697605726_26\" class=\"edublink-ul-style-check\">\n \t<li id=\"yui_3_18_1_1_1707697605726_25\">\n<p id=\"yui_3_18_1_1_1707697605726_24\"><span style=\"font-weight: 400\">Avances terap\u00e9uticos en inmunodermatolog\u00eda: dermatitis at\u00f3pica, psoriasis y vit\u00edligo.<\/span><i><span style=\"font-weight: 400\"> Dra. Carla Castro<\/span><\/i><\/p>\n<\/li>\n<\/ul>\n<\/div>\n<\/div>\n<div class=\"panel panel-primary\">\n<div class=\"panel-heading\"><\/div>\n<\/div>                        <\/div>\n                    <\/div>\n                <\/div>\n                            <div class=\"eb-accordion-item elementor-repeater-item-e55f3ec\">\n                    <h5                    class=\"eb-accordion-header\">\n                        M\u00d3DULO 9                    <\/h5>                    <div class=\"eb-accordion-content\">\n                        <div class=\"eb-accordion-body\">\n                            <div id=\"yui_3_18_1_1_1707697605726_28\" class=\"panel panel-primary\">\n<div id=\"yui_3_18_1_1_1707697605726_27\" class=\"panel-body\">\n<ul id=\"yui_3_18_1_1_1707697605726_26\" class=\"edublink-ul-style-check\">\n \t<li id=\"yui_3_18_1_1_1707697605726_25\">\n<p id=\"yui_3_18_1_1_1707697605726_24\"><span style=\"font-weight: 400\">Urgencias Neonatales.<\/span><i><span style=\"font-weight: 400\"> Dra. Margarita Larralde <\/span><\/i><\/p>\n<\/li>\n<\/ul>\n<\/div>\n<\/div>\n<div class=\"panel panel-primary\">\n<div class=\"panel-heading\"><\/div>\n<\/div>                        <\/div>\n                    <\/div>\n                <\/div>\n                            <div class=\"eb-accordion-item elementor-repeater-item-82c89e1\">\n                    <h5                    class=\"eb-accordion-header\">\n                        M\u00d3DULO 10                    <\/h5>                    <div class=\"eb-accordion-content\">\n                        <div class=\"eb-accordion-body\">\n                            <div id=\"yui_3_18_1_1_1707697605726_28\" class=\"panel panel-primary\">\n<div id=\"yui_3_18_1_1_1707697605726_27\" class=\"panel-body\">\n<ul id=\"yui_3_18_1_1_1707697605726_26\" class=\"edublink-ul-style-check\">\n \t<li id=\"yui_3_18_1_1_1707697605726_25\">\n<p id=\"yui_3_18_1_1_1707697605726_24\"><span style=\"font-weight: 400\">Alopecias en la infancia.<\/span><i><span style=\"font-weight: 400\">\u00a0Dra. Magdalena Sojo<\/span><\/i><\/p>\n<\/li>\n<\/ul>\n<\/div>\n<\/div>\n<div class=\"panel panel-primary\">\n<div class=\"panel-heading\"><\/div>\n<\/div>                        <\/div>\n                    <\/div>\n                <\/div>\n                            <div class=\"eb-accordion-item elementor-repeater-item-17174fc\">\n                    <h5                    class=\"eb-accordion-header\">\n                        BLOQUE FINAL                    <\/h5>                    <div class=\"eb-accordion-content\">\n                        <div class=\"eb-accordion-body\">\n                            <ul class=\"edublink-ul-style-check\">\n \t<li>Examen final m\u00faltiple choice<\/li>\n \t<li>Encuesta de satisfacci\u00f3n<\/li>\n \t<li>Descarga de certificados<\/li>\n<\/ul>                        <\/div>\n                    <\/div>\n                <\/div>\n                    <\/div>\n        \t\t\t\t<\/div>\n\t\t\t\t<\/div>\n\t\t\t\t<div class=\"elementor-element elementor-element-265bfb5 elementor-widget elementor-widget-text-editor\" data-id=\"265bfb5\" data-element_type=\"widget\" data-e-type=\"widget\" data-widget_type=\"text-editor.default\">\n\t\t\t\t<div class=\"elementor-widget-container\">\n\t\t\t\t\t\t\t\t\t<p class=\"Dermatologia_MEDNET\" style=\"text-align: center;\"><a id=\"Dermatologia_MEDNET\" class=\"lp-button button edublink-button-item edublink-button-style-custom edublink-button-size-large edublink-button-icon-position-after\" style=\"width: 225px; font-size: 16px; text-transform: none; color: #181818;\" href=\"https:\/\/campus.mednet.com.ar\/inscripcion-dermatologia?utm_source=web_mednet&amp;utm_medium=boton_inscribirme&amp;utm_campaign=dermatologia&amp;amp&quot;\" target=\"_blank\" rel=\"noopener\">Inscribirme<i class=\"icon-4\"><\/i><\/a><\/p>\t\t\t\t\t\t\t\t<\/div>\n\t\t\t\t<\/div>\n\t\t\t\t\t<\/div>\n\t\t\t\t<\/div>\n\t\t<div class=\"elementor-element elementor-element-280d7dd e-flex e-con-boxed e-con e-parent\" data-id=\"280d7dd\" data-element_type=\"container\" data-e-type=\"container\">\n\t\t\t\t\t<div class=\"e-con-inner\">\n\t\t\t\t<div class=\"elementor-element elementor-element-d24a04c elementor-widget elementor-widget-html\" data-id=\"d24a04c\" data-element_type=\"widget\" data-e-type=\"widget\" data-widget_type=\"html.default\">\n\t\t\t\t<div class=\"elementor-widget-container\">\n\t\t\t\t\t<script type=\"text\/javascript\">\n    jQuery(document).ready(function($) {\n        \/\/ Selecciona los elementos espec\u00edficos dentro de las clases\n        var courseValueElements = $('.edublink-course-details-features-item.mdn_ars .edublink-course-feature-item-value, .edublink-course-details-features-item.mdn_usd .edublink-course-feature-item-value');\n\n        \/\/ Funci\u00f3n para formatear el n\u00famero con separador de miles\n        function numberWithDots(number) {\n            return number.toString().replace(\/\\B(?=(\\d{3})+(?!\\d))\/g, \".\");\n        }\n\n        \/\/ Itera sobre cada elemento seleccionado\n        courseValueElements.each(function() {\n            \/\/ Obtiene el texto del elemento actual\n            var courseValueText = $(this).text();\n\n            \/\/ Verifica si el car\u00e1cter \"|\" est\u00e1 presente\n            if (courseValueText.includes('|')) {\n                \/\/ Divide el texto usando el car\u00e1cter \"|\"\n                var values = courseValueText.split('|');\n\n                \/\/ Elimina espacios en blanco alrededor de los valores\n                var valueBefore = numberWithDots(values[0].trim());\n                var valueAfter = numberWithDots(values[1].trim());\n\n                \/\/ Realiza el c\u00e1lculo adicional\n                var result = Math.round((1 - (parseFloat(valueAfter.replace(\/\\.\/g, '')) \/ parseFloat(valueBefore.replace(\/\\.\/g, '')))) * 100);\n\n                \/\/ Crea un nuevo contenido con el formato deseado\n                var formattedContent = '<del>' + valueBefore + '<\/del> <strong style=\"color: #007DFF;\">' + valueAfter + '<\/strong> <strong style=\"color: #007DFF;\">(' + result + '% off)<\/strong>';\n\n                \/\/ Reemplaza el contenido del elemento con el nuevo formato\n                $(this).html(formattedContent);\n            } else {\n                \/\/ No hace nada si el car\u00e1cter \"|\" no est\u00e1 presente\n            }\n        });\n    });\n<\/script>\n\t\t\t\t<\/div>\n\t\t\t\t<\/div>\n\t\t\t\t<div class=\"elementor-element elementor-element-f18dfe2 elementor-widget elementor-widget-html\" data-id=\"f18dfe2\" data-element_type=\"widget\" data-e-type=\"widget\" data-widget_type=\"html.default\">\n\t\t\t\t<div class=\"elementor-widget-container\">\n\t\t\t\t\t<script type=\"text\/javascript\">\n    jQuery(document).ready(function($) {\n        \/\/ Obt\u00e9n la URL actual de la p\u00e1gina\n        var currentUrl = window.location.href;\n\n        \/\/ Construye la URL de WhatsApp con el texto personalizado\n        var whatsappUrl = 'whatsapp:\/\/send?text=Mir\u00e1 el curso que acabo de ver en Mednet: ' + currentUrl;\n\n        \/\/ Crea el bot\u00f3n de compartir en WhatsApp con estilos personalizados\n        var whatsappButton = '<li class=\"edublink-social-share-each-icon whatsapp\">' +\n                                '<a class=\"edublink-social-share-link\" href=\"' + whatsappUrl + '\" target=\"_blank\" title=\"Share on WhatsApp\">' +\n                                    '<i class=\"ri ri-whatsapp-line\" style=\"font-size: 24px; font-weight: bold;\"><\/i>' +\n                                '<\/a>' +\n                            '<\/li>';\n\n        \/\/ Agrega el bot\u00f3n al contenedor de botones de compartir\n        $('.edublink-social-share-icons-wrapper').append(whatsappButton);\n\n        \/\/ Agrega estilos para cambiar de color al hacer hover\n        $('.edublink-social-share-link').hover(\n            function() {\n                \/\/ Al hacer hover\n                $(this).find('i').css('color', '#ffffff'); \/\/ Cambia a blanco\n            },\n            function() {\n                \/\/ Al dejar de hacer hover\n                $(this).find('i').css('color', ''); \/\/ Vuelve al color normal (puedes ajustar esto seg\u00fan el color original)\n            }\n        );\n    });\n<\/script>\n\t\t\t\t<\/div>\n\t\t\t\t<\/div>\n\t\t\t\t<div class=\"elementor-element elementor-element-48c6326 elementor-widget elementor-widget-html\" data-id=\"48c6326\" data-element_type=\"widget\" data-e-type=\"widget\" data-widget_type=\"html.default\">\n\t\t\t\t<div class=\"elementor-widget-container\">\n\t\t\t\t\t<script type=\"text\/javascript\">\n    jQuery(document).ready(function($) {\n        \/\/ Obt\u00e9n el t\u00edtulo del curso\n        var courseTitle = $('.edublink-course-title h1.entry-title').text();\n\n        \/\/ Obt\u00e9n la URL actual de la p\u00e1gina\n        var currentUrl = window.location.href;\n\n        \/\/ Construye el enlace de correo electr\u00f3nico con el asunto y cuerpo personalizados\n        var mailtoLink = 'mailto:?subject=' + encodeURIComponent(courseTitle) + '&body=Mir\u00e1 el curso que acabo de ver en Mednet: ' + encodeURIComponent(currentUrl);\n\n        \/\/ Crea el bot\u00f3n de compartir por correo electr\u00f3nico con estilos personalizados\n        var mailButton = '<li class=\"edublink-social-share-each-icon mail\">' +\n                            '<a class=\"edublink-social-share-link\" href=\"' + mailtoLink + '\" title=\"Share via Email\">' +\n                                '<i class=\"ri-mail-line\" style=\"font-size: 22px; font-weight: bold;\"><\/i>' +\n                            '<\/a>' +\n                        '<\/li>';\n\n        \/\/ Agrega el bot\u00f3n al contenedor de botones de compartir\n        $('.edublink-social-share-icons-wrapper').append(mailButton);\n\n        \/\/ Agrega estilos para cambiar de color al hacer hover\n        $('.edublink-social-share-link').hover(\n            function() {\n                \/\/ Al hacer hover\n                $(this).find('i').css('color', '#ffffff'); \/\/ Cambia a blanco\n            },\n            function() {\n                \/\/ Al dejar de hacer hover\n                $(this).find('i').css('color', ''); \/\/ Vuelve al color normal (puedes ajustar esto seg\u00fan el color original)\n            }\n        );\n    });\n<\/script>\n\t\t\t\t<\/div>\n\t\t\t\t<\/div>\n\t\t\t\t\t<\/div>\n\t\t\t\t<\/div>\n\t\t<div class=\"elementor-element elementor-element-e608fe2 e-flex e-con-boxed e-con e-parent\" data-id=\"e608fe2\" data-element_type=\"container\" data-e-type=\"container\">\n\t\t\t\t\t<div class=\"e-con-inner\">\n\t\t\t\t<div class=\"elementor-element elementor-element-4e9c78f elementor-hidden-tablet elementor-hidden-mobile elementor-widget elementor-widget-image\" data-id=\"4e9c78f\" data-element_type=\"widget\" data-e-type=\"widget\" data-widget_type=\"image.default\">\n\t\t\t\t<div class=\"elementor-widget-container\">\n\t\t\t\t\t\t\t\t\t\t\t\t\t\t\t\t<a href=\"https:\/\/api.whatsapp.com\/send?phone=5491128464954&#038;text=%C2%A1Hola!%20Quer\u00eda%20consultar%20por%20el%20descuento%20grupal%20para%20el%20Curso%20Problemas%20dermatol\u00f3gicos%20en%20la%20consulta%20pedi\u00e1trica\">\n\t\t\t\t\t\t\t<img fetchpriority=\"high\" decoding=\"async\" width=\"2048\" height=\"512\" src=\"https:\/\/www.mednet.com.ar\/wp-content\/uploads\/2026\/02\/becas_grupales-2048x512.jpg\" class=\"attachment-2048x2048 size-2048x2048 wp-image-33569\" alt=\"\" srcset=\"https:\/\/www.mednet.com.ar\/wp-content\/uploads\/2026\/02\/becas_grupales-2048x512.jpg 2048w, https:\/\/www.mednet.com.ar\/wp-content\/uploads\/2026\/02\/becas_grupales-300x75.jpg 300w, https:\/\/www.mednet.com.ar\/wp-content\/uploads\/2026\/02\/becas_grupales-1024x256.jpg 1024w, https:\/\/www.mednet.com.ar\/wp-content\/uploads\/2026\/02\/becas_grupales-768x192.jpg 768w, https:\/\/www.mednet.com.ar\/wp-content\/uploads\/2026\/02\/becas_grupales-1536x384.jpg 1536w, https:\/\/www.mednet.com.ar\/wp-content\/uploads\/2026\/02\/becas_grupales-18x5.jpg 18w\" sizes=\"(max-width: 2048px) 100vw, 2048px\" \/>\t\t\t\t\t\t\t\t<\/a>\n\t\t\t\t\t\t\t\t\t\t\t\t\t\t\t<\/div>\n\t\t\t\t<\/div>\n\t\t\t\t\t<\/div>\n\t\t\t\t<\/div>\n\t\t<div class=\"elementor-element elementor-element-7284b90 e-flex e-con-boxed e-con e-parent\" data-id=\"7284b90\" data-element_type=\"container\" data-e-type=\"container\">\n\t\t\t\t\t<div class=\"e-con-inner\">\n\t\t\t\t<div class=\"elementor-element elementor-element-9811e67 elementor-hidden-desktop elementor-widget elementor-widget-image\" data-id=\"9811e67\" data-element_type=\"widget\" data-e-type=\"widget\" data-widget_type=\"image.default\">\n\t\t\t\t<div class=\"elementor-widget-container\">\n\t\t\t\t\t\t\t\t\t\t\t\t\t\t\t\t<a href=\"https:\/\/api.whatsapp.com\/send?phone=5491128464954&#038;text=%C2%A1Hola!%20Quer\u00eda%20consultar%20por%20el%20descuento%20grupal%20para%20el%20Curso%20Problemas%20dermatol\u00f3gicos%20en%20la%20consulta%20pedi\u00e1trica\">\n\t\t\t\t\t\t\t<img decoding=\"async\" width=\"300\" height=\"300\" src=\"https:\/\/www.mednet.com.ar\/wp-content\/uploads\/2026\/02\/Piezas-Beca-BannerRRSS_OP2-1080x1080-1-300x300.jpg\" class=\"attachment-medium size-medium wp-image-33565\" alt=\"\" srcset=\"https:\/\/www.mednet.com.ar\/wp-content\/uploads\/2026\/02\/Piezas-Beca-BannerRRSS_OP2-1080x1080-1-300x300.jpg 300w, https:\/\/www.mednet.com.ar\/wp-content\/uploads\/2026\/02\/Piezas-Beca-BannerRRSS_OP2-1080x1080-1-1024x1024.jpg 1024w, https:\/\/www.mednet.com.ar\/wp-content\/uploads\/2026\/02\/Piezas-Beca-BannerRRSS_OP2-1080x1080-1-150x150.jpg 150w, https:\/\/www.mednet.com.ar\/wp-content\/uploads\/2026\/02\/Piezas-Beca-BannerRRSS_OP2-1080x1080-1-768x768.jpg 768w, https:\/\/www.mednet.com.ar\/wp-content\/uploads\/2026\/02\/Piezas-Beca-BannerRRSS_OP2-1080x1080-1-1536x1536.jpg 1536w, https:\/\/www.mednet.com.ar\/wp-content\/uploads\/2026\/02\/Piezas-Beca-BannerRRSS_OP2-1080x1080-1-2048x2048.jpg 2048w, https:\/\/www.mednet.com.ar\/wp-content\/uploads\/2026\/02\/Piezas-Beca-BannerRRSS_OP2-1080x1080-1-12x12.jpg 12w, https:\/\/www.mednet.com.ar\/wp-content\/uploads\/2026\/02\/Piezas-Beca-BannerRRSS_OP2-1080x1080-1-750x750.jpg 750w\" sizes=\"(max-width: 300px) 100vw, 300px\" \/>\t\t\t\t\t\t\t\t<\/a>\n\t\t\t\t\t\t\t\t\t\t\t\t\t\t\t<\/div>\n\t\t\t\t<\/div>\n\t\t\t\t\t<\/div>\n\t\t\t\t<\/div>\n\t\t\t\t<\/div>\n\t\t","protected":false},"excerpt":{"rendered":"<p>Las principales patolog\u00edas dermatol\u00f3gicas que se presentan en la consulta pedi\u00e1trica. <\/p>","protected":false},"author":1,"featured_media":30022,"comment_status":"closed","ping_status":"closed","template":"","course_category":[83],"course_tag":[73,75,111,124,76,77,178,79,81,230,231,97],"class_list":["post-30021","lp_course","type-lp_course","status-publish","has-post-thumbnail","hentry","course_category-pediatria","course_tag-capacitacion-online","course_tag-curso-medicina","course_tag-curso-online","course_tag-curso-virtual","course_tag-cursos","course_tag-cursos-online","course_tag-cursos-para-pediatras","course_tag-medicina-online","course_tag-mednet-cursos","course_tag-ortopedia","course_tag-ortopedia-infantil","course_tag-pediatria","course"],"yoast_head":"<!-- This site is optimized with the Yoast SEO plugin v27.5 - https:\/\/yoast.com\/product\/yoast-seo-wordpress\/ -->\n<title>Problemas dermatol\u00f3gicos en la consulta pedi\u00e1trica: nuevas herramientas y tratamientos - Mednet<\/title>\n<meta name=\"description\" content=\"Actualizaci\u00f3n de las principales patolog\u00edas dermatol\u00f3gicas en pediatr\u00eda.\" \/>\n<meta name=\"robots\" content=\"index, follow, max-snippet:-1, max-image-preview:large, max-video-preview:-1\" \/>\n<link rel=\"canonical\" href=\"https:\/\/www.mednet.com.ar\/en\/cursos\/problemas-dermatologicos-en-la-consulta-pediatrica-nuevas-herramientas-y-tratamientos\/\" \/>\n<meta property=\"og:locale\" content=\"en_US\" \/>\n<meta property=\"og:type\" content=\"article\" \/>\n<meta property=\"og:title\" content=\"Problemas dermatol\u00f3gicos en la consulta pedi\u00e1trica: nuevas herramientas y tratamientos\" \/>\n<meta property=\"og:description\" content=\"Una actualizaci\u00f3n basada en evidencia para la resoluci\u00f3n de los problemas dermatol\u00f3gicos m\u00e1s comunes en la infancia.\" \/>\n<meta property=\"og:url\" content=\"https:\/\/www.mednet.com.ar\/en\/cursos\/problemas-dermatologicos-en-la-consulta-pediatrica-nuevas-herramientas-y-tratamientos\/\" \/>\n<meta property=\"og:site_name\" content=\"Mednet\" \/>\n<meta property=\"article:publisher\" content=\"https:\/\/www.facebook.com\/MedNetla\/\" \/>\n<meta property=\"article:modified_time\" content=\"2026-04-08T19:12:19+00:00\" \/>\n<meta property=\"og:image\" content=\"https:\/\/www.mednet.com.ar\/wp-content\/uploads\/2025\/04\/dermatologia-1.webp\" \/>\n\t<meta property=\"og:image:width\" content=\"1200\" \/>\n\t<meta property=\"og:image:height\" content=\"800\" \/>\n\t<meta property=\"og:image:type\" content=\"image\/webp\" \/>\n<meta name=\"twitter:card\" content=\"summary_large_image\" \/>\n<meta name=\"twitter:title\" content=\"Problemas dermatol\u00f3gicos en la consulta pedi\u00e1trica: nuevas herramientas y tratamientos\" \/>\n<meta name=\"twitter:description\" content=\"Una actualizaci\u00f3n basada en evidencia para la resoluci\u00f3n de los problemas dermatol\u00f3gicos m\u00e1s comunes en la infancia.\" \/>\n<meta name=\"twitter:image\" content=\"https:\/\/www.mednet.com.ar\/wp-content\/uploads\/2025\/04\/dermatologia-1.webp\" \/>\n<meta name=\"twitter:label1\" content=\"Est. reading time\" \/>\n\t<meta name=\"twitter:data1\" content=\"2 minutes\" \/>\n<script type=\"application\/ld+json\" class=\"yoast-schema-graph\">{\"@context\":\"https:\\\/\\\/schema.org\",\"@graph\":[{\"@type\":\"WebPage\",\"@id\":\"https:\\\/\\\/www.mednet.com.ar\\\/cursos\\\/problemas-dermatologicos-en-la-consulta-pediatrica-nuevas-herramientas-y-tratamientos\\\/\",\"url\":\"https:\\\/\\\/www.mednet.com.ar\\\/cursos\\\/problemas-dermatologicos-en-la-consulta-pediatrica-nuevas-herramientas-y-tratamientos\\\/\",\"name\":\"Problemas dermatol\u00f3gicos en la consulta pedi\u00e1trica: nuevas herramientas y tratamientos - Mednet\",\"isPartOf\":{\"@id\":\"https:\\\/\\\/www.mednet.com.ar\\\/#website\"},\"primaryImageOfPage\":{\"@id\":\"https:\\\/\\\/www.mednet.com.ar\\\/cursos\\\/problemas-dermatologicos-en-la-consulta-pediatrica-nuevas-herramientas-y-tratamientos\\\/#primaryimage\"},\"image\":{\"@id\":\"https:\\\/\\\/www.mednet.com.ar\\\/cursos\\\/problemas-dermatologicos-en-la-consulta-pediatrica-nuevas-herramientas-y-tratamientos\\\/#primaryimage\"},\"thumbnailUrl\":\"https:\\\/\\\/www.mednet.com.ar\\\/wp-content\\\/uploads\\\/2025\\\/04\\\/dermatologia-1.webp\",\"datePublished\":\"2025-04-27T12:55:14+00:00\",\"dateModified\":\"2026-04-08T19:12:19+00:00\",\"description\":\"Actualizaci\u00f3n de las principales patolog\u00edas dermatol\u00f3gicas en pediatr\u00eda.\",\"breadcrumb\":{\"@id\":\"https:\\\/\\\/www.mednet.com.ar\\\/cursos\\\/problemas-dermatologicos-en-la-consulta-pediatrica-nuevas-herramientas-y-tratamientos\\\/#breadcrumb\"},\"inLanguage\":\"en-US\",\"potentialAction\":[{\"@type\":\"ReadAction\",\"target\":[\"https:\\\/\\\/www.mednet.com.ar\\\/cursos\\\/problemas-dermatologicos-en-la-consulta-pediatrica-nuevas-herramientas-y-tratamientos\\\/\"]}]},{\"@type\":\"ImageObject\",\"inLanguage\":\"en-US\",\"@id\":\"https:\\\/\\\/www.mednet.com.ar\\\/cursos\\\/problemas-dermatologicos-en-la-consulta-pediatrica-nuevas-herramientas-y-tratamientos\\\/#primaryimage\",\"url\":\"https:\\\/\\\/www.mednet.com.ar\\\/wp-content\\\/uploads\\\/2025\\\/04\\\/dermatologia-1.webp\",\"contentUrl\":\"https:\\\/\\\/www.mednet.com.ar\\\/wp-content\\\/uploads\\\/2025\\\/04\\\/dermatologia-1.webp\",\"width\":1200,\"height\":800},{\"@type\":\"BreadcrumbList\",\"@id\":\"https:\\\/\\\/www.mednet.com.ar\\\/cursos\\\/problemas-dermatologicos-en-la-consulta-pediatrica-nuevas-herramientas-y-tratamientos\\\/#breadcrumb\",\"itemListElement\":[{\"@type\":\"ListItem\",\"position\":1,\"name\":\"Portada\",\"item\":\"https:\\\/\\\/www.mednet.com.ar\\\/\"},{\"@type\":\"ListItem\",\"position\":2,\"name\":\"Courses\",\"item\":\"https:\\\/\\\/www.mednet.com.ar\\\/cursos-2\\\/\"},{\"@type\":\"ListItem\",\"position\":3,\"name\":\"Problemas dermatol\u00f3gicos en la consulta pedi\u00e1trica: nuevas herramientas y tratamientos\"}]},{\"@type\":\"WebSite\",\"@id\":\"https:\\\/\\\/www.mednet.com.ar\\\/#website\",\"url\":\"https:\\\/\\\/www.mednet.com.ar\\\/\",\"name\":\"Mednet\",\"description\":\"Capacitaciones Online\",\"publisher\":{\"@id\":\"https:\\\/\\\/www.mednet.com.ar\\\/#organization\"},\"potentialAction\":[{\"@type\":\"SearchAction\",\"target\":{\"@type\":\"EntryPoint\",\"urlTemplate\":\"https:\\\/\\\/www.mednet.com.ar\\\/?s={search_term_string}\"},\"query-input\":{\"@type\":\"PropertyValueSpecification\",\"valueRequired\":true,\"valueName\":\"search_term_string\"}}],\"inLanguage\":\"en-US\"},{\"@type\":\"Organization\",\"@id\":\"https:\\\/\\\/www.mednet.com.ar\\\/#organization\",\"name\":\"Mednet\",\"url\":\"https:\\\/\\\/www.mednet.com.ar\\\/\",\"logo\":{\"@type\":\"ImageObject\",\"inLanguage\":\"en-US\",\"@id\":\"https:\\\/\\\/www.mednet.com.ar\\\/#\\\/schema\\\/logo\\\/image\\\/\",\"url\":\"https:\\\/\\\/www.mednet.com.ar\\\/wp-content\\\/uploads\\\/2025\\\/02\\\/cropped-logo-mednet-capacitaciones-online-rb.png\",\"contentUrl\":\"https:\\\/\\\/www.mednet.com.ar\\\/wp-content\\\/uploads\\\/2025\\\/02\\\/cropped-logo-mednet-capacitaciones-online-rb.png\",\"width\":376,\"height\":150,\"caption\":\"Mednet\"},\"image\":{\"@id\":\"https:\\\/\\\/www.mednet.com.ar\\\/#\\\/schema\\\/logo\\\/image\\\/\"},\"sameAs\":[\"https:\\\/\\\/www.facebook.com\\\/MedNetla\\\/\",\"https:\\\/\\\/www.instagram.com\\\/mednetla\\\/\",\"https:\\\/\\\/ar.linkedin.com\\\/company\\\/mednet-capacitaciones-online\"]}]}<\/script>\n<!-- \/ Yoast SEO plugin. -->","yoast_head_json":{"title":"Problemas dermatol\u00f3gicos en la consulta pedi\u00e1trica: nuevas herramientas y tratamientos - Mednet","description":"Actualizaci\u00f3n de las principales patolog\u00edas dermatol\u00f3gicas en pediatr\u00eda.","robots":{"index":"index","follow":"follow","max-snippet":"max-snippet:-1","max-image-preview":"max-image-preview:large","max-video-preview":"max-video-preview:-1"},"canonical":"https:\/\/www.mednet.com.ar\/en\/cursos\/problemas-dermatologicos-en-la-consulta-pediatrica-nuevas-herramientas-y-tratamientos\/","og_locale":"en_US","og_type":"article","og_title":"Problemas dermatol\u00f3gicos en la consulta pedi\u00e1trica: nuevas herramientas y tratamientos","og_description":"Una actualizaci\u00f3n basada en evidencia para la resoluci\u00f3n de los problemas dermatol\u00f3gicos m\u00e1s comunes en la infancia.","og_url":"https:\/\/www.mednet.com.ar\/en\/cursos\/problemas-dermatologicos-en-la-consulta-pediatrica-nuevas-herramientas-y-tratamientos\/","og_site_name":"Mednet","article_publisher":"https:\/\/www.facebook.com\/MedNetla\/","article_modified_time":"2026-04-08T19:12:19+00:00","og_image":[{"width":1200,"height":800,"url":"https:\/\/www.mednet.com.ar\/wp-content\/uploads\/2025\/04\/dermatologia-1.webp","type":"image\/webp"}],"twitter_card":"summary_large_image","twitter_title":"Problemas dermatol\u00f3gicos en la consulta pedi\u00e1trica: nuevas herramientas y tratamientos","twitter_description":"Una actualizaci\u00f3n basada en evidencia para la resoluci\u00f3n de los problemas dermatol\u00f3gicos m\u00e1s comunes en la infancia.","twitter_image":"https:\/\/www.mednet.com.ar\/wp-content\/uploads\/2025\/04\/dermatologia-1.webp","twitter_misc":{"Est. reading time":"2 minutes"},"schema":{"@context":"https:\/\/schema.org","@graph":[{"@type":"WebPage","@id":"https:\/\/www.mednet.com.ar\/cursos\/problemas-dermatologicos-en-la-consulta-pediatrica-nuevas-herramientas-y-tratamientos\/","url":"https:\/\/www.mednet.com.ar\/cursos\/problemas-dermatologicos-en-la-consulta-pediatrica-nuevas-herramientas-y-tratamientos\/","name":"Problemas dermatol\u00f3gicos en la consulta pedi\u00e1trica: nuevas herramientas y tratamientos - Mednet","isPartOf":{"@id":"https:\/\/www.mednet.com.ar\/#website"},"primaryImageOfPage":{"@id":"https:\/\/www.mednet.com.ar\/cursos\/problemas-dermatologicos-en-la-consulta-pediatrica-nuevas-herramientas-y-tratamientos\/#primaryimage"},"image":{"@id":"https:\/\/www.mednet.com.ar\/cursos\/problemas-dermatologicos-en-la-consulta-pediatrica-nuevas-herramientas-y-tratamientos\/#primaryimage"},"thumbnailUrl":"https:\/\/www.mednet.com.ar\/wp-content\/uploads\/2025\/04\/dermatologia-1.webp","datePublished":"2025-04-27T12:55:14+00:00","dateModified":"2026-04-08T19:12:19+00:00","description":"Actualizaci\u00f3n de las principales patolog\u00edas dermatol\u00f3gicas en pediatr\u00eda.","breadcrumb":{"@id":"https:\/\/www.mednet.com.ar\/cursos\/problemas-dermatologicos-en-la-consulta-pediatrica-nuevas-herramientas-y-tratamientos\/#breadcrumb"},"inLanguage":"en-US","potentialAction":[{"@type":"ReadAction","target":["https:\/\/www.mednet.com.ar\/cursos\/problemas-dermatologicos-en-la-consulta-pediatrica-nuevas-herramientas-y-tratamientos\/"]}]},{"@type":"ImageObject","inLanguage":"en-US","@id":"https:\/\/www.mednet.com.ar\/cursos\/problemas-dermatologicos-en-la-consulta-pediatrica-nuevas-herramientas-y-tratamientos\/#primaryimage","url":"https:\/\/www.mednet.com.ar\/wp-content\/uploads\/2025\/04\/dermatologia-1.webp","contentUrl":"https:\/\/www.mednet.com.ar\/wp-content\/uploads\/2025\/04\/dermatologia-1.webp","width":1200,"height":800},{"@type":"BreadcrumbList","@id":"https:\/\/www.mednet.com.ar\/cursos\/problemas-dermatologicos-en-la-consulta-pediatrica-nuevas-herramientas-y-tratamientos\/#breadcrumb","itemListElement":[{"@type":"ListItem","position":1,"name":"Portada","item":"https:\/\/www.mednet.com.ar\/"},{"@type":"ListItem","position":2,"name":"Courses","item":"https:\/\/www.mednet.com.ar\/cursos-2\/"},{"@type":"ListItem","position":3,"name":"Problemas dermatol\u00f3gicos en la consulta pedi\u00e1trica: nuevas herramientas y tratamientos"}]},{"@type":"WebSite","@id":"https:\/\/www.mednet.com.ar\/#website","url":"https:\/\/www.mednet.com.ar\/","name":"Mednet","description":"Capacitaciones Online","publisher":{"@id":"https:\/\/www.mednet.com.ar\/#organization"},"potentialAction":[{"@type":"SearchAction","target":{"@type":"EntryPoint","urlTemplate":"https:\/\/www.mednet.com.ar\/?s={search_term_string}"},"query-input":{"@type":"PropertyValueSpecification","valueRequired":true,"valueName":"search_term_string"}}],"inLanguage":"en-US"},{"@type":"Organization","@id":"https:\/\/www.mednet.com.ar\/#organization","name":"Mednet","url":"https:\/\/www.mednet.com.ar\/","logo":{"@type":"ImageObject","inLanguage":"en-US","@id":"https:\/\/www.mednet.com.ar\/#\/schema\/logo\/image\/","url":"https:\/\/www.mednet.com.ar\/wp-content\/uploads\/2025\/02\/cropped-logo-mednet-capacitaciones-online-rb.png","contentUrl":"https:\/\/www.mednet.com.ar\/wp-content\/uploads\/2025\/02\/cropped-logo-mednet-capacitaciones-online-rb.png","width":376,"height":150,"caption":"Mednet"},"image":{"@id":"https:\/\/www.mednet.com.ar\/#\/schema\/logo\/image\/"},"sameAs":["https:\/\/www.facebook.com\/MedNetla\/","https:\/\/www.instagram.com\/mednetla\/","https:\/\/ar.linkedin.com\/company\/mednet-capacitaciones-online"]}]}},"_links":{"self":[{"href":"https:\/\/www.mednet.com.ar\/en\/wp-json\/wp\/v2\/lp_course\/30021","targetHints":{"allow":["GET"]}}],"collection":[{"href":"https:\/\/www.mednet.com.ar\/en\/wp-json\/wp\/v2\/lp_course"}],"about":[{"href":"https:\/\/www.mednet.com.ar\/en\/wp-json\/wp\/v2\/types\/lp_course"}],"author":[{"embeddable":true,"href":"https:\/\/www.mednet.com.ar\/en\/wp-json\/wp\/v2\/users\/1"}],"replies":[{"embeddable":true,"href":"https:\/\/www.mednet.com.ar\/en\/wp-json\/wp\/v2\/comments?post=30021"}],"version-history":[{"count":26,"href":"https:\/\/www.mednet.com.ar\/en\/wp-json\/wp\/v2\/lp_course\/30021\/revisions"}],"predecessor-version":[{"id":33680,"href":"https:\/\/www.mednet.com.ar\/en\/wp-json\/wp\/v2\/lp_course\/30021\/revisions\/33680"}],"wp:featuredmedia":[{"embeddable":true,"href":"https:\/\/www.mednet.com.ar\/en\/wp-json\/wp\/v2\/media\/30022"}],"wp:attachment":[{"href":"https:\/\/www.mednet.com.ar\/en\/wp-json\/wp\/v2\/media?parent=30021"}],"wp:term":[{"taxonomy":"course_category","embeddable":true,"href":"https:\/\/www.mednet.com.ar\/en\/wp-json\/wp\/v2\/course_category?post=30021"},{"taxonomy":"course_tag","embeddable":true,"href":"https:\/\/www.mednet.com.ar\/en\/wp-json\/wp\/v2\/course_tag?post=30021"}],"curies":[{"name":"wp","href":"https:\/\/api.w.org\/{rel}","templated":true}]}}